{"id":3014,"date":"2015-05-14T15:21:30","date_gmt":"2015-05-14T13:21:30","guid":{"rendered":"https:\/\/ferrocanor.com\/productos\/pergolas\/pergola-bioclimatica\/"},"modified":"2020-04-23T20:26:33","modified_gmt":"2020-04-23T18:26:33","slug":"pergola-bioclimatica","status":"publish","type":"page","link":"https:\/\/ferrocanor.com\/es\/productos\/pergolas\/pergola-bioclimatica\/","title":{"rendered":"P\u00e9rgola Bioclim\u00e1tica"},"content":{"rendered":"<h3>P\u00e9rgola Bioclim\u00e1tica<\/h3>\n<p>Instalamos p\u00e9rgolas bioclim\u00e1ticas de aluminio\u00a0 tanto de la marca <span style=\"color: #00ccff;\"><strong>SEESKY BIO<\/strong><\/span> como de la marca <strong>SAXUN<\/strong>.<\/p>\n<p>Las p\u00e9rgolas bioclim\u00e1ticas son de dise\u00f1o moderno y vanguardista con lamas orientables motorizadas que nos proteger\u00e1n de la radiaci\u00f3n solar,\u00a0 lluvia, viento o cualquier otra inclemencia meteorol\u00f3gica.<\/p>\n<h4>Accesorios<\/h4>\n<p>Las p\u00e9rgolas bioclim\u00e1ticas tambi\u00e9n pueden incluir una lista de accesorios que har\u00e1n la estancia bajo la p\u00e9rgola mucho m\u00e1s agradable y placentera, como son: <strong>sensor de lluvia y\/o viento, calefacci\u00f3n por infrarrojos, iluminaci\u00f3n LED insertada en las lamas, iluminaci\u00f3n\u00a0 LED perimetral, sonido y transmisi\u00f3n de m\u00fasica via Bluetooth, control de smartphone y sensor de temperatura.<\/strong><\/p>\n<p>Posibilidad de <strong>lucernario<\/strong>: Gracias a este complemento, podremos disfrutar de una luz ambiente en el interior de nuestra p\u00e9rgola sin necesidad de abrir las lamas incorporando 2 franjas de policarbonato celular de 16mm con protecci\u00f3n a los Rayos UV en las dos caras.<\/p>\n<p><strong>Relleno interno de las lamas con poliestireno<\/strong>, que minimiza el ruido de la lluvia y a\u00edsla t\u00e9rmicamente.<\/p>\n<h4>Acabados<\/h4>\n<p>Permite distintos acabados en colores RAL o acabados en imitaci\u00f3n de madera. Por tanto, puede elegir una amplia gama de colores que mejor se adapte a sus gustos o al entorno donde quiera instalar la p\u00e9rgola.<\/p>\n<p>Posibilidad de bicolor: Se puede elegir color diferente para estructura y lamas.<\/p>\n<h4>Configuraciones<\/h4>\n<p>Se puede instalar de varias formas: Entre paredes, en isla, con porter\u00eda y d\u00faplex.<\/p>\n<h4>Completala<\/h4>\n<p>Completa la p\u00e9rgola bioclim\u00e1tica con cualquier cerramiento acristalado Seeglass sin perfiles verticales, mosquiteras plisadas, screens o con cualquier cerramiento de aluminio y vidrio,<\/p>\n<p>&nbsp;<\/p>\n<p>Para ver m\u00e1s detalles espec\u00edficos de este tipo de p\u00e9rgola entrad en el siguiente enlace de nuestro blog: <a href=\"https:\/\/ferrocanor.com\/es\/blog\/pergola-bioclimatica\/ventajas-pergola-bioclimatica\/\">Ventajas de la p\u00e9rgola bioclim\u00e1tica<\/a><\/p>\n<p><iframe loading=\"lazy\" title=\"P\u00e9rgola seesky-BIO: Lamas e iluminaci\u00f3n LED.\" width=\"500\" height=\"281\" src=\"https:\/\/www.youtube.com\/embed\/DnA8viw59SI?feature=oembed\" frameborder=\"0\" allow=\"accelerometer; autoplay; clipboard-write; encrypted-media; gyroscope; picture-in-picture; web-share\" referrerpolicy=\"strict-origin-when-cross-origin\" allowfullscreen><\/iframe><\/p>\n<p>En la siguiente galer\u00eda pod\u00e9is ver alg\u00fan un ejemplo de p\u00e9rgola bioclim\u00e1tica y detalles de las lamas motorizadas y de su acabado vanguardista y de calidad.<\/p>\n<hr \/>\n\n\t\t<style type=\"text\/css\">\n\t\t\t#gallery-2 {\n\t\t\t\tmargin: auto;\n\t\t\t}\n\t\t\t#gallery-2 .gallery-item {\n\t\t\t\tfloat: left;\n\t\t\t\tmargin-top: 10px;\n\t\t\t\ttext-align: center;\n\t\t\t\twidth: 25%;\n\t\t\t}\n\t\t\t#gallery-2 img {\n\t\t\t\tborder: 2px solid #cfcfcf;\n\t\t\t}\n\t\t\t#gallery-2 .gallery-caption {\n\t\t\t\tmargin-left: 0;\n\t\t\t}\n\t\t\t\/* see gallery_shortcode() in wp-includes\/media.php *\/\n\t\t<\/style>\n\t\t<div id='gallery-2' class='gallery galleryid-3014 gallery-columns-4 gallery-size-thumbnail'><dl class='gallery-item'>\n\t\t\t<dt class='gallery-icon landscape'>\n\t\t\t\t<a href='https:\/\/ferrocanor.com\/wp-content\/uploads\/2015\/05\/pergola-1-1.jpg' title=\"\" data-rl_title=\"\" class=\"rl-gallery-link\" data-rl_caption=\"\" data-rel=\"lightbox-gallery-2\"><img loading=\"lazy\" decoding=\"async\" width=\"150\" height=\"150\" src=\"https:\/\/ferrocanor.com\/wp-content\/uploads\/2015\/05\/pergola-1-1-150x150.jpg\" class=\"attachment-thumbnail size-thumbnail\" alt=\"\" srcset=\"https:\/\/ferrocanor.com\/wp-content\/uploads\/2015\/05\/pergola-1-1-150x150.jpg 150w, https:\/\/ferrocanor.com\/wp-content\/uploads\/2015\/05\/pergola-1-1-100x100.jpg 100w\" sizes=\"(max-width: 150px) 100vw, 150px\" \/><\/a>\n\t\t\t<\/dt><\/dl><dl class='gallery-item'>\n\t\t\t<dt class='gallery-icon landscape'>\n\t\t\t\t<a href='https:\/\/ferrocanor.com\/wp-content\/uploads\/2015\/05\/pergola-2-1.jpg' title=\"\" data-rl_title=\"\" class=\"rl-gallery-link\" data-rl_caption=\"\" data-rel=\"lightbox-gallery-2\"><img loading=\"lazy\" decoding=\"async\" width=\"150\" height=\"150\" src=\"https:\/\/ferrocanor.com\/wp-content\/uploads\/2015\/05\/pergola-2-1-150x150.jpg\" class=\"attachment-thumbnail size-thumbnail\" alt=\"\" srcset=\"https:\/\/ferrocanor.com\/wp-content\/uploads\/2015\/05\/pergola-2-1-150x150.jpg 150w, https:\/\/ferrocanor.com\/wp-content\/uploads\/2015\/05\/pergola-2-1-100x100.jpg 100w\" sizes=\"(max-width: 150px) 100vw, 150px\" \/><\/a>\n\t\t\t<\/dt><\/dl><dl class='gallery-item'>\n\t\t\t<dt class='gallery-icon landscape'>\n\t\t\t\t<a href='https:\/\/ferrocanor.com\/wp-content\/uploads\/2015\/05\/pergola-3-1.jpg' title=\"\" data-rl_title=\"\" class=\"rl-gallery-link\" data-rl_caption=\"\" data-rel=\"lightbox-gallery-2\"><img loading=\"lazy\" decoding=\"async\" width=\"150\" height=\"150\" src=\"https:\/\/ferrocanor.com\/wp-content\/uploads\/2015\/05\/pergola-3-1-150x150.jpg\" class=\"attachment-thumbnail size-thumbnail\" alt=\"\" srcset=\"https:\/\/ferrocanor.com\/wp-content\/uploads\/2015\/05\/pergola-3-1-150x150.jpg 150w, https:\/\/ferrocanor.com\/wp-content\/uploads\/2015\/05\/pergola-3-1-100x100.jpg 100w\" sizes=\"(max-width: 150px) 100vw, 150px\" \/><\/a>\n\t\t\t<\/dt><\/dl><dl class='gallery-item'>\n\t\t\t<dt class='gallery-icon landscape'>\n\t\t\t\t<a href='https:\/\/ferrocanor.com\/wp-content\/uploads\/2015\/05\/pergola_bioclimatica_11.jpg' title=\"\" data-rl_title=\"\" class=\"rl-gallery-link\" data-rl_caption=\"\" data-rel=\"lightbox-gallery-2\"><img loading=\"lazy\" decoding=\"async\" width=\"150\" height=\"150\" src=\"https:\/\/ferrocanor.com\/wp-content\/uploads\/2015\/05\/pergola_bioclimatica_11-150x150.jpg\" class=\"attachment-thumbnail size-thumbnail\" alt=\"\" srcset=\"https:\/\/ferrocanor.com\/wp-content\/uploads\/2015\/05\/pergola_bioclimatica_11-150x150.jpg 150w, https:\/\/ferrocanor.com\/wp-content\/uploads\/2015\/05\/pergola_bioclimatica_11-100x100.jpg 100w\" sizes=\"(max-width: 150px) 100vw, 150px\" \/><\/a>\n\t\t\t<\/dt><\/dl><br style=\"clear: both\" \/><dl class='gallery-item'>\n\t\t\t<dt class='gallery-icon landscape'>\n\t\t\t\t<a href='https:\/\/ferrocanor.com\/wp-content\/uploads\/2015\/05\/pergola_bioclimatica_41.jpg' title=\"\" data-rl_title=\"\" class=\"rl-gallery-link\" data-rl_caption=\"\" data-rel=\"lightbox-gallery-2\"><img loading=\"lazy\" decoding=\"async\" width=\"150\" height=\"150\" src=\"https:\/\/ferrocanor.com\/wp-content\/uploads\/2015\/05\/pergola_bioclimatica_41-150x150.jpg\" class=\"attachment-thumbnail size-thumbnail\" alt=\"\" srcset=\"https:\/\/ferrocanor.com\/wp-content\/uploads\/2015\/05\/pergola_bioclimatica_41-150x150.jpg 150w, https:\/\/ferrocanor.com\/wp-content\/uploads\/2015\/05\/pergola_bioclimatica_41-100x100.jpg 100w\" sizes=\"(max-width: 150px) 100vw, 150px\" \/><\/a>\n\t\t\t<\/dt><\/dl><dl class='gallery-item'>\n\t\t\t<dt class='gallery-icon landscape'>\n\t\t\t\t<a href='https:\/\/ferrocanor.com\/wp-content\/uploads\/2015\/05\/pergola-4-1.jpg' title=\"\" data-rl_title=\"\" class=\"rl-gallery-link\" data-rl_caption=\"\" data-rel=\"lightbox-gallery-2\"><img loading=\"lazy\" decoding=\"async\" width=\"150\" height=\"150\" src=\"https:\/\/ferrocanor.com\/wp-content\/uploads\/2015\/05\/pergola-4-1-150x150.jpg\" class=\"attachment-thumbnail size-thumbnail\" alt=\"\" srcset=\"https:\/\/ferrocanor.com\/wp-content\/uploads\/2015\/05\/pergola-4-1-150x150.jpg 150w, https:\/\/ferrocanor.com\/wp-content\/uploads\/2015\/05\/pergola-4-1-100x100.jpg 100w\" sizes=\"(max-width: 150px) 100vw, 150px\" \/><\/a>\n\t\t\t<\/dt><\/dl><dl class='gallery-item'>\n\t\t\t<dt class='gallery-icon landscape'>\n\t\t\t\t<a href='https:\/\/ferrocanor.com\/wp-content\/uploads\/2015\/05\/pergola_bioclimatica_21.jpg' title=\"\" data-rl_title=\"\" class=\"rl-gallery-link\" data-rl_caption=\"\" data-rel=\"lightbox-gallery-2\"><img loading=\"lazy\" decoding=\"async\" width=\"150\" height=\"150\" src=\"https:\/\/ferrocanor.com\/wp-content\/uploads\/2015\/05\/pergola_bioclimatica_21-150x150.jpg\" class=\"attachment-thumbnail size-thumbnail\" alt=\"\" srcset=\"https:\/\/ferrocanor.com\/wp-content\/uploads\/2015\/05\/pergola_bioclimatica_21-150x150.jpg 150w, https:\/\/ferrocanor.com\/wp-content\/uploads\/2015\/05\/pergola_bioclimatica_21-100x100.jpg 100w\" sizes=\"(max-width: 150px) 100vw, 150px\" \/><\/a>\n\t\t\t<\/dt><\/dl><dl class='gallery-item'>\n\t\t\t<dt class='gallery-icon landscape'>\n\t\t\t\t<a href='https:\/\/ferrocanor.com\/wp-content\/uploads\/2015\/05\/pergola_bioclimatica_31.jpg' title=\"\" data-rl_title=\"\" class=\"rl-gallery-link\" data-rl_caption=\"\" data-rel=\"lightbox-gallery-2\"><img loading=\"lazy\" decoding=\"async\" width=\"150\" height=\"150\" src=\"https:\/\/ferrocanor.com\/wp-content\/uploads\/2015\/05\/pergola_bioclimatica_31-150x150.jpg\" class=\"attachment-thumbnail size-thumbnail\" alt=\"\" srcset=\"https:\/\/ferrocanor.com\/wp-content\/uploads\/2015\/05\/pergola_bioclimatica_31-150x150.jpg 150w, https:\/\/ferrocanor.com\/wp-content\/uploads\/2015\/05\/pergola_bioclimatica_31-100x100.jpg 100w\" sizes=\"(max-width: 150px) 100vw, 150px\" \/><\/a>\n\t\t\t<\/dt><\/dl><br style=\"clear: both\" \/><dl class='gallery-item'>\n\t\t\t<dt class='gallery-icon portrait'>\n\t\t\t\t<a href='https:\/\/ferrocanor.com\/wp-content\/uploads\/2015\/05\/pergola-bioclimatica-5-1.jpg' title=\"\" data-rl_title=\"\" class=\"rl-gallery-link\" data-rl_caption=\"\" data-rel=\"lightbox-gallery-2\"><img loading=\"lazy\" decoding=\"async\" width=\"150\" height=\"150\" src=\"https:\/\/ferrocanor.com\/wp-content\/uploads\/2015\/05\/pergola-bioclimatica-5-1-150x150.jpg\" class=\"attachment-thumbnail size-thumbnail\" alt=\"\" srcset=\"https:\/\/ferrocanor.com\/wp-content\/uploads\/2015\/05\/pergola-bioclimatica-5-1-150x150.jpg 150w, https:\/\/ferrocanor.com\/wp-content\/uploads\/2015\/05\/pergola-bioclimatica-5-1-100x100.jpg 100w\" sizes=\"(max-width: 150px) 100vw, 150px\" \/><\/a>\n\t\t\t<\/dt><\/dl><dl class='gallery-item'>\n\t\t\t<dt class='gallery-icon landscape'>\n\t\t\t\t<a href='https:\/\/ferrocanor.com\/wp-content\/uploads\/2015\/05\/pergola-bioclimatica-1-1.jpg' title=\"\" data-rl_title=\"\" class=\"rl-gallery-link\" data-rl_caption=\"\" data-rel=\"lightbox-gallery-2\"><img loading=\"lazy\" decoding=\"async\" width=\"150\" height=\"150\" src=\"https:\/\/ferrocanor.com\/wp-content\/uploads\/2015\/05\/pergola-bioclimatica-1-1-150x150.jpg\" class=\"attachment-thumbnail size-thumbnail\" alt=\"\" srcset=\"https:\/\/ferrocanor.com\/wp-content\/uploads\/2015\/05\/pergola-bioclimatica-1-1-150x150.jpg 150w, https:\/\/ferrocanor.com\/wp-content\/uploads\/2015\/05\/pergola-bioclimatica-1-1-100x100.jpg 100w\" sizes=\"(max-width: 150px) 100vw, 150px\" \/><\/a>\n\t\t\t<\/dt><\/dl><dl class='gallery-item'>\n\t\t\t<dt class='gallery-icon portrait'>\n\t\t\t\t<a href='https:\/\/ferrocanor.com\/wp-content\/uploads\/2015\/05\/pergola-bioclimatica-4-1.jpg' title=\"\" data-rl_title=\"\" class=\"rl-gallery-link\" data-rl_caption=\"\" data-rel=\"lightbox-gallery-2\"><img loading=\"lazy\" decoding=\"async\" width=\"150\" height=\"150\" src=\"https:\/\/ferrocanor.com\/wp-content\/uploads\/2015\/05\/pergola-bioclimatica-4-1-150x150.jpg\" class=\"attachment-thumbnail size-thumbnail\" alt=\"\" srcset=\"https:\/\/ferrocanor.com\/wp-content\/uploads\/2015\/05\/pergola-bioclimatica-4-1-150x150.jpg 150w, https:\/\/ferrocanor.com\/wp-content\/uploads\/2015\/05\/pergola-bioclimatica-4-1-100x100.jpg 100w\" sizes=\"(max-width: 150px) 100vw, 150px\" \/><\/a>\n\t\t\t<\/dt><\/dl>\n\t\t\t<br style='clear: both' \/>\n\t\t<\/div>\n\n","protected":false},"excerpt":{"rendered":"<p>P\u00e9rgola Bioclim\u00e1tica Instalamos p\u00e9rgolas bioclim\u00e1ticas de aluminio\u00a0 tanto de la marca SEESKY BIO como de la marca SAXUN. Las p\u00e9rgolas bioclim\u00e1ticas son de dise\u00f1o moderno y vanguardista con lamas orientables motorizadas que nos proteger\u00e1n de la radiaci\u00f3n solar,\u00a0 lluvia, viento o cualquier otra inclemencia meteorol\u00f3gica. Accesorios Las p\u00e9rgolas bioclim\u00e1ticas tambi\u00e9n pueden incluir una lista de [&hellip;]<\/p>\n","protected":false},"author":3,"featured_media":1259,"parent":314,"menu_order":0,"comment_status":"open","ping_status":"open","template":"","meta":{"_monsterinsights_skip_tracking":false,"_monsterinsights_sitenote_active":false,"_monsterinsights_sitenote_note":"","_monsterinsights_sitenote_category":0,"footnotes":""},"yoast_head":"<!-- This site is optimized with the Yoast SEO plugin v22.9 - https:\/\/yoast.com\/wordpress\/plugins\/seo\/ -->\n<title>P\u00e9rgola bioclim\u00e1tica de aluminio de dise\u00f1o moderno<\/title>\n<meta name=\"description\" content=\"P\u00e9rgola bioclim\u00e1tica de aluminio de dise\u00f1o moderno y vanguardista con lamas regulables motorizadas que le proteger\u00e1 de inclemencias meteorol\u00f3gicas.\" \/>\n<meta name=\"robots\" content=\"index, follow, max-snippet:-1, max-image-preview:large, max-video-preview:-1\" \/>\n<link rel=\"canonical\" href=\"https:\/\/ferrocanor.com\/es\/productos\/pergolas\/pergola-bioclimatica\/\" \/>\n<meta property=\"og:locale\" content=\"es_ES\" \/>\n<meta property=\"og:type\" content=\"article\" \/>\n<meta property=\"og:title\" content=\"P\u00e9rgola bioclim\u00e1tica de aluminio de dise\u00f1o moderno\" \/>\n<meta property=\"og:description\" content=\"P\u00e9rgola bioclim\u00e1tica de aluminio de dise\u00f1o moderno y vanguardista con lamas regulables motorizadas que le proteger\u00e1 de inclemencias meteorol\u00f3gicas.\" \/>\n<meta property=\"og:url\" content=\"https:\/\/ferrocanor.com\/es\/productos\/pergolas\/pergola-bioclimatica\/\" \/>\n<meta property=\"og:site_name\" content=\"ferrocanor.com\" \/>\n<meta property=\"article:publisher\" content=\"https:\/\/www.facebook.com\/Canor-ferro-alumini-i-PVC-171451982903235\" \/>\n<meta property=\"article:modified_time\" content=\"2020-04-23T18:26:33+00:00\" \/>\n<meta property=\"og:image\" content=\"https:\/\/ferrocanor.com\/wp-content\/uploads\/2015\/02\/pergola_bioclimatica_portada.jpg\" \/>\n\t<meta property=\"og:image:width\" content=\"750\" \/>\n\t<meta property=\"og:image:height\" content=\"750\" \/>\n\t<meta property=\"og:image:type\" content=\"image\/jpeg\" \/>\n<meta name=\"twitter:label1\" content=\"Est. reading time\" \/>\n\t<meta name=\"twitter:data1\" content=\"2 minutes\" \/>\n<script type=\"application\/ld+json\" class=\"yoast-schema-graph\">{\"@context\":\"https:\/\/schema.org\",\"@graph\":[{\"@type\":\"WebPage\",\"@id\":\"https:\/\/ferrocanor.com\/es\/productos\/pergolas\/pergola-bioclimatica\/\",\"url\":\"https:\/\/ferrocanor.com\/es\/productos\/pergolas\/pergola-bioclimatica\/\",\"name\":\"P\u00e9rgola bioclim\u00e1tica de aluminio de dise\u00f1o moderno\",\"isPartOf\":{\"@id\":\"http:\/\/ferrocanor.com\/#website\"},\"primaryImageOfPage\":{\"@id\":\"https:\/\/ferrocanor.com\/es\/productos\/pergolas\/pergola-bioclimatica\/#primaryimage\"},\"image\":{\"@id\":\"https:\/\/ferrocanor.com\/es\/productos\/pergolas\/pergola-bioclimatica\/#primaryimage\"},\"thumbnailUrl\":\"https:\/\/ferrocanor.com\/wp-content\/uploads\/2015\/02\/pergola_bioclimatica_portada.jpg\",\"datePublished\":\"2015-05-14T13:21:30+00:00\",\"dateModified\":\"2020-04-23T18:26:33+00:00\",\"description\":\"P\u00e9rgola bioclim\u00e1tica de aluminio de dise\u00f1o moderno y vanguardista con lamas regulables motorizadas que le proteger\u00e1 de inclemencias meteorol\u00f3gicas.\",\"breadcrumb\":{\"@id\":\"https:\/\/ferrocanor.com\/es\/productos\/pergolas\/pergola-bioclimatica\/#breadcrumb\"},\"inLanguage\":\"es-ES\",\"potentialAction\":[{\"@type\":\"ReadAction\",\"target\":[\"https:\/\/ferrocanor.com\/es\/productos\/pergolas\/pergola-bioclimatica\/\"]}]},{\"@type\":\"ImageObject\",\"inLanguage\":\"es-ES\",\"@id\":\"https:\/\/ferrocanor.com\/es\/productos\/pergolas\/pergola-bioclimatica\/#primaryimage\",\"url\":\"https:\/\/ferrocanor.com\/wp-content\/uploads\/2015\/02\/pergola_bioclimatica_portada.jpg\",\"contentUrl\":\"https:\/\/ferrocanor.com\/wp-content\/uploads\/2015\/02\/pergola_bioclimatica_portada.jpg\",\"width\":750,\"height\":750,\"caption\":\"p\u00e9rgola bioclim\u00e1tica\"},{\"@type\":\"BreadcrumbList\",\"@id\":\"https:\/\/ferrocanor.com\/es\/productos\/pergolas\/pergola-bioclimatica\/#breadcrumb\",\"itemListElement\":[{\"@type\":\"ListItem\",\"position\":1,\"name\":\"Home\",\"item\":\"http:\/\/ferrocanor.com\/es\/\"},{\"@type\":\"ListItem\",\"position\":2,\"name\":\"Productos\",\"item\":\"http:\/\/ferrocanor.com\/es\/productos\/\"},{\"@type\":\"ListItem\",\"position\":3,\"name\":\"P\u00e9rgolas\",\"item\":\"http:\/\/ferrocanor.com\/es\/productos\/pergolas\/\"},{\"@type\":\"ListItem\",\"position\":4,\"name\":\"P\u00e9rgola Bioclim\u00e1tica\"}]},{\"@type\":\"WebSite\",\"@id\":\"http:\/\/ferrocanor.com\/#website\",\"url\":\"http:\/\/ferrocanor.com\/\",\"name\":\"ferrocanor.com\",\"description\":\"Hierro - Aluminio - PVC\",\"publisher\":{\"@id\":\"http:\/\/ferrocanor.com\/#organization\"},\"potentialAction\":[{\"@type\":\"SearchAction\",\"target\":{\"@type\":\"EntryPoint\",\"urlTemplate\":\"http:\/\/ferrocanor.com\/?s={search_term_string}\"},\"query-input\":\"required name=search_term_string\"}],\"inLanguage\":\"es-ES\"},{\"@type\":\"Organization\",\"@id\":\"http:\/\/ferrocanor.com\/#organization\",\"name\":\"ferrocanor.com\",\"url\":\"http:\/\/ferrocanor.com\/\",\"logo\":{\"@type\":\"ImageObject\",\"inLanguage\":\"es-ES\",\"@id\":\"http:\/\/ferrocanor.com\/#\/schema\/logo\/image\/\",\"url\":\"https:\/\/ferrocanor.com\/wp-content\/uploads\/2022\/02\/logo-ferrocanor-horizontal-web-01.png\",\"contentUrl\":\"https:\/\/ferrocanor.com\/wp-content\/uploads\/2022\/02\/logo-ferrocanor-horizontal-web-01.png\",\"width\":357,\"height\":143,\"caption\":\"ferrocanor.com\"},\"image\":{\"@id\":\"http:\/\/ferrocanor.com\/#\/schema\/logo\/image\/\"},\"sameAs\":[\"https:\/\/www.facebook.com\/Canor-ferro-alumini-i-PVC-171451982903235\"]}]}<\/script>\n<!-- \/ Yoast SEO plugin. -->","yoast_head_json":{"title":"P\u00e9rgola bioclim\u00e1tica de aluminio de dise\u00f1o moderno","description":"P\u00e9rgola bioclim\u00e1tica de aluminio de dise\u00f1o moderno y vanguardista con lamas regulables motorizadas que le proteger\u00e1 de inclemencias meteorol\u00f3gicas.","robots":{"index":"index","follow":"follow","max-snippet":"max-snippet:-1","max-image-preview":"max-image-preview:large","max-video-preview":"max-video-preview:-1"},"canonical":"https:\/\/ferrocanor.com\/es\/productos\/pergolas\/pergola-bioclimatica\/","og_locale":"es_ES","og_type":"article","og_title":"P\u00e9rgola bioclim\u00e1tica de aluminio de dise\u00f1o moderno","og_description":"P\u00e9rgola bioclim\u00e1tica de aluminio de dise\u00f1o moderno y vanguardista con lamas regulables motorizadas que le proteger\u00e1 de inclemencias meteorol\u00f3gicas.","og_url":"https:\/\/ferrocanor.com\/es\/productos\/pergolas\/pergola-bioclimatica\/","og_site_name":"ferrocanor.com","article_publisher":"https:\/\/www.facebook.com\/Canor-ferro-alumini-i-PVC-171451982903235","article_modified_time":"2020-04-23T18:26:33+00:00","og_image":[{"width":750,"height":750,"url":"https:\/\/ferrocanor.com\/wp-content\/uploads\/2015\/02\/pergola_bioclimatica_portada.jpg","type":"image\/jpeg"}],"twitter_misc":{"Est. reading time":"2 minutes"},"schema":{"@context":"https:\/\/schema.org","@graph":[{"@type":"WebPage","@id":"https:\/\/ferrocanor.com\/es\/productos\/pergolas\/pergola-bioclimatica\/","url":"https:\/\/ferrocanor.com\/es\/productos\/pergolas\/pergola-bioclimatica\/","name":"P\u00e9rgola bioclim\u00e1tica de aluminio de dise\u00f1o moderno","isPartOf":{"@id":"http:\/\/ferrocanor.com\/#website"},"primaryImageOfPage":{"@id":"https:\/\/ferrocanor.com\/es\/productos\/pergolas\/pergola-bioclimatica\/#primaryimage"},"image":{"@id":"https:\/\/ferrocanor.com\/es\/productos\/pergolas\/pergola-bioclimatica\/#primaryimage"},"thumbnailUrl":"https:\/\/ferrocanor.com\/wp-content\/uploads\/2015\/02\/pergola_bioclimatica_portada.jpg","datePublished":"2015-05-14T13:21:30+00:00","dateModified":"2020-04-23T18:26:33+00:00","description":"P\u00e9rgola bioclim\u00e1tica de aluminio de dise\u00f1o moderno y vanguardista con lamas regulables motorizadas que le proteger\u00e1 de inclemencias meteorol\u00f3gicas.","breadcrumb":{"@id":"https:\/\/ferrocanor.com\/es\/productos\/pergolas\/pergola-bioclimatica\/#breadcrumb"},"inLanguage":"es-ES","potentialAction":[{"@type":"ReadAction","target":["https:\/\/ferrocanor.com\/es\/productos\/pergolas\/pergola-bioclimatica\/"]}]},{"@type":"ImageObject","inLanguage":"es-ES","@id":"https:\/\/ferrocanor.com\/es\/productos\/pergolas\/pergola-bioclimatica\/#primaryimage","url":"https:\/\/ferrocanor.com\/wp-content\/uploads\/2015\/02\/pergola_bioclimatica_portada.jpg","contentUrl":"https:\/\/ferrocanor.com\/wp-content\/uploads\/2015\/02\/pergola_bioclimatica_portada.jpg","width":750,"height":750,"caption":"p\u00e9rgola bioclim\u00e1tica"},{"@type":"BreadcrumbList","@id":"https:\/\/ferrocanor.com\/es\/productos\/pergolas\/pergola-bioclimatica\/#breadcrumb","itemListElement":[{"@type":"ListItem","position":1,"name":"Home","item":"http:\/\/ferrocanor.com\/es\/"},{"@type":"ListItem","position":2,"name":"Productos","item":"http:\/\/ferrocanor.com\/es\/productos\/"},{"@type":"ListItem","position":3,"name":"P\u00e9rgolas","item":"http:\/\/ferrocanor.com\/es\/productos\/pergolas\/"},{"@type":"ListItem","position":4,"name":"P\u00e9rgola Bioclim\u00e1tica"}]},{"@type":"WebSite","@id":"http:\/\/ferrocanor.com\/#website","url":"http:\/\/ferrocanor.com\/","name":"ferrocanor.com","description":"Hierro - Aluminio - PVC","publisher":{"@id":"http:\/\/ferrocanor.com\/#organization"},"potentialAction":[{"@type":"SearchAction","target":{"@type":"EntryPoint","urlTemplate":"http:\/\/ferrocanor.com\/?s={search_term_string}"},"query-input":"required name=search_term_string"}],"inLanguage":"es-ES"},{"@type":"Organization","@id":"http:\/\/ferrocanor.com\/#organization","name":"ferrocanor.com","url":"http:\/\/ferrocanor.com\/","logo":{"@type":"ImageObject","inLanguage":"es-ES","@id":"http:\/\/ferrocanor.com\/#\/schema\/logo\/image\/","url":"https:\/\/ferrocanor.com\/wp-content\/uploads\/2022\/02\/logo-ferrocanor-horizontal-web-01.png","contentUrl":"https:\/\/ferrocanor.com\/wp-content\/uploads\/2022\/02\/logo-ferrocanor-horizontal-web-01.png","width":357,"height":143,"caption":"ferrocanor.com"},"image":{"@id":"http:\/\/ferrocanor.com\/#\/schema\/logo\/image\/"},"sameAs":["https:\/\/www.facebook.com\/Canor-ferro-alumini-i-PVC-171451982903235"]}]}},"_links":{"self":[{"href":"https:\/\/ferrocanor.com\/es\/wp-json\/wp\/v2\/pages\/3014"}],"collection":[{"href":"https:\/\/ferrocanor.com\/es\/wp-json\/wp\/v2\/pages"}],"about":[{"href":"https:\/\/ferrocanor.com\/es\/wp-json\/wp\/v2\/types\/page"}],"author":[{"embeddable":true,"href":"https:\/\/ferrocanor.com\/es\/wp-json\/wp\/v2\/users\/3"}],"replies":[{"embeddable":true,"href":"https:\/\/ferrocanor.com\/es\/wp-json\/wp\/v2\/comments?post=3014"}],"version-history":[{"count":11,"href":"https:\/\/ferrocanor.com\/es\/wp-json\/wp\/v2\/pages\/3014\/revisions"}],"predecessor-version":[{"id":8218,"href":"https:\/\/ferrocanor.com\/es\/wp-json\/wp\/v2\/pages\/3014\/revisions\/8218"}],"up":[{"embeddable":true,"href":"https:\/\/ferrocanor.com\/es\/wp-json\/wp\/v2\/pages\/314"}],"wp:featuredmedia":[{"embeddable":true,"href":"https:\/\/ferrocanor.com\/es\/wp-json\/wp\/v2\/media\/1259"}],"wp:attachment":[{"href":"https:\/\/ferrocanor.com\/es\/wp-json\/wp\/v2\/media?parent=3014"}],"curies":[{"name":"wp","href":"https:\/\/api.w.org\/{rel}","templated":true}]}}