{"id":3043,"date":"2015-03-08T18:35:12","date_gmt":"2015-03-08T17:35:12","guid":{"rendered":"https:\/\/ferrocanor.com\/productos\/pergolas\/pergoles-palilleria\/"},"modified":"2017-03-18T16:58:15","modified_gmt":"2017-03-18T15:58:15","slug":"pergolas-de-palilleria","status":"publish","type":"page","link":"https:\/\/ferrocanor.com\/es\/productos\/pergolas\/pergolas-de-palilleria\/","title":{"rendered":"P\u00e9rgolas de paliller\u00eda"},"content":{"rendered":"<h3>P\u00e9rgolas\u00a0de paliller\u00eda<\/h3>\n<p>Instalamos diferentes tipos de p\u00e9rgolas de paliller\u00eda con las que se puede regular la cantidad de sol que desee ya que son correderas. Son ideales para aquellas terrazas donde hay una gran parte del d\u00eda que le da el sol. Las p\u00e9rgolas o toldos de paliller\u00eda funcionan con mecanismo manual,\u00a0pudiendo extender o recoger el toldo hasta donde usted desee.<br \/>\nLos dise\u00f1os de estas p\u00e9rgolas se pueden personalizar,\u00a0ya que hay una amplia variedad de colores para el toldo tanto en el aluminio como en las telas.<\/p>\n<p>En la siguiente galer\u00eda pod\u00e9is ver un ejemplo de trabajos acabados de p\u00e9rgola o toldo de paliller\u00eda.<\/p>\n<hr \/>\n\n\t\t<style type=\"text\/css\">\n\t\t\t#gallery-2 {\n\t\t\t\tmargin: auto;\n\t\t\t}\n\t\t\t#gallery-2 .gallery-item {\n\t\t\t\tfloat: left;\n\t\t\t\tmargin-top: 10px;\n\t\t\t\ttext-align: center;\n\t\t\t\twidth: 25%;\n\t\t\t}\n\t\t\t#gallery-2 img {\n\t\t\t\tborder: 2px solid #cfcfcf;\n\t\t\t}\n\t\t\t#gallery-2 .gallery-caption {\n\t\t\t\tmargin-left: 0;\n\t\t\t}\n\t\t\t\/* see gallery_shortcode() in wp-includes\/media.php *\/\n\t\t<\/style>\n\t\t<div id='gallery-2' class='gallery galleryid-3043 gallery-columns-4 gallery-size-thumbnail'><dl class='gallery-item'>\n\t\t\t<dt class='gallery-icon landscape'>\n\t\t\t\t<a href='https:\/\/ferrocanor.com\/wp-content\/uploads\/2015\/03\/pergola_palilleria_1.jpg' title=\"\" data-rl_title=\"\" class=\"rl-gallery-link\" data-rl_caption=\"\" data-rel=\"lightbox-gallery-2\"><img loading=\"lazy\" decoding=\"async\" width=\"150\" height=\"150\" src=\"https:\/\/ferrocanor.com\/wp-content\/uploads\/2015\/03\/pergola_palilleria_1-150x150.jpg\" class=\"attachment-thumbnail size-thumbnail\" alt=\"\" srcset=\"https:\/\/ferrocanor.com\/wp-content\/uploads\/2015\/03\/pergola_palilleria_1-150x150.jpg 150w, https:\/\/ferrocanor.com\/wp-content\/uploads\/2015\/03\/pergola_palilleria_1-100x100.jpg 100w\" sizes=\"(max-width: 150px) 100vw, 150px\" \/><\/a>\n\t\t\t<\/dt><\/dl><dl class='gallery-item'>\n\t\t\t<dt class='gallery-icon landscape'>\n\t\t\t\t<a href='https:\/\/ferrocanor.com\/wp-content\/uploads\/2015\/03\/pergola_palilleria_2.jpg' title=\"\" data-rl_title=\"\" class=\"rl-gallery-link\" data-rl_caption=\"\" data-rel=\"lightbox-gallery-2\"><img loading=\"lazy\" decoding=\"async\" width=\"150\" height=\"150\" src=\"https:\/\/ferrocanor.com\/wp-content\/uploads\/2015\/03\/pergola_palilleria_2-150x150.jpg\" class=\"attachment-thumbnail size-thumbnail\" alt=\"\" srcset=\"https:\/\/ferrocanor.com\/wp-content\/uploads\/2015\/03\/pergola_palilleria_2-150x150.jpg 150w, https:\/\/ferrocanor.com\/wp-content\/uploads\/2015\/03\/pergola_palilleria_2-100x100.jpg 100w\" sizes=\"(max-width: 150px) 100vw, 150px\" \/><\/a>\n\t\t\t<\/dt><\/dl><dl class='gallery-item'>\n\t\t\t<dt class='gallery-icon landscape'>\n\t\t\t\t<a href='https:\/\/ferrocanor.com\/wp-content\/uploads\/2015\/03\/pergola_palilleria_3.jpg' title=\"\" data-rl_title=\"\" class=\"rl-gallery-link\" data-rl_caption=\"\" data-rel=\"lightbox-gallery-2\"><img loading=\"lazy\" decoding=\"async\" width=\"150\" height=\"150\" src=\"https:\/\/ferrocanor.com\/wp-content\/uploads\/2015\/03\/pergola_palilleria_3-150x150.jpg\" class=\"attachment-thumbnail size-thumbnail\" alt=\"\" srcset=\"https:\/\/ferrocanor.com\/wp-content\/uploads\/2015\/03\/pergola_palilleria_3-150x150.jpg 150w, https:\/\/ferrocanor.com\/wp-content\/uploads\/2015\/03\/pergola_palilleria_3-100x100.jpg 100w\" sizes=\"(max-width: 150px) 100vw, 150px\" \/><\/a>\n\t\t\t<\/dt><\/dl><dl class='gallery-item'>\n\t\t\t<dt class='gallery-icon portrait'>\n\t\t\t\t<a href='https:\/\/ferrocanor.com\/wp-content\/uploads\/2015\/03\/palilleria_11.jpg' title=\"\" data-rl_title=\"\" class=\"rl-gallery-link\" data-rl_caption=\"\" data-rel=\"lightbox-gallery-2\"><img loading=\"lazy\" decoding=\"async\" width=\"150\" height=\"150\" src=\"https:\/\/ferrocanor.com\/wp-content\/uploads\/2015\/03\/palilleria_11-150x150.jpg\" class=\"attachment-thumbnail size-thumbnail\" alt=\"\" srcset=\"https:\/\/ferrocanor.com\/wp-content\/uploads\/2015\/03\/palilleria_11-150x150.jpg 150w, https:\/\/ferrocanor.com\/wp-content\/uploads\/2015\/03\/palilleria_11-100x100.jpg 100w\" sizes=\"(max-width: 150px) 100vw, 150px\" \/><\/a>\n\t\t\t<\/dt><\/dl><br style=\"clear: both\" \/>\n\t\t<\/div>\n\n","protected":false},"excerpt":{"rendered":"<p>P\u00e9rgolas\u00a0de paliller\u00eda Instalamos diferentes tipos de p\u00e9rgolas de paliller\u00eda con las que se puede regular la cantidad de sol que desee ya que son correderas. Son ideales para aquellas terrazas donde hay una gran parte del d\u00eda que le da el sol. Las p\u00e9rgolas o toldos de paliller\u00eda funcionan con mecanismo manual,\u00a0pudiendo extender o recoger [&hellip;]<\/p>\n","protected":false},"author":2,"featured_media":5718,"parent":314,"menu_order":0,"comment_status":"open","ping_status":"open","template":"","meta":{"_monsterinsights_skip_tracking":false,"_monsterinsights_sitenote_active":false,"_monsterinsights_sitenote_note":"","_monsterinsights_sitenote_category":0,"footnotes":""},"yoast_head":"<!-- This site is optimized with the Yoast SEO plugin v22.9 - https:\/\/yoast.com\/wordpress\/plugins\/seo\/ -->\n<title>P\u00e9rgolas de paliller\u00eda corredizas con estructura de aluminio y tela a elegir<\/title>\n<meta name=\"description\" content=\"Instalamosp\u00e9rgolas de paliller\u00eda corredizas para poder regular la cantidad de sol que desee y con una amplia variedad de colores.\" \/>\n<meta name=\"robots\" content=\"index, follow, max-snippet:-1, max-image-preview:large, max-video-preview:-1\" \/>\n<link rel=\"canonical\" href=\"https:\/\/ferrocanor.com\/es\/productos\/pergolas\/pergolas-de-palilleria\/\" \/>\n<meta property=\"og:locale\" content=\"es_ES\" \/>\n<meta property=\"og:type\" content=\"article\" \/>\n<meta property=\"og:title\" content=\"P\u00e9rgolas de paliller\u00eda corredizas con estructura de aluminio y tela a elegir\" \/>\n<meta property=\"og:description\" content=\"Instalamosp\u00e9rgolas de paliller\u00eda corredizas para poder regular la cantidad de sol que desee y con una amplia variedad de colores.\" \/>\n<meta property=\"og:url\" content=\"https:\/\/ferrocanor.com\/es\/productos\/pergolas\/pergolas-de-palilleria\/\" \/>\n<meta property=\"og:site_name\" content=\"ferrocanor.com\" \/>\n<meta property=\"article:publisher\" content=\"https:\/\/www.facebook.com\/Canor-ferro-alumini-i-PVC-171451982903235\" \/>\n<meta property=\"article:modified_time\" content=\"2017-03-18T15:58:15+00:00\" \/>\n<meta property=\"og:image\" content=\"https:\/\/ferrocanor.com\/wp-content\/uploads\/2015\/03\/palilleria_1.jpg\" \/>\n\t<meta property=\"og:image:width\" content=\"600\" \/>\n\t<meta property=\"og:image:height\" content=\"651\" \/>\n\t<meta property=\"og:image:type\" content=\"image\/jpeg\" \/>\n<meta name=\"twitter:label1\" content=\"Est. reading time\" \/>\n\t<meta name=\"twitter:data1\" content=\"1 minute\" \/>\n<script type=\"application\/ld+json\" class=\"yoast-schema-graph\">{\"@context\":\"https:\/\/schema.org\",\"@graph\":[{\"@type\":\"WebPage\",\"@id\":\"https:\/\/ferrocanor.com\/es\/productos\/pergolas\/pergolas-de-palilleria\/\",\"url\":\"https:\/\/ferrocanor.com\/es\/productos\/pergolas\/pergolas-de-palilleria\/\",\"name\":\"P\u00e9rgolas de paliller\u00eda corredizas con estructura de aluminio y tela a elegir\",\"isPartOf\":{\"@id\":\"http:\/\/ferrocanor.com\/#website\"},\"primaryImageOfPage\":{\"@id\":\"https:\/\/ferrocanor.com\/es\/productos\/pergolas\/pergolas-de-palilleria\/#primaryimage\"},\"image\":{\"@id\":\"https:\/\/ferrocanor.com\/es\/productos\/pergolas\/pergolas-de-palilleria\/#primaryimage\"},\"thumbnailUrl\":\"https:\/\/ferrocanor.com\/wp-content\/uploads\/2015\/03\/palilleria_1.jpg\",\"datePublished\":\"2015-03-08T17:35:12+00:00\",\"dateModified\":\"2017-03-18T15:58:15+00:00\",\"description\":\"Instalamosp\u00e9rgolas de paliller\u00eda corredizas para poder regular la cantidad de sol que desee y con una amplia variedad de colores.\",\"breadcrumb\":{\"@id\":\"https:\/\/ferrocanor.com\/es\/productos\/pergolas\/pergolas-de-palilleria\/#breadcrumb\"},\"inLanguage\":\"es-ES\",\"potentialAction\":[{\"@type\":\"ReadAction\",\"target\":[\"https:\/\/ferrocanor.com\/es\/productos\/pergolas\/pergolas-de-palilleria\/\"]}]},{\"@type\":\"ImageObject\",\"inLanguage\":\"es-ES\",\"@id\":\"https:\/\/ferrocanor.com\/es\/productos\/pergolas\/pergolas-de-palilleria\/#primaryimage\",\"url\":\"https:\/\/ferrocanor.com\/wp-content\/uploads\/2015\/03\/palilleria_1.jpg\",\"contentUrl\":\"https:\/\/ferrocanor.com\/wp-content\/uploads\/2015\/03\/palilleria_1.jpg\",\"width\":600,\"height\":651,\"caption\":\"p\u00e9rgolas de paliller\u00eda\"},{\"@type\":\"BreadcrumbList\",\"@id\":\"https:\/\/ferrocanor.com\/es\/productos\/pergolas\/pergolas-de-palilleria\/#breadcrumb\",\"itemListElement\":[{\"@type\":\"ListItem\",\"position\":1,\"name\":\"Home\",\"item\":\"http:\/\/ferrocanor.com\/es\/\"},{\"@type\":\"ListItem\",\"position\":2,\"name\":\"Productos\",\"item\":\"http:\/\/ferrocanor.com\/es\/productos\/\"},{\"@type\":\"ListItem\",\"position\":3,\"name\":\"P\u00e9rgolas\",\"item\":\"http:\/\/ferrocanor.com\/es\/productos\/pergolas\/\"},{\"@type\":\"ListItem\",\"position\":4,\"name\":\"P\u00e9rgolas de paliller\u00eda\"}]},{\"@type\":\"WebSite\",\"@id\":\"http:\/\/ferrocanor.com\/#website\",\"url\":\"http:\/\/ferrocanor.com\/\",\"name\":\"ferrocanor.com\",\"description\":\"Hierro - Aluminio - PVC\",\"publisher\":{\"@id\":\"http:\/\/ferrocanor.com\/#organization\"},\"potentialAction\":[{\"@type\":\"SearchAction\",\"target\":{\"@type\":\"EntryPoint\",\"urlTemplate\":\"http:\/\/ferrocanor.com\/?s={search_term_string}\"},\"query-input\":\"required name=search_term_string\"}],\"inLanguage\":\"es-ES\"},{\"@type\":\"Organization\",\"@id\":\"http:\/\/ferrocanor.com\/#organization\",\"name\":\"ferrocanor.com\",\"url\":\"http:\/\/ferrocanor.com\/\",\"logo\":{\"@type\":\"ImageObject\",\"inLanguage\":\"es-ES\",\"@id\":\"http:\/\/ferrocanor.com\/#\/schema\/logo\/image\/\",\"url\":\"https:\/\/ferrocanor.com\/wp-content\/uploads\/2022\/02\/logo-ferrocanor-horizontal-web-01.png\",\"contentUrl\":\"https:\/\/ferrocanor.com\/wp-content\/uploads\/2022\/02\/logo-ferrocanor-horizontal-web-01.png\",\"width\":357,\"height\":143,\"caption\":\"ferrocanor.com\"},\"image\":{\"@id\":\"http:\/\/ferrocanor.com\/#\/schema\/logo\/image\/\"},\"sameAs\":[\"https:\/\/www.facebook.com\/Canor-ferro-alumini-i-PVC-171451982903235\"]}]}<\/script>\n<!-- \/ Yoast SEO plugin. -->","yoast_head_json":{"title":"P\u00e9rgolas de paliller\u00eda corredizas con estructura de aluminio y tela a elegir","description":"Instalamosp\u00e9rgolas de paliller\u00eda corredizas para poder regular la cantidad de sol que desee y con una amplia variedad de colores.","robots":{"index":"index","follow":"follow","max-snippet":"max-snippet:-1","max-image-preview":"max-image-preview:large","max-video-preview":"max-video-preview:-1"},"canonical":"https:\/\/ferrocanor.com\/es\/productos\/pergolas\/pergolas-de-palilleria\/","og_locale":"es_ES","og_type":"article","og_title":"P\u00e9rgolas de paliller\u00eda corredizas con estructura de aluminio y tela a elegir","og_description":"Instalamosp\u00e9rgolas de paliller\u00eda corredizas para poder regular la cantidad de sol que desee y con una amplia variedad de colores.","og_url":"https:\/\/ferrocanor.com\/es\/productos\/pergolas\/pergolas-de-palilleria\/","og_site_name":"ferrocanor.com","article_publisher":"https:\/\/www.facebook.com\/Canor-ferro-alumini-i-PVC-171451982903235","article_modified_time":"2017-03-18T15:58:15+00:00","og_image":[{"width":600,"height":651,"url":"https:\/\/ferrocanor.com\/wp-content\/uploads\/2015\/03\/palilleria_1.jpg","type":"image\/jpeg"}],"twitter_misc":{"Est. reading time":"1 minute"},"schema":{"@context":"https:\/\/schema.org","@graph":[{"@type":"WebPage","@id":"https:\/\/ferrocanor.com\/es\/productos\/pergolas\/pergolas-de-palilleria\/","url":"https:\/\/ferrocanor.com\/es\/productos\/pergolas\/pergolas-de-palilleria\/","name":"P\u00e9rgolas de paliller\u00eda corredizas con estructura de aluminio y tela a elegir","isPartOf":{"@id":"http:\/\/ferrocanor.com\/#website"},"primaryImageOfPage":{"@id":"https:\/\/ferrocanor.com\/es\/productos\/pergolas\/pergolas-de-palilleria\/#primaryimage"},"image":{"@id":"https:\/\/ferrocanor.com\/es\/productos\/pergolas\/pergolas-de-palilleria\/#primaryimage"},"thumbnailUrl":"https:\/\/ferrocanor.com\/wp-content\/uploads\/2015\/03\/palilleria_1.jpg","datePublished":"2015-03-08T17:35:12+00:00","dateModified":"2017-03-18T15:58:15+00:00","description":"Instalamosp\u00e9rgolas de paliller\u00eda corredizas para poder regular la cantidad de sol que desee y con una amplia variedad de colores.","breadcrumb":{"@id":"https:\/\/ferrocanor.com\/es\/productos\/pergolas\/pergolas-de-palilleria\/#breadcrumb"},"inLanguage":"es-ES","potentialAction":[{"@type":"ReadAction","target":["https:\/\/ferrocanor.com\/es\/productos\/pergolas\/pergolas-de-palilleria\/"]}]},{"@type":"ImageObject","inLanguage":"es-ES","@id":"https:\/\/ferrocanor.com\/es\/productos\/pergolas\/pergolas-de-palilleria\/#primaryimage","url":"https:\/\/ferrocanor.com\/wp-content\/uploads\/2015\/03\/palilleria_1.jpg","contentUrl":"https:\/\/ferrocanor.com\/wp-content\/uploads\/2015\/03\/palilleria_1.jpg","width":600,"height":651,"caption":"p\u00e9rgolas de paliller\u00eda"},{"@type":"BreadcrumbList","@id":"https:\/\/ferrocanor.com\/es\/productos\/pergolas\/pergolas-de-palilleria\/#breadcrumb","itemListElement":[{"@type":"ListItem","position":1,"name":"Home","item":"http:\/\/ferrocanor.com\/es\/"},{"@type":"ListItem","position":2,"name":"Productos","item":"http:\/\/ferrocanor.com\/es\/productos\/"},{"@type":"ListItem","position":3,"name":"P\u00e9rgolas","item":"http:\/\/ferrocanor.com\/es\/productos\/pergolas\/"},{"@type":"ListItem","position":4,"name":"P\u00e9rgolas de paliller\u00eda"}]},{"@type":"WebSite","@id":"http:\/\/ferrocanor.com\/#website","url":"http:\/\/ferrocanor.com\/","name":"ferrocanor.com","description":"Hierro - Aluminio - PVC","publisher":{"@id":"http:\/\/ferrocanor.com\/#organization"},"potentialAction":[{"@type":"SearchAction","target":{"@type":"EntryPoint","urlTemplate":"http:\/\/ferrocanor.com\/?s={search_term_string}"},"query-input":"required name=search_term_string"}],"inLanguage":"es-ES"},{"@type":"Organization","@id":"http:\/\/ferrocanor.com\/#organization","name":"ferrocanor.com","url":"http:\/\/ferrocanor.com\/","logo":{"@type":"ImageObject","inLanguage":"es-ES","@id":"http:\/\/ferrocanor.com\/#\/schema\/logo\/image\/","url":"https:\/\/ferrocanor.com\/wp-content\/uploads\/2022\/02\/logo-ferrocanor-horizontal-web-01.png","contentUrl":"https:\/\/ferrocanor.com\/wp-content\/uploads\/2022\/02\/logo-ferrocanor-horizontal-web-01.png","width":357,"height":143,"caption":"ferrocanor.com"},"image":{"@id":"http:\/\/ferrocanor.com\/#\/schema\/logo\/image\/"},"sameAs":["https:\/\/www.facebook.com\/Canor-ferro-alumini-i-PVC-171451982903235"]}]}},"_links":{"self":[{"href":"https:\/\/ferrocanor.com\/es\/wp-json\/wp\/v2\/pages\/3043"}],"collection":[{"href":"https:\/\/ferrocanor.com\/es\/wp-json\/wp\/v2\/pages"}],"about":[{"href":"https:\/\/ferrocanor.com\/es\/wp-json\/wp\/v2\/types\/page"}],"author":[{"embeddable":true,"href":"https:\/\/ferrocanor.com\/es\/wp-json\/wp\/v2\/users\/2"}],"replies":[{"embeddable":true,"href":"https:\/\/ferrocanor.com\/es\/wp-json\/wp\/v2\/comments?post=3043"}],"version-history":[{"count":8,"href":"https:\/\/ferrocanor.com\/es\/wp-json\/wp\/v2\/pages\/3043\/revisions"}],"predecessor-version":[{"id":7340,"href":"https:\/\/ferrocanor.com\/es\/wp-json\/wp\/v2\/pages\/3043\/revisions\/7340"}],"up":[{"embeddable":true,"href":"https:\/\/ferrocanor.com\/es\/wp-json\/wp\/v2\/pages\/314"}],"wp:featuredmedia":[{"embeddable":true,"href":"https:\/\/ferrocanor.com\/es\/wp-json\/wp\/v2\/media\/5718"}],"wp:attachment":[{"href":"https:\/\/ferrocanor.com\/es\/wp-json\/wp\/v2\/media?parent=3043"}],"curies":[{"name":"wp","href":"https:\/\/api.w.org\/{rel}","templated":true}]}}