{"id":314,"date":"2015-02-24T20:48:13","date_gmt":"2015-02-24T19:48:13","guid":{"rendered":"https:\/\/ferrocanor.com\/?page_id=314"},"modified":"2017-03-19T10:43:12","modified_gmt":"2017-03-19T09:43:12","slug":"pergolas","status":"publish","type":"page","link":"https:\/\/ferrocanor.com\/es\/productos\/pergolas\/","title":{"rendered":"P\u00e9rgolas"},"content":{"rendered":"<p><img loading=\"lazy\" decoding=\"async\" class=\"portada-producte alignnone wp-image-271 size-full\" src=\"https:\/\/ferrocanor.com\/wp-content\/uploads\/2015\/02\/portada_pergola.jpg\" alt=\"p\u00e9rgolas\" width=\"960\" height=\"324\" srcset=\"https:\/\/ferrocanor.com\/wp-content\/uploads\/2015\/02\/portada_pergola.jpg 960w, https:\/\/ferrocanor.com\/wp-content\/uploads\/2015\/02\/portada_pergola-300x101.jpg 300w, https:\/\/ferrocanor.com\/wp-content\/uploads\/2015\/02\/portada_pergola-250x84.jpg 250w\" sizes=\"(max-width: 960px) 100vw, 960px\" \/><\/p>\n<h2>P\u00e9rgolas<\/h2>\n<hr \/>\n<p>Fabricamos e instalamos diferentes tipos de p\u00e9rgolas ideales para terrazas,\u00a0jardines, restaurantes u hoteles.<\/p>\n<ul>\n<li><strong>P\u00e9rgolas de hierro<\/strong>\u00a0personalizables en el dise\u00f1o y en el acabado.<\/li>\n<li><strong>P\u00e9rgolas con estructura de hierro y lona<\/strong> para protecci\u00f3n solar y\/o de la lluvia.<\/li>\n<li><strong>Toldos corredizos de paliller\u00eda<\/strong> para poder regular la cantidad de sol que desee y con una amplia variedad de colores.<\/li>\n<li><strong>P\u00e9rgola Bioclim\u00e1tica<\/strong> de aluminio de dise\u00f1o moderno y vanguardista con lamas regulables motorizadas nos proteger\u00e1 de la radiaci\u00f3n solar, lluvia, viento o cualquier otra inclemencia meteorol\u00f3gica.<\/li>\n<\/ul>\n<p>Otros accesorios instalables que har\u00e1n del uso de la p\u00e9rgola Bioclim\u00e1tica m\u00e1s f\u00e1cil y agradable son:<\/p>\n<ul>\n<li>Sensor de lluvia y\/o viento<\/li>\n<li>Calefacci\u00f3n por infrarrojos<\/li>\n<li>Iluminaci\u00f3n LED<\/li>\n<li>Sonido y transmisi\u00f3n de m\u00fasica v\u00eda Bluetooth<\/li>\n<li>Control desde Smartphone<\/li>\n<li>Sensor de temperatura<\/li>\n<\/ul>\n<hr \/>\n\n\t\t<style type=\"text\/css\">\n\t\t\t#gallery-2 {\n\t\t\t\tmargin: auto;\n\t\t\t}\n\t\t\t#gallery-2 .gallery-item {\n\t\t\t\tfloat: left;\n\t\t\t\tmargin-top: 10px;\n\t\t\t\ttext-align: center;\n\t\t\t\twidth: 25%;\n\t\t\t}\n\t\t\t#gallery-2 img {\n\t\t\t\tborder: 2px solid #cfcfcf;\n\t\t\t}\n\t\t\t#gallery-2 .gallery-caption {\n\t\t\t\tmargin-left: 0;\n\t\t\t}\n\t\t\t\/* see gallery_shortcode() in wp-includes\/media.php *\/\n\t\t<\/style>\n\t\t<div id='gallery-2' class='gallery galleryid-314 gallery-columns-4 gallery-size-thumbnail'><dl class='gallery-item'>\n\t\t\t<dt class='gallery-icon landscape'>\n\t\t\t\t<a href=\"https:\/\/ferrocanor.com\/es\/productos\/pergolas\/pergolas-de-hierro\/\" title=\"\" data-rl_title=\"\" class=\"rl-gallery-link no-lightbox\" data-rl_caption=\"\" data-rel=\"lightbox-gallery-2\"><img loading=\"lazy\" decoding=\"async\" width=\"150\" height=\"150\" src=\"https:\/\/ferrocanor.com\/wp-content\/uploads\/2015\/02\/pergola-ferro-3-150x150.jpg\" class=\"attachment-thumbnail size-thumbnail\" alt=\"\" aria-describedby=\"gallery-2-205\" srcset=\"https:\/\/ferrocanor.com\/wp-content\/uploads\/2015\/02\/pergola-ferro-3-150x150.jpg 150w, https:\/\/ferrocanor.com\/wp-content\/uploads\/2015\/02\/pergola-ferro-3-100x100.jpg 100w\" sizes=\"(max-width: 150px) 100vw, 150px\" \/><\/a>\n\t\t\t<\/dt>\n\t\t\t\t<dd class='wp-caption-text gallery-caption' id='gallery-2-205'>\n\t\t\t\tP\u00e9rgola de hierro\n\t\t\t\t<\/dd><\/dl><dl class='gallery-item'>\n\t\t\t<dt class='gallery-icon landscape'>\n\t\t\t\t<a href=\"https:\/\/ferrocanor.com\/es\/productos\/pergolas\/pergolas-de-lona\/\" title=\"\" data-rl_title=\"\" class=\"rl-gallery-link no-lightbox\" data-rl_caption=\"\" data-rel=\"lightbox-gallery-2\"><img loading=\"lazy\" decoding=\"async\" width=\"150\" height=\"150\" src=\"https:\/\/ferrocanor.com\/wp-content\/uploads\/2015\/02\/pergola-lona-1-150x150.jpg\" class=\"attachment-thumbnail size-thumbnail\" alt=\"\" aria-describedby=\"gallery-2-208\" srcset=\"https:\/\/ferrocanor.com\/wp-content\/uploads\/2015\/02\/pergola-lona-1-150x150.jpg 150w, https:\/\/ferrocanor.com\/wp-content\/uploads\/2015\/02\/pergola-lona-1-100x100.jpg 100w\" sizes=\"(max-width: 150px) 100vw, 150px\" \/><\/a>\n\t\t\t<\/dt>\n\t\t\t\t<dd class='wp-caption-text gallery-caption' id='gallery-2-208'>\n\t\t\t\tP\u00e9rgola de lona\n\t\t\t\t<\/dd><\/dl><dl class='gallery-item'>\n\t\t\t<dt class='gallery-icon landscape'>\n\t\t\t\t<a href=\"https:\/\/ferrocanor.com\/es\/productos\/pergolas\/pergolas-de-palilleria\/\" title=\"\" data-rl_title=\"\" class=\"rl-gallery-link no-lightbox\" data-rl_caption=\"\" data-rel=\"lightbox-gallery-2\"><img loading=\"lazy\" decoding=\"async\" width=\"150\" height=\"150\" src=\"https:\/\/ferrocanor.com\/wp-content\/uploads\/2015\/02\/pergola-palilleria-150x150.jpg\" class=\"attachment-thumbnail size-thumbnail\" alt=\"\" aria-describedby=\"gallery-2-211\" srcset=\"https:\/\/ferrocanor.com\/wp-content\/uploads\/2015\/02\/pergola-palilleria-150x150.jpg 150w, https:\/\/ferrocanor.com\/wp-content\/uploads\/2015\/02\/pergola-palilleria-100x100.jpg 100w\" sizes=\"(max-width: 150px) 100vw, 150px\" \/><\/a>\n\t\t\t<\/dt>\n\t\t\t\t<dd class='wp-caption-text gallery-caption' id='gallery-2-211'>\n\t\t\t\tP\u00e9rgola de palilleria\n\t\t\t\t<\/dd><\/dl><dl class='gallery-item'>\n\t\t\t<dt class='gallery-icon landscape'>\n\t\t\t\t<a href=\"https:\/\/ferrocanor.com\/es\/productos\/pergolas\/pergola-bioclimatica\/\" title=\"\" data-rl_title=\"\" class=\"rl-gallery-link no-lightbox\" data-rl_caption=\"\" data-rel=\"lightbox-gallery-2\"><img loading=\"lazy\" decoding=\"async\" width=\"150\" height=\"150\" src=\"https:\/\/ferrocanor.com\/wp-content\/uploads\/2015\/02\/pergola_bioclimatica_portada1-150x150.jpg\" class=\"attachment-thumbnail size-thumbnail\" alt=\"\" aria-describedby=\"gallery-2-3028\" srcset=\"https:\/\/ferrocanor.com\/wp-content\/uploads\/2015\/02\/pergola_bioclimatica_portada1-150x150.jpg 150w, https:\/\/ferrocanor.com\/wp-content\/uploads\/2015\/02\/pergola_bioclimatica_portada1-300x300.jpg 300w, https:\/\/ferrocanor.com\/wp-content\/uploads\/2015\/02\/pergola_bioclimatica_portada1-200x200.jpg 200w, https:\/\/ferrocanor.com\/wp-content\/uploads\/2015\/02\/pergola_bioclimatica_portada1-100x100.jpg 100w, https:\/\/ferrocanor.com\/wp-content\/uploads\/2015\/02\/pergola_bioclimatica_portada1.jpg 750w\" sizes=\"(max-width: 150px) 100vw, 150px\" \/><\/a>\n\t\t\t<\/dt>\n\t\t\t\t<dd class='wp-caption-text gallery-caption' id='gallery-2-3028'>\n\t\t\t\tP\u00e9rgola Bioclim\u00e1tica\n\t\t\t\t<\/dd><\/dl><br style=\"clear: both\" \/>\n\t\t<\/div>\n\n","protected":false},"excerpt":{"rendered":"<p>P\u00e9rgolas Fabricamos e instalamos diferentes tipos de p\u00e9rgolas ideales para terrazas,\u00a0jardines, restaurantes u hoteles. P\u00e9rgolas de hierro\u00a0personalizables en el dise\u00f1o y en el acabado. P\u00e9rgolas con estructura de hierro y lona para protecci\u00f3n solar y\/o de la lluvia. Toldos corredizos de paliller\u00eda para poder regular la cantidad de sol que desee y con una amplia [&hellip;]<\/p>\n","protected":false},"author":2,"featured_media":0,"parent":317,"menu_order":0,"comment_status":"open","ping_status":"open","template":"","meta":{"_monsterinsights_skip_tracking":false,"_monsterinsights_sitenote_active":false,"_monsterinsights_sitenote_note":"","_monsterinsights_sitenote_category":0,"footnotes":""},"yoast_head":"<!-- This site is optimized with the Yoast SEO plugin v22.9 - https:\/\/yoast.com\/wordpress\/plugins\/seo\/ -->\n<title>P\u00e9rgolas de forja, lona, aluminio o bioclim\u00e1ticas de alta calidad<\/title>\n<meta name=\"description\" content=\"Fabricamos e instalamos p\u00e9rgolas de forja, lona, aluminio o bioclim\u00e1ticas ideales para terrazas, jardines, restaurantes u hoteles.\" \/>\n<meta name=\"robots\" content=\"index, follow, max-snippet:-1, max-image-preview:large, max-video-preview:-1\" \/>\n<link rel=\"canonical\" href=\"http:\/\/ferrocanor.com\/es\/productos\/pergolas\/\" \/>\n<meta property=\"og:locale\" content=\"es_ES\" \/>\n<meta property=\"og:type\" content=\"article\" \/>\n<meta property=\"og:title\" content=\"P\u00e9rgolas de forja, lona, aluminio o bioclim\u00e1ticas de alta calidad\" \/>\n<meta property=\"og:description\" content=\"Fabricamos e instalamos p\u00e9rgolas de forja, lona, aluminio o bioclim\u00e1ticas ideales para terrazas, jardines, restaurantes u hoteles.\" \/>\n<meta property=\"og:url\" content=\"http:\/\/ferrocanor.com\/es\/productos\/pergolas\/\" \/>\n<meta property=\"og:site_name\" content=\"ferrocanor.com\" \/>\n<meta property=\"article:publisher\" content=\"https:\/\/www.facebook.com\/Canor-ferro-alumini-i-PVC-171451982903235\" \/>\n<meta property=\"article:modified_time\" content=\"2017-03-19T09:43:12+00:00\" \/>\n<meta property=\"og:image\" content=\"http:\/\/ferrocanor.com\/wp-content\/uploads\/2015\/02\/pergola-ferro-3-150x150.jpg\" \/>\n<meta name=\"twitter:label1\" content=\"Est. reading time\" \/>\n\t<meta name=\"twitter:data1\" content=\"1 minute\" \/>\n<script type=\"application\/ld+json\" class=\"yoast-schema-graph\">{\"@context\":\"https:\/\/schema.org\",\"@graph\":[{\"@type\":\"WebPage\",\"@id\":\"http:\/\/ferrocanor.com\/es\/productos\/pergolas\/\",\"url\":\"http:\/\/ferrocanor.com\/es\/productos\/pergolas\/\",\"name\":\"P\u00e9rgolas de forja, lona, aluminio o bioclim\u00e1ticas de alta calidad\",\"isPartOf\":{\"@id\":\"http:\/\/ferrocanor.com\/#website\"},\"primaryImageOfPage\":{\"@id\":\"http:\/\/ferrocanor.com\/es\/productos\/pergolas\/#primaryimage\"},\"image\":{\"@id\":\"http:\/\/ferrocanor.com\/es\/productos\/pergolas\/#primaryimage\"},\"thumbnailUrl\":\"https:\/\/ferrocanor.com\/wp-content\/uploads\/2015\/02\/portada_pergola.jpg\",\"datePublished\":\"2015-02-24T19:48:13+00:00\",\"dateModified\":\"2017-03-19T09:43:12+00:00\",\"description\":\"Fabricamos e instalamos p\u00e9rgolas de forja, lona, aluminio o bioclim\u00e1ticas ideales para terrazas, jardines, restaurantes u hoteles.\",\"breadcrumb\":{\"@id\":\"http:\/\/ferrocanor.com\/es\/productos\/pergolas\/#breadcrumb\"},\"inLanguage\":\"es-ES\",\"potentialAction\":[{\"@type\":\"ReadAction\",\"target\":[\"http:\/\/ferrocanor.com\/es\/productos\/pergolas\/\"]}]},{\"@type\":\"ImageObject\",\"inLanguage\":\"es-ES\",\"@id\":\"http:\/\/ferrocanor.com\/es\/productos\/pergolas\/#primaryimage\",\"url\":\"https:\/\/ferrocanor.com\/wp-content\/uploads\/2015\/02\/portada_pergola.jpg\",\"contentUrl\":\"https:\/\/ferrocanor.com\/wp-content\/uploads\/2015\/02\/portada_pergola.jpg\"},{\"@type\":\"BreadcrumbList\",\"@id\":\"http:\/\/ferrocanor.com\/es\/productos\/pergolas\/#breadcrumb\",\"itemListElement\":[{\"@type\":\"ListItem\",\"position\":1,\"name\":\"Home\",\"item\":\"http:\/\/ferrocanor.com\/es\/\"},{\"@type\":\"ListItem\",\"position\":2,\"name\":\"Productos\",\"item\":\"http:\/\/ferrocanor.com\/es\/productos\/\"},{\"@type\":\"ListItem\",\"position\":3,\"name\":\"P\u00e9rgolas\"}]},{\"@type\":\"WebSite\",\"@id\":\"http:\/\/ferrocanor.com\/#website\",\"url\":\"http:\/\/ferrocanor.com\/\",\"name\":\"ferrocanor.com\",\"description\":\"Hierro - Aluminio - PVC\",\"publisher\":{\"@id\":\"http:\/\/ferrocanor.com\/#organization\"},\"potentialAction\":[{\"@type\":\"SearchAction\",\"target\":{\"@type\":\"EntryPoint\",\"urlTemplate\":\"http:\/\/ferrocanor.com\/?s={search_term_string}\"},\"query-input\":\"required name=search_term_string\"}],\"inLanguage\":\"es-ES\"},{\"@type\":\"Organization\",\"@id\":\"http:\/\/ferrocanor.com\/#organization\",\"name\":\"ferrocanor.com\",\"url\":\"http:\/\/ferrocanor.com\/\",\"logo\":{\"@type\":\"ImageObject\",\"inLanguage\":\"es-ES\",\"@id\":\"http:\/\/ferrocanor.com\/#\/schema\/logo\/image\/\",\"url\":\"https:\/\/ferrocanor.com\/wp-content\/uploads\/2022\/02\/logo-ferrocanor-horizontal-web-01.png\",\"contentUrl\":\"https:\/\/ferrocanor.com\/wp-content\/uploads\/2022\/02\/logo-ferrocanor-horizontal-web-01.png\",\"width\":357,\"height\":143,\"caption\":\"ferrocanor.com\"},\"image\":{\"@id\":\"http:\/\/ferrocanor.com\/#\/schema\/logo\/image\/\"},\"sameAs\":[\"https:\/\/www.facebook.com\/Canor-ferro-alumini-i-PVC-171451982903235\"]}]}<\/script>\n<!-- \/ Yoast SEO plugin. -->","yoast_head_json":{"title":"P\u00e9rgolas de forja, lona, aluminio o bioclim\u00e1ticas de alta calidad","description":"Fabricamos e instalamos p\u00e9rgolas de forja, lona, aluminio o bioclim\u00e1ticas ideales para terrazas, jardines, restaurantes u hoteles.","robots":{"index":"index","follow":"follow","max-snippet":"max-snippet:-1","max-image-preview":"max-image-preview:large","max-video-preview":"max-video-preview:-1"},"canonical":"http:\/\/ferrocanor.com\/es\/productos\/pergolas\/","og_locale":"es_ES","og_type":"article","og_title":"P\u00e9rgolas de forja, lona, aluminio o bioclim\u00e1ticas de alta calidad","og_description":"Fabricamos e instalamos p\u00e9rgolas de forja, lona, aluminio o bioclim\u00e1ticas ideales para terrazas, jardines, restaurantes u hoteles.","og_url":"http:\/\/ferrocanor.com\/es\/productos\/pergolas\/","og_site_name":"ferrocanor.com","article_publisher":"https:\/\/www.facebook.com\/Canor-ferro-alumini-i-PVC-171451982903235","article_modified_time":"2017-03-19T09:43:12+00:00","og_image":[{"url":"http:\/\/ferrocanor.com\/wp-content\/uploads\/2015\/02\/pergola-ferro-3-150x150.jpg"}],"twitter_misc":{"Est. reading time":"1 minute"},"schema":{"@context":"https:\/\/schema.org","@graph":[{"@type":"WebPage","@id":"http:\/\/ferrocanor.com\/es\/productos\/pergolas\/","url":"http:\/\/ferrocanor.com\/es\/productos\/pergolas\/","name":"P\u00e9rgolas de forja, lona, aluminio o bioclim\u00e1ticas de alta calidad","isPartOf":{"@id":"http:\/\/ferrocanor.com\/#website"},"primaryImageOfPage":{"@id":"http:\/\/ferrocanor.com\/es\/productos\/pergolas\/#primaryimage"},"image":{"@id":"http:\/\/ferrocanor.com\/es\/productos\/pergolas\/#primaryimage"},"thumbnailUrl":"https:\/\/ferrocanor.com\/wp-content\/uploads\/2015\/02\/portada_pergola.jpg","datePublished":"2015-02-24T19:48:13+00:00","dateModified":"2017-03-19T09:43:12+00:00","description":"Fabricamos e instalamos p\u00e9rgolas de forja, lona, aluminio o bioclim\u00e1ticas ideales para terrazas, jardines, restaurantes u hoteles.","breadcrumb":{"@id":"http:\/\/ferrocanor.com\/es\/productos\/pergolas\/#breadcrumb"},"inLanguage":"es-ES","potentialAction":[{"@type":"ReadAction","target":["http:\/\/ferrocanor.com\/es\/productos\/pergolas\/"]}]},{"@type":"ImageObject","inLanguage":"es-ES","@id":"http:\/\/ferrocanor.com\/es\/productos\/pergolas\/#primaryimage","url":"https:\/\/ferrocanor.com\/wp-content\/uploads\/2015\/02\/portada_pergola.jpg","contentUrl":"https:\/\/ferrocanor.com\/wp-content\/uploads\/2015\/02\/portada_pergola.jpg"},{"@type":"BreadcrumbList","@id":"http:\/\/ferrocanor.com\/es\/productos\/pergolas\/#breadcrumb","itemListElement":[{"@type":"ListItem","position":1,"name":"Home","item":"http:\/\/ferrocanor.com\/es\/"},{"@type":"ListItem","position":2,"name":"Productos","item":"http:\/\/ferrocanor.com\/es\/productos\/"},{"@type":"ListItem","position":3,"name":"P\u00e9rgolas"}]},{"@type":"WebSite","@id":"http:\/\/ferrocanor.com\/#website","url":"http:\/\/ferrocanor.com\/","name":"ferrocanor.com","description":"Hierro - Aluminio - PVC","publisher":{"@id":"http:\/\/ferrocanor.com\/#organization"},"potentialAction":[{"@type":"SearchAction","target":{"@type":"EntryPoint","urlTemplate":"http:\/\/ferrocanor.com\/?s={search_term_string}"},"query-input":"required name=search_term_string"}],"inLanguage":"es-ES"},{"@type":"Organization","@id":"http:\/\/ferrocanor.com\/#organization","name":"ferrocanor.com","url":"http:\/\/ferrocanor.com\/","logo":{"@type":"ImageObject","inLanguage":"es-ES","@id":"http:\/\/ferrocanor.com\/#\/schema\/logo\/image\/","url":"https:\/\/ferrocanor.com\/wp-content\/uploads\/2022\/02\/logo-ferrocanor-horizontal-web-01.png","contentUrl":"https:\/\/ferrocanor.com\/wp-content\/uploads\/2022\/02\/logo-ferrocanor-horizontal-web-01.png","width":357,"height":143,"caption":"ferrocanor.com"},"image":{"@id":"http:\/\/ferrocanor.com\/#\/schema\/logo\/image\/"},"sameAs":["https:\/\/www.facebook.com\/Canor-ferro-alumini-i-PVC-171451982903235"]}]}},"_links":{"self":[{"href":"https:\/\/ferrocanor.com\/es\/wp-json\/wp\/v2\/pages\/314"}],"collection":[{"href":"https:\/\/ferrocanor.com\/es\/wp-json\/wp\/v2\/pages"}],"about":[{"href":"https:\/\/ferrocanor.com\/es\/wp-json\/wp\/v2\/types\/page"}],"author":[{"embeddable":true,"href":"https:\/\/ferrocanor.com\/es\/wp-json\/wp\/v2\/users\/2"}],"replies":[{"embeddable":true,"href":"https:\/\/ferrocanor.com\/es\/wp-json\/wp\/v2\/comments?post=314"}],"version-history":[{"count":19,"href":"https:\/\/ferrocanor.com\/es\/wp-json\/wp\/v2\/pages\/314\/revisions"}],"predecessor-version":[{"id":7370,"href":"https:\/\/ferrocanor.com\/es\/wp-json\/wp\/v2\/pages\/314\/revisions\/7370"}],"up":[{"embeddable":true,"href":"https:\/\/ferrocanor.com\/es\/wp-json\/wp\/v2\/pages\/317"}],"wp:attachment":[{"href":"https:\/\/ferrocanor.com\/es\/wp-json\/wp\/v2\/media?parent=314"}],"curies":[{"name":"wp","href":"https:\/\/api.w.org\/{rel}","templated":true}]}}