{"id":3214,"date":"2015-05-13T16:56:26","date_gmt":"2015-05-13T14:56:26","guid":{"rendered":"https:\/\/ferrocanor.com\/productos\/toldos\/tendals-de-bracos\/"},"modified":"2017-03-18T17:01:55","modified_gmt":"2017-03-18T16:01:55","slug":"toldos-de-brazos","status":"publish","type":"page","link":"https:\/\/ferrocanor.com\/es\/productos\/toldos\/toldos-de-brazos\/","title":{"rendered":"Toldos de brazos"},"content":{"rendered":"<h3>Toldos de brazos<\/h3>\n<p>Los toldos,\u00a0adem\u00e1s de protecci\u00f3n solar,\u00a0proporcionan espacios de sombra y regulaci\u00f3n de la luz natural aport\u00e1ndonos ventajas como disminuci\u00f3n de radiaci\u00f3n solar,\u00a0ahorro en consumo de aire acondicionado y protecci\u00f3n contra los rayos UV. Una posibilidad son los <strong>toldos de brazos<\/strong>\u00a0articulados y telesc\u00f3picos, que pertenecen a los sistemas de protecci\u00f3n solar que se montan por lo general en la pared o techo quedando el toldo suspendido y pudiendo enrollarlo. Tienen la posibilidad de apertura manual o motorizada. Y se puede elegir entre una gran variedad de tejidos y colores.<\/p>\n<p>En la siguiente galer\u00eda pod\u00e9is ver un ejemplo de trabajo acabado de un toldo de brazos articulados.<\/p>\n<hr \/>\n\n\t\t<style type=\"text\/css\">\n\t\t\t#gallery-2 {\n\t\t\t\tmargin: auto;\n\t\t\t}\n\t\t\t#gallery-2 .gallery-item {\n\t\t\t\tfloat: left;\n\t\t\t\tmargin-top: 10px;\n\t\t\t\ttext-align: center;\n\t\t\t\twidth: 25%;\n\t\t\t}\n\t\t\t#gallery-2 img {\n\t\t\t\tborder: 2px solid #cfcfcf;\n\t\t\t}\n\t\t\t#gallery-2 .gallery-caption {\n\t\t\t\tmargin-left: 0;\n\t\t\t}\n\t\t\t\/* see gallery_shortcode() in wp-includes\/media.php *\/\n\t\t<\/style>\n\t\t<div id='gallery-2' class='gallery galleryid-3214 gallery-columns-4 gallery-size-thumbnail'><dl class='gallery-item'>\n\t\t\t<dt class='gallery-icon landscape'>\n\t\t\t\t<a href='https:\/\/ferrocanor.com\/wp-content\/uploads\/2015\/05\/toldo_de_brazo_11.jpg' title=\"\" data-rl_title=\"\" class=\"rl-gallery-link\" data-rl_caption=\"\" data-rel=\"lightbox-gallery-2\"><img loading=\"lazy\" decoding=\"async\" width=\"150\" height=\"150\" src=\"https:\/\/ferrocanor.com\/wp-content\/uploads\/2015\/05\/toldo_de_brazo_11-150x150.jpg\" class=\"attachment-thumbnail size-thumbnail\" alt=\"\" srcset=\"https:\/\/ferrocanor.com\/wp-content\/uploads\/2015\/05\/toldo_de_brazo_11-150x150.jpg 150w, https:\/\/ferrocanor.com\/wp-content\/uploads\/2015\/05\/toldo_de_brazo_11-100x100.jpg 100w\" sizes=\"(max-width: 150px) 100vw, 150px\" \/><\/a>\n\t\t\t<\/dt><\/dl><dl class='gallery-item'>\n\t\t\t<dt class='gallery-icon landscape'>\n\t\t\t\t<a href='https:\/\/ferrocanor.com\/wp-content\/uploads\/2015\/05\/toldo_de_brazo_21.jpg' title=\"\" data-rl_title=\"\" class=\"rl-gallery-link\" data-rl_caption=\"\" data-rel=\"lightbox-gallery-2\"><img loading=\"lazy\" decoding=\"async\" width=\"150\" height=\"150\" src=\"https:\/\/ferrocanor.com\/wp-content\/uploads\/2015\/05\/toldo_de_brazo_21-150x150.jpg\" class=\"attachment-thumbnail size-thumbnail\" alt=\"\" srcset=\"https:\/\/ferrocanor.com\/wp-content\/uploads\/2015\/05\/toldo_de_brazo_21-150x150.jpg 150w, https:\/\/ferrocanor.com\/wp-content\/uploads\/2015\/05\/toldo_de_brazo_21-100x100.jpg 100w\" sizes=\"(max-width: 150px) 100vw, 150px\" \/><\/a>\n\t\t\t<\/dt><\/dl>\n\t\t\t<br style='clear: both' \/>\n\t\t<\/div>\n\n","protected":false},"excerpt":{"rendered":"<p>Toldos de brazos Los toldos,\u00a0adem\u00e1s de protecci\u00f3n solar,\u00a0proporcionan espacios de sombra y regulaci\u00f3n de la luz natural aport\u00e1ndonos ventajas como disminuci\u00f3n de radiaci\u00f3n solar,\u00a0ahorro en consumo de aire acondicionado y protecci\u00f3n contra los rayos UV. Una posibilidad son los toldos de brazos\u00a0articulados y telesc\u00f3picos, que pertenecen a los sistemas de protecci\u00f3n solar que se montan [&hellip;]<\/p>\n","protected":false},"author":3,"featured_media":1272,"parent":676,"menu_order":0,"comment_status":"open","ping_status":"open","template":"","meta":{"_monsterinsights_skip_tracking":false,"_monsterinsights_sitenote_active":false,"_monsterinsights_sitenote_note":"","_monsterinsights_sitenote_category":0,"footnotes":""},"yoast_head":"<!-- This site is optimized with the Yoast SEO plugin v22.9 - https:\/\/yoast.com\/wordpress\/plugins\/seo\/ -->\n<title>Toldos extensibles de brazos articulados y telesc\u00f3picos<\/title>\n<meta name=\"description\" content=\"Los toldos de brazos articulados y telesc\u00f3picos se montan en general en la pared o techo. Posibilidad de apertura manual o motorizada.\" \/>\n<meta name=\"robots\" content=\"index, follow, max-snippet:-1, max-image-preview:large, max-video-preview:-1\" \/>\n<link rel=\"canonical\" href=\"https:\/\/ferrocanor.com\/es\/productos\/toldos\/toldos-de-brazos\/\" \/>\n<meta property=\"og:locale\" content=\"es_ES\" \/>\n<meta property=\"og:type\" content=\"article\" \/>\n<meta property=\"og:title\" content=\"Toldos extensibles de brazos articulados y telesc\u00f3picos\" \/>\n<meta property=\"og:description\" content=\"Los toldos de brazos articulados y telesc\u00f3picos se montan en general en la pared o techo. Posibilidad de apertura manual o motorizada.\" \/>\n<meta property=\"og:url\" content=\"https:\/\/ferrocanor.com\/es\/productos\/toldos\/toldos-de-brazos\/\" \/>\n<meta property=\"og:site_name\" content=\"ferrocanor.com\" \/>\n<meta property=\"article:publisher\" content=\"https:\/\/www.facebook.com\/Canor-ferro-alumini-i-PVC-171451982903235\" \/>\n<meta property=\"article:modified_time\" content=\"2017-03-18T16:01:55+00:00\" \/>\n<meta property=\"og:image\" content=\"https:\/\/ferrocanor.com\/wp-content\/uploads\/2015\/05\/toldo_de_brazo_3.jpg\" \/>\n\t<meta property=\"og:image:width\" content=\"1000\" \/>\n\t<meta property=\"og:image:height\" content=\"750\" \/>\n\t<meta property=\"og:image:type\" content=\"image\/jpeg\" \/>\n<meta name=\"twitter:label1\" content=\"Est. reading time\" \/>\n\t<meta name=\"twitter:data1\" content=\"1 minute\" \/>\n<script type=\"application\/ld+json\" class=\"yoast-schema-graph\">{\"@context\":\"https:\/\/schema.org\",\"@graph\":[{\"@type\":\"WebPage\",\"@id\":\"https:\/\/ferrocanor.com\/es\/productos\/toldos\/toldos-de-brazos\/\",\"url\":\"https:\/\/ferrocanor.com\/es\/productos\/toldos\/toldos-de-brazos\/\",\"name\":\"Toldos extensibles de brazos articulados y telesc\u00f3picos\",\"isPartOf\":{\"@id\":\"http:\/\/ferrocanor.com\/#website\"},\"primaryImageOfPage\":{\"@id\":\"https:\/\/ferrocanor.com\/es\/productos\/toldos\/toldos-de-brazos\/#primaryimage\"},\"image\":{\"@id\":\"https:\/\/ferrocanor.com\/es\/productos\/toldos\/toldos-de-brazos\/#primaryimage\"},\"thumbnailUrl\":\"https:\/\/ferrocanor.com\/wp-content\/uploads\/2015\/05\/toldo_de_brazo_3.jpg\",\"datePublished\":\"2015-05-13T14:56:26+00:00\",\"dateModified\":\"2017-03-18T16:01:55+00:00\",\"description\":\"Los toldos de brazos articulados y telesc\u00f3picos se montan en general en la pared o techo. Posibilidad de apertura manual o motorizada.\",\"breadcrumb\":{\"@id\":\"https:\/\/ferrocanor.com\/es\/productos\/toldos\/toldos-de-brazos\/#breadcrumb\"},\"inLanguage\":\"es-ES\",\"potentialAction\":[{\"@type\":\"ReadAction\",\"target\":[\"https:\/\/ferrocanor.com\/es\/productos\/toldos\/toldos-de-brazos\/\"]}]},{\"@type\":\"ImageObject\",\"inLanguage\":\"es-ES\",\"@id\":\"https:\/\/ferrocanor.com\/es\/productos\/toldos\/toldos-de-brazos\/#primaryimage\",\"url\":\"https:\/\/ferrocanor.com\/wp-content\/uploads\/2015\/05\/toldo_de_brazo_3.jpg\",\"contentUrl\":\"https:\/\/ferrocanor.com\/wp-content\/uploads\/2015\/05\/toldo_de_brazo_3.jpg\",\"width\":1000,\"height\":750,\"caption\":\"toldos de brazos\"},{\"@type\":\"BreadcrumbList\",\"@id\":\"https:\/\/ferrocanor.com\/es\/productos\/toldos\/toldos-de-brazos\/#breadcrumb\",\"itemListElement\":[{\"@type\":\"ListItem\",\"position\":1,\"name\":\"Home\",\"item\":\"http:\/\/ferrocanor.com\/es\/\"},{\"@type\":\"ListItem\",\"position\":2,\"name\":\"Productos\",\"item\":\"http:\/\/ferrocanor.com\/es\/productos\/\"},{\"@type\":\"ListItem\",\"position\":3,\"name\":\"Toldos\",\"item\":\"https:\/\/ferrocanor.com\/es\/productos\/toldos\/\"},{\"@type\":\"ListItem\",\"position\":4,\"name\":\"Toldos de brazos\"}]},{\"@type\":\"WebSite\",\"@id\":\"http:\/\/ferrocanor.com\/#website\",\"url\":\"http:\/\/ferrocanor.com\/\",\"name\":\"ferrocanor.com\",\"description\":\"Hierro - Aluminio - PVC\",\"publisher\":{\"@id\":\"http:\/\/ferrocanor.com\/#organization\"},\"potentialAction\":[{\"@type\":\"SearchAction\",\"target\":{\"@type\":\"EntryPoint\",\"urlTemplate\":\"http:\/\/ferrocanor.com\/?s={search_term_string}\"},\"query-input\":\"required name=search_term_string\"}],\"inLanguage\":\"es-ES\"},{\"@type\":\"Organization\",\"@id\":\"http:\/\/ferrocanor.com\/#organization\",\"name\":\"ferrocanor.com\",\"url\":\"http:\/\/ferrocanor.com\/\",\"logo\":{\"@type\":\"ImageObject\",\"inLanguage\":\"es-ES\",\"@id\":\"http:\/\/ferrocanor.com\/#\/schema\/logo\/image\/\",\"url\":\"https:\/\/ferrocanor.com\/wp-content\/uploads\/2022\/02\/logo-ferrocanor-horizontal-web-01.png\",\"contentUrl\":\"https:\/\/ferrocanor.com\/wp-content\/uploads\/2022\/02\/logo-ferrocanor-horizontal-web-01.png\",\"width\":357,\"height\":143,\"caption\":\"ferrocanor.com\"},\"image\":{\"@id\":\"http:\/\/ferrocanor.com\/#\/schema\/logo\/image\/\"},\"sameAs\":[\"https:\/\/www.facebook.com\/Canor-ferro-alumini-i-PVC-171451982903235\"]}]}<\/script>\n<!-- \/ Yoast SEO plugin. -->","yoast_head_json":{"title":"Toldos extensibles de brazos articulados y telesc\u00f3picos","description":"Los toldos de brazos articulados y telesc\u00f3picos se montan en general en la pared o techo. Posibilidad de apertura manual o motorizada.","robots":{"index":"index","follow":"follow","max-snippet":"max-snippet:-1","max-image-preview":"max-image-preview:large","max-video-preview":"max-video-preview:-1"},"canonical":"https:\/\/ferrocanor.com\/es\/productos\/toldos\/toldos-de-brazos\/","og_locale":"es_ES","og_type":"article","og_title":"Toldos extensibles de brazos articulados y telesc\u00f3picos","og_description":"Los toldos de brazos articulados y telesc\u00f3picos se montan en general en la pared o techo. Posibilidad de apertura manual o motorizada.","og_url":"https:\/\/ferrocanor.com\/es\/productos\/toldos\/toldos-de-brazos\/","og_site_name":"ferrocanor.com","article_publisher":"https:\/\/www.facebook.com\/Canor-ferro-alumini-i-PVC-171451982903235","article_modified_time":"2017-03-18T16:01:55+00:00","og_image":[{"width":1000,"height":750,"url":"https:\/\/ferrocanor.com\/wp-content\/uploads\/2015\/05\/toldo_de_brazo_3.jpg","type":"image\/jpeg"}],"twitter_misc":{"Est. reading time":"1 minute"},"schema":{"@context":"https:\/\/schema.org","@graph":[{"@type":"WebPage","@id":"https:\/\/ferrocanor.com\/es\/productos\/toldos\/toldos-de-brazos\/","url":"https:\/\/ferrocanor.com\/es\/productos\/toldos\/toldos-de-brazos\/","name":"Toldos extensibles de brazos articulados y telesc\u00f3picos","isPartOf":{"@id":"http:\/\/ferrocanor.com\/#website"},"primaryImageOfPage":{"@id":"https:\/\/ferrocanor.com\/es\/productos\/toldos\/toldos-de-brazos\/#primaryimage"},"image":{"@id":"https:\/\/ferrocanor.com\/es\/productos\/toldos\/toldos-de-brazos\/#primaryimage"},"thumbnailUrl":"https:\/\/ferrocanor.com\/wp-content\/uploads\/2015\/05\/toldo_de_brazo_3.jpg","datePublished":"2015-05-13T14:56:26+00:00","dateModified":"2017-03-18T16:01:55+00:00","description":"Los toldos de brazos articulados y telesc\u00f3picos se montan en general en la pared o techo. Posibilidad de apertura manual o motorizada.","breadcrumb":{"@id":"https:\/\/ferrocanor.com\/es\/productos\/toldos\/toldos-de-brazos\/#breadcrumb"},"inLanguage":"es-ES","potentialAction":[{"@type":"ReadAction","target":["https:\/\/ferrocanor.com\/es\/productos\/toldos\/toldos-de-brazos\/"]}]},{"@type":"ImageObject","inLanguage":"es-ES","@id":"https:\/\/ferrocanor.com\/es\/productos\/toldos\/toldos-de-brazos\/#primaryimage","url":"https:\/\/ferrocanor.com\/wp-content\/uploads\/2015\/05\/toldo_de_brazo_3.jpg","contentUrl":"https:\/\/ferrocanor.com\/wp-content\/uploads\/2015\/05\/toldo_de_brazo_3.jpg","width":1000,"height":750,"caption":"toldos de brazos"},{"@type":"BreadcrumbList","@id":"https:\/\/ferrocanor.com\/es\/productos\/toldos\/toldos-de-brazos\/#breadcrumb","itemListElement":[{"@type":"ListItem","position":1,"name":"Home","item":"http:\/\/ferrocanor.com\/es\/"},{"@type":"ListItem","position":2,"name":"Productos","item":"http:\/\/ferrocanor.com\/es\/productos\/"},{"@type":"ListItem","position":3,"name":"Toldos","item":"https:\/\/ferrocanor.com\/es\/productos\/toldos\/"},{"@type":"ListItem","position":4,"name":"Toldos de brazos"}]},{"@type":"WebSite","@id":"http:\/\/ferrocanor.com\/#website","url":"http:\/\/ferrocanor.com\/","name":"ferrocanor.com","description":"Hierro - Aluminio - PVC","publisher":{"@id":"http:\/\/ferrocanor.com\/#organization"},"potentialAction":[{"@type":"SearchAction","target":{"@type":"EntryPoint","urlTemplate":"http:\/\/ferrocanor.com\/?s={search_term_string}"},"query-input":"required name=search_term_string"}],"inLanguage":"es-ES"},{"@type":"Organization","@id":"http:\/\/ferrocanor.com\/#organization","name":"ferrocanor.com","url":"http:\/\/ferrocanor.com\/","logo":{"@type":"ImageObject","inLanguage":"es-ES","@id":"http:\/\/ferrocanor.com\/#\/schema\/logo\/image\/","url":"https:\/\/ferrocanor.com\/wp-content\/uploads\/2022\/02\/logo-ferrocanor-horizontal-web-01.png","contentUrl":"https:\/\/ferrocanor.com\/wp-content\/uploads\/2022\/02\/logo-ferrocanor-horizontal-web-01.png","width":357,"height":143,"caption":"ferrocanor.com"},"image":{"@id":"http:\/\/ferrocanor.com\/#\/schema\/logo\/image\/"},"sameAs":["https:\/\/www.facebook.com\/Canor-ferro-alumini-i-PVC-171451982903235"]}]}},"_links":{"self":[{"href":"https:\/\/ferrocanor.com\/es\/wp-json\/wp\/v2\/pages\/3214"}],"collection":[{"href":"https:\/\/ferrocanor.com\/es\/wp-json\/wp\/v2\/pages"}],"about":[{"href":"https:\/\/ferrocanor.com\/es\/wp-json\/wp\/v2\/types\/page"}],"author":[{"embeddable":true,"href":"https:\/\/ferrocanor.com\/es\/wp-json\/wp\/v2\/users\/3"}],"replies":[{"embeddable":true,"href":"https:\/\/ferrocanor.com\/es\/wp-json\/wp\/v2\/comments?post=3214"}],"version-history":[{"count":6,"href":"https:\/\/ferrocanor.com\/es\/wp-json\/wp\/v2\/pages\/3214\/revisions"}],"predecessor-version":[{"id":7344,"href":"https:\/\/ferrocanor.com\/es\/wp-json\/wp\/v2\/pages\/3214\/revisions\/7344"}],"up":[{"embeddable":true,"href":"https:\/\/ferrocanor.com\/es\/wp-json\/wp\/v2\/pages\/676"}],"wp:featuredmedia":[{"embeddable":true,"href":"https:\/\/ferrocanor.com\/es\/wp-json\/wp\/v2\/media\/1272"}],"wp:attachment":[{"href":"https:\/\/ferrocanor.com\/es\/wp-json\/wp\/v2\/media?parent=3214"}],"curies":[{"name":"wp","href":"https:\/\/api.w.org\/{rel}","templated":true}]}}