{"id":325,"date":"2015-04-29T12:29:21","date_gmt":"2015-04-29T10:29:21","guid":{"rendered":"https:\/\/ferrocanor.com\/productos\/balconades\/"},"modified":"2017-04-10T15:58:55","modified_gmt":"2017-04-10T13:58:55","slug":"balcones","status":"publish","type":"page","link":"https:\/\/ferrocanor.com\/es\/productos\/balcones\/","title":{"rendered":"Balcones"},"content":{"rendered":"<h2><img loading=\"lazy\" decoding=\"async\" class=\"alignnone wp-image-309 size-full\" src=\"https:\/\/ferrocanor.com\/wp-content\/uploads\/2015\/04\/portada_balcones.jpg\" alt=\"portada_balcones\" width=\"960\" height=\"324\" srcset=\"https:\/\/ferrocanor.com\/wp-content\/uploads\/2015\/04\/portada_balcones.jpg 960w, https:\/\/ferrocanor.com\/wp-content\/uploads\/2015\/04\/portada_balcones-300x101.jpg 300w, https:\/\/ferrocanor.com\/wp-content\/uploads\/2015\/04\/portada_balcones-250x84.jpg 250w\" sizes=\"(max-width: 960px) 100vw, 960px\" \/><\/h2>\n<h2>Balcones<\/h2>\n<hr \/>\n<p>Es importante cuidar los detalles del interior as\u00ed como los del exterior,\u00a0por eso los balcones son un elemento muy importante en el dise\u00f1o y equilibrio de tu fachada,\u00a0nosotros te damos la posibilidad de hacer un balc\u00f3n a tu gusto.<br \/>\nFabricamos cualquier tipo de balc\u00f3n de forja art\u00edstica,\u00a0 donde se pueden combinar un sinf\u00edn de formas y decoraciones. Pueden ser de un dise\u00f1o muy simple y minimalista hasta el dise\u00f1o m\u00e1s elaborado y recargado en decoraci\u00f3n.<br \/>\nY para darle el toque que necesita se puede lacar con el acabado m\u00e1s apropiado, escogiendo entre una gran variedad de colores: color liso RAL, colores forja texturizados, metalizados, martel\u00e9s.<\/p>\n<p>Los balcones tambi\u00e9n se pueden galvanizar para protegerlos del \u00f3xido.<\/p>\n<p>En la siguiente galer\u00eda pod\u00e9is ver unos ejemplos de trabajos acabados.<\/p>\n<hr \/>\n<h5>Galer\u00eda fotogr\u00e1fica<\/h5>\n\n\t\t<style type=\"text\/css\">\n\t\t\t#gallery-2 {\n\t\t\t\tmargin: auto;\n\t\t\t}\n\t\t\t#gallery-2 .gallery-item {\n\t\t\t\tfloat: left;\n\t\t\t\tmargin-top: 10px;\n\t\t\t\ttext-align: center;\n\t\t\t\twidth: 33%;\n\t\t\t}\n\t\t\t#gallery-2 img {\n\t\t\t\tborder: 2px solid #cfcfcf;\n\t\t\t}\n\t\t\t#gallery-2 .gallery-caption {\n\t\t\t\tmargin-left: 0;\n\t\t\t}\n\t\t\t\/* see gallery_shortcode() in wp-includes\/media.php *\/\n\t\t<\/style>\n\t\t<div id='gallery-2' class='gallery galleryid-325 gallery-columns-3 gallery-size-thumbnail'><dl class='gallery-item'>\n\t\t\t<dt class='gallery-icon landscape'>\n\t\t\t\t<a href='https:\/\/ferrocanor.com\/wp-content\/uploads\/2015\/04\/balcon-hierro-decoracion-forja3.jpg' title=\"\" data-rl_title=\"\" class=\"rl-gallery-link\" data-rl_caption=\"\" data-rel=\"lightbox-gallery-2\"><img loading=\"lazy\" decoding=\"async\" width=\"150\" height=\"150\" src=\"https:\/\/ferrocanor.com\/wp-content\/uploads\/2015\/04\/balcon-hierro-decoracion-forja3-150x150.jpg\" class=\"attachment-thumbnail size-thumbnail\" alt=\"Balc\u00f3n de hierro con decoraci\u00f3n de forja\" srcset=\"https:\/\/ferrocanor.com\/wp-content\/uploads\/2015\/04\/balcon-hierro-decoracion-forja3-150x150.jpg 150w, https:\/\/ferrocanor.com\/wp-content\/uploads\/2015\/04\/balcon-hierro-decoracion-forja3-100x100.jpg 100w\" sizes=\"(max-width: 150px) 100vw, 150px\" \/><\/a>\n\t\t\t<\/dt><\/dl><dl class='gallery-item'>\n\t\t\t<dt class='gallery-icon landscape'>\n\t\t\t\t<a href='https:\/\/ferrocanor.com\/wp-content\/uploads\/2015\/04\/balcon-hierro-decoracion-forja-23.jpg' title=\"\" data-rl_title=\"\" class=\"rl-gallery-link\" data-rl_caption=\"\" data-rel=\"lightbox-gallery-2\"><img loading=\"lazy\" decoding=\"async\" width=\"150\" height=\"150\" src=\"https:\/\/ferrocanor.com\/wp-content\/uploads\/2015\/04\/balcon-hierro-decoracion-forja-23-150x150.jpg\" class=\"attachment-thumbnail size-thumbnail\" alt=\"Detalle balc\u00f3n de hierro con decoraci\u00f3n de forja\" srcset=\"https:\/\/ferrocanor.com\/wp-content\/uploads\/2015\/04\/balcon-hierro-decoracion-forja-23-150x150.jpg 150w, https:\/\/ferrocanor.com\/wp-content\/uploads\/2015\/04\/balcon-hierro-decoracion-forja-23-100x100.jpg 100w\" sizes=\"(max-width: 150px) 100vw, 150px\" \/><\/a>\n\t\t\t<\/dt><\/dl><dl class='gallery-item'>\n\t\t\t<dt class='gallery-icon landscape'>\n\t\t\t\t<a href='https:\/\/ferrocanor.com\/wp-content\/uploads\/2015\/04\/Balcones_22.jpg' title=\"\" data-rl_title=\"\" class=\"rl-gallery-link\" data-rl_caption=\"\" data-rel=\"lightbox-gallery-2\"><img loading=\"lazy\" decoding=\"async\" width=\"150\" height=\"150\" src=\"https:\/\/ferrocanor.com\/wp-content\/uploads\/2015\/04\/Balcones_22-150x150.jpg\" class=\"attachment-thumbnail size-thumbnail\" alt=\"Balc\u00f3n de hierro con cenefa de fundici\u00f3n\" srcset=\"https:\/\/ferrocanor.com\/wp-content\/uploads\/2015\/04\/Balcones_22-150x150.jpg 150w, https:\/\/ferrocanor.com\/wp-content\/uploads\/2015\/04\/Balcones_22-100x100.jpg 100w\" sizes=\"(max-width: 150px) 100vw, 150px\" \/><\/a>\n\t\t\t<\/dt><\/dl><br style=\"clear: both\" \/><dl class='gallery-item'>\n\t\t\t<dt class='gallery-icon landscape'>\n\t\t\t\t<a href='https:\/\/ferrocanor.com\/wp-content\/uploads\/2015\/04\/Balcones_52.jpg' title=\"\" data-rl_title=\"\" class=\"rl-gallery-link\" data-rl_caption=\"\" data-rel=\"lightbox-gallery-2\"><img loading=\"lazy\" decoding=\"async\" width=\"150\" height=\"150\" src=\"https:\/\/ferrocanor.com\/wp-content\/uploads\/2015\/04\/Balcones_52-150x150.jpg\" class=\"attachment-thumbnail size-thumbnail\" alt=\"Balc\u00f3n de hierro con decoraci\u00f3n de fundici\u00f3n\" srcset=\"https:\/\/ferrocanor.com\/wp-content\/uploads\/2015\/04\/Balcones_52-150x150.jpg 150w, https:\/\/ferrocanor.com\/wp-content\/uploads\/2015\/04\/Balcones_52-100x100.jpg 100w\" sizes=\"(max-width: 150px) 100vw, 150px\" \/><\/a>\n\t\t\t<\/dt><\/dl><dl class='gallery-item'>\n\t\t\t<dt class='gallery-icon landscape'>\n\t\t\t\t<a href='https:\/\/ferrocanor.com\/wp-content\/uploads\/2015\/04\/Balcones_62.jpg' title=\"\" data-rl_title=\"\" class=\"rl-gallery-link\" data-rl_caption=\"\" data-rel=\"lightbox-gallery-2\"><img loading=\"lazy\" decoding=\"async\" width=\"150\" height=\"150\" src=\"https:\/\/ferrocanor.com\/wp-content\/uploads\/2015\/04\/Balcones_62-150x150.jpg\" class=\"attachment-thumbnail size-thumbnail\" alt=\"Balc\u00f3n de hierro con decoraci\u00f3n de fundici\u00f3n\" srcset=\"https:\/\/ferrocanor.com\/wp-content\/uploads\/2015\/04\/Balcones_62-150x150.jpg 150w, https:\/\/ferrocanor.com\/wp-content\/uploads\/2015\/04\/Balcones_62-100x100.jpg 100w\" sizes=\"(max-width: 150px) 100vw, 150px\" \/><\/a>\n\t\t\t<\/dt><\/dl>\n\t\t\t<br style='clear: both' \/>\n\t\t<\/div>\n\n","protected":false},"excerpt":{"rendered":"<p>Balcones Es importante cuidar los detalles del interior as\u00ed como los del exterior,\u00a0por eso los balcones son un elemento muy importante en el dise\u00f1o y equilibrio de tu fachada,\u00a0nosotros te damos la posibilidad de hacer un balc\u00f3n a tu gusto. Fabricamos cualquier tipo de balc\u00f3n de forja art\u00edstica,\u00a0 donde se pueden combinar un sinf\u00edn de [&hellip;]<\/p>\n","protected":false},"author":2,"featured_media":0,"parent":317,"menu_order":0,"comment_status":"open","ping_status":"open","template":"","meta":{"_monsterinsights_skip_tracking":false,"_monsterinsights_sitenote_active":false,"_monsterinsights_sitenote_note":"","_monsterinsights_sitenote_category":0,"footnotes":""},"yoast_head":"<!-- This site is optimized with the Yoast SEO plugin v22.9 - https:\/\/yoast.com\/wordpress\/plugins\/seo\/ -->\n<title>Balcones de hierro y forja con dise\u00f1os personalizados<\/title>\n<meta name=\"description\" content=\"Los balcones son un elemento muy importante en el dise\u00f1o y equilibrio de su fachada, por eso le damos la posibilidad de hacerle cualquier tipo de balc\u00f3n.\" \/>\n<meta name=\"robots\" content=\"index, follow, max-snippet:-1, max-image-preview:large, max-video-preview:-1\" \/>\n<link rel=\"canonical\" href=\"https:\/\/ferrocanor.com\/es\/productos\/balcones\/\" \/>\n<meta property=\"og:locale\" content=\"es_ES\" \/>\n<meta property=\"og:type\" content=\"article\" \/>\n<meta property=\"og:title\" content=\"Balcones de hierro y forja con dise\u00f1os personalizados\" \/>\n<meta property=\"og:description\" content=\"Los balcones son un elemento muy importante en el dise\u00f1o y equilibrio de su fachada, por eso le damos la posibilidad de hacerle cualquier tipo de balc\u00f3n.\" \/>\n<meta property=\"og:url\" content=\"https:\/\/ferrocanor.com\/es\/productos\/balcones\/\" \/>\n<meta property=\"og:site_name\" content=\"ferrocanor.com\" \/>\n<meta property=\"article:publisher\" content=\"https:\/\/www.facebook.com\/Canor-ferro-alumini-i-PVC-171451982903235\" \/>\n<meta property=\"article:modified_time\" content=\"2017-04-10T13:58:55+00:00\" \/>\n<meta property=\"og:image\" content=\"https:\/\/ferrocanor.com\/wp-content\/uploads\/2015\/04\/balcon-hierro-decoracion-forja3-150x150.jpg\" \/>\n<meta name=\"twitter:label1\" content=\"Est. reading time\" \/>\n\t<meta name=\"twitter:data1\" content=\"1 minute\" \/>\n<script type=\"application\/ld+json\" class=\"yoast-schema-graph\">{\"@context\":\"https:\/\/schema.org\",\"@graph\":[{\"@type\":\"WebPage\",\"@id\":\"https:\/\/ferrocanor.com\/es\/productos\/balcones\/\",\"url\":\"https:\/\/ferrocanor.com\/es\/productos\/balcones\/\",\"name\":\"Balcones de hierro y forja con dise\u00f1os personalizados\",\"isPartOf\":{\"@id\":\"http:\/\/ferrocanor.com\/#website\"},\"primaryImageOfPage\":{\"@id\":\"https:\/\/ferrocanor.com\/es\/productos\/balcones\/#primaryimage\"},\"image\":{\"@id\":\"https:\/\/ferrocanor.com\/es\/productos\/balcones\/#primaryimage\"},\"thumbnailUrl\":\"https:\/\/ferrocanor.com\/wp-content\/uploads\/2015\/04\/portada_balcones.jpg\",\"datePublished\":\"2015-04-29T10:29:21+00:00\",\"dateModified\":\"2017-04-10T13:58:55+00:00\",\"description\":\"Los balcones son un elemento muy importante en el dise\u00f1o y equilibrio de su fachada, por eso le damos la posibilidad de hacerle cualquier tipo de balc\u00f3n.\",\"breadcrumb\":{\"@id\":\"https:\/\/ferrocanor.com\/es\/productos\/balcones\/#breadcrumb\"},\"inLanguage\":\"es-ES\",\"potentialAction\":[{\"@type\":\"ReadAction\",\"target\":[\"https:\/\/ferrocanor.com\/es\/productos\/balcones\/\"]}]},{\"@type\":\"ImageObject\",\"inLanguage\":\"es-ES\",\"@id\":\"https:\/\/ferrocanor.com\/es\/productos\/balcones\/#primaryimage\",\"url\":\"https:\/\/ferrocanor.com\/wp-content\/uploads\/2015\/04\/portada_balcones.jpg\",\"contentUrl\":\"https:\/\/ferrocanor.com\/wp-content\/uploads\/2015\/04\/portada_balcones.jpg\"},{\"@type\":\"BreadcrumbList\",\"@id\":\"https:\/\/ferrocanor.com\/es\/productos\/balcones\/#breadcrumb\",\"itemListElement\":[{\"@type\":\"ListItem\",\"position\":1,\"name\":\"Home\",\"item\":\"http:\/\/ferrocanor.com\/es\/\"},{\"@type\":\"ListItem\",\"position\":2,\"name\":\"Productos\",\"item\":\"http:\/\/ferrocanor.com\/es\/productos\/\"},{\"@type\":\"ListItem\",\"position\":3,\"name\":\"Balcones\"}]},{\"@type\":\"WebSite\",\"@id\":\"http:\/\/ferrocanor.com\/#website\",\"url\":\"http:\/\/ferrocanor.com\/\",\"name\":\"ferrocanor.com\",\"description\":\"Hierro - Aluminio - PVC\",\"publisher\":{\"@id\":\"http:\/\/ferrocanor.com\/#organization\"},\"potentialAction\":[{\"@type\":\"SearchAction\",\"target\":{\"@type\":\"EntryPoint\",\"urlTemplate\":\"http:\/\/ferrocanor.com\/?s={search_term_string}\"},\"query-input\":\"required name=search_term_string\"}],\"inLanguage\":\"es-ES\"},{\"@type\":\"Organization\",\"@id\":\"http:\/\/ferrocanor.com\/#organization\",\"name\":\"ferrocanor.com\",\"url\":\"http:\/\/ferrocanor.com\/\",\"logo\":{\"@type\":\"ImageObject\",\"inLanguage\":\"es-ES\",\"@id\":\"http:\/\/ferrocanor.com\/#\/schema\/logo\/image\/\",\"url\":\"https:\/\/ferrocanor.com\/wp-content\/uploads\/2022\/02\/logo-ferrocanor-horizontal-web-01.png\",\"contentUrl\":\"https:\/\/ferrocanor.com\/wp-content\/uploads\/2022\/02\/logo-ferrocanor-horizontal-web-01.png\",\"width\":357,\"height\":143,\"caption\":\"ferrocanor.com\"},\"image\":{\"@id\":\"http:\/\/ferrocanor.com\/#\/schema\/logo\/image\/\"},\"sameAs\":[\"https:\/\/www.facebook.com\/Canor-ferro-alumini-i-PVC-171451982903235\"]}]}<\/script>\n<!-- \/ Yoast SEO plugin. -->","yoast_head_json":{"title":"Balcones de hierro y forja con dise\u00f1os personalizados","description":"Los balcones son un elemento muy importante en el dise\u00f1o y equilibrio de su fachada, por eso le damos la posibilidad de hacerle cualquier tipo de balc\u00f3n.","robots":{"index":"index","follow":"follow","max-snippet":"max-snippet:-1","max-image-preview":"max-image-preview:large","max-video-preview":"max-video-preview:-1"},"canonical":"https:\/\/ferrocanor.com\/es\/productos\/balcones\/","og_locale":"es_ES","og_type":"article","og_title":"Balcones de hierro y forja con dise\u00f1os personalizados","og_description":"Los balcones son un elemento muy importante en el dise\u00f1o y equilibrio de su fachada, por eso le damos la posibilidad de hacerle cualquier tipo de balc\u00f3n.","og_url":"https:\/\/ferrocanor.com\/es\/productos\/balcones\/","og_site_name":"ferrocanor.com","article_publisher":"https:\/\/www.facebook.com\/Canor-ferro-alumini-i-PVC-171451982903235","article_modified_time":"2017-04-10T13:58:55+00:00","og_image":[{"url":"https:\/\/ferrocanor.com\/wp-content\/uploads\/2015\/04\/balcon-hierro-decoracion-forja3-150x150.jpg"}],"twitter_misc":{"Est. reading time":"1 minute"},"schema":{"@context":"https:\/\/schema.org","@graph":[{"@type":"WebPage","@id":"https:\/\/ferrocanor.com\/es\/productos\/balcones\/","url":"https:\/\/ferrocanor.com\/es\/productos\/balcones\/","name":"Balcones de hierro y forja con dise\u00f1os personalizados","isPartOf":{"@id":"http:\/\/ferrocanor.com\/#website"},"primaryImageOfPage":{"@id":"https:\/\/ferrocanor.com\/es\/productos\/balcones\/#primaryimage"},"image":{"@id":"https:\/\/ferrocanor.com\/es\/productos\/balcones\/#primaryimage"},"thumbnailUrl":"https:\/\/ferrocanor.com\/wp-content\/uploads\/2015\/04\/portada_balcones.jpg","datePublished":"2015-04-29T10:29:21+00:00","dateModified":"2017-04-10T13:58:55+00:00","description":"Los balcones son un elemento muy importante en el dise\u00f1o y equilibrio de su fachada, por eso le damos la posibilidad de hacerle cualquier tipo de balc\u00f3n.","breadcrumb":{"@id":"https:\/\/ferrocanor.com\/es\/productos\/balcones\/#breadcrumb"},"inLanguage":"es-ES","potentialAction":[{"@type":"ReadAction","target":["https:\/\/ferrocanor.com\/es\/productos\/balcones\/"]}]},{"@type":"ImageObject","inLanguage":"es-ES","@id":"https:\/\/ferrocanor.com\/es\/productos\/balcones\/#primaryimage","url":"https:\/\/ferrocanor.com\/wp-content\/uploads\/2015\/04\/portada_balcones.jpg","contentUrl":"https:\/\/ferrocanor.com\/wp-content\/uploads\/2015\/04\/portada_balcones.jpg"},{"@type":"BreadcrumbList","@id":"https:\/\/ferrocanor.com\/es\/productos\/balcones\/#breadcrumb","itemListElement":[{"@type":"ListItem","position":1,"name":"Home","item":"http:\/\/ferrocanor.com\/es\/"},{"@type":"ListItem","position":2,"name":"Productos","item":"http:\/\/ferrocanor.com\/es\/productos\/"},{"@type":"ListItem","position":3,"name":"Balcones"}]},{"@type":"WebSite","@id":"http:\/\/ferrocanor.com\/#website","url":"http:\/\/ferrocanor.com\/","name":"ferrocanor.com","description":"Hierro - Aluminio - PVC","publisher":{"@id":"http:\/\/ferrocanor.com\/#organization"},"potentialAction":[{"@type":"SearchAction","target":{"@type":"EntryPoint","urlTemplate":"http:\/\/ferrocanor.com\/?s={search_term_string}"},"query-input":"required name=search_term_string"}],"inLanguage":"es-ES"},{"@type":"Organization","@id":"http:\/\/ferrocanor.com\/#organization","name":"ferrocanor.com","url":"http:\/\/ferrocanor.com\/","logo":{"@type":"ImageObject","inLanguage":"es-ES","@id":"http:\/\/ferrocanor.com\/#\/schema\/logo\/image\/","url":"https:\/\/ferrocanor.com\/wp-content\/uploads\/2022\/02\/logo-ferrocanor-horizontal-web-01.png","contentUrl":"https:\/\/ferrocanor.com\/wp-content\/uploads\/2022\/02\/logo-ferrocanor-horizontal-web-01.png","width":357,"height":143,"caption":"ferrocanor.com"},"image":{"@id":"http:\/\/ferrocanor.com\/#\/schema\/logo\/image\/"},"sameAs":["https:\/\/www.facebook.com\/Canor-ferro-alumini-i-PVC-171451982903235"]}]}},"_links":{"self":[{"href":"https:\/\/ferrocanor.com\/es\/wp-json\/wp\/v2\/pages\/325"}],"collection":[{"href":"https:\/\/ferrocanor.com\/es\/wp-json\/wp\/v2\/pages"}],"about":[{"href":"https:\/\/ferrocanor.com\/es\/wp-json\/wp\/v2\/types\/page"}],"author":[{"embeddable":true,"href":"https:\/\/ferrocanor.com\/es\/wp-json\/wp\/v2\/users\/2"}],"replies":[{"embeddable":true,"href":"https:\/\/ferrocanor.com\/es\/wp-json\/wp\/v2\/comments?post=325"}],"version-history":[{"count":20,"href":"https:\/\/ferrocanor.com\/es\/wp-json\/wp\/v2\/pages\/325\/revisions"}],"predecessor-version":[{"id":7505,"href":"https:\/\/ferrocanor.com\/es\/wp-json\/wp\/v2\/pages\/325\/revisions\/7505"}],"up":[{"embeddable":true,"href":"https:\/\/ferrocanor.com\/es\/wp-json\/wp\/v2\/pages\/317"}],"wp:attachment":[{"href":"https:\/\/ferrocanor.com\/es\/wp-json\/wp\/v2\/media?parent=325"}],"curies":[{"name":"wp","href":"https:\/\/api.w.org\/{rel}","templated":true}]}}