{"id":3925,"date":"2015-05-20T19:17:22","date_gmt":"2015-05-20T17:17:22","guid":{"rendered":"https:\/\/ferrocanor.com\/productos\/reixes\/"},"modified":"2017-04-10T16:46:41","modified_gmt":"2017-04-10T14:46:41","slug":"rejas","status":"publish","type":"page","link":"https:\/\/ferrocanor.com\/es\/productos\/rejas\/","title":{"rendered":"Rejas y puertas reja"},"content":{"rendered":"<p><a href=\"https:\/\/ferrocanor.com\/wp-content\/uploads\/2015\/05\/portada-rejas.jpg\" data-rel=\"lightbox-image-0\" data-rl_title=\"\" data-rl_caption=\"\" title=\"\"><img loading=\"lazy\" decoding=\"async\" class=\"portada-producte alignnone wp-image-2224 size-full\" src=\"https:\/\/ferrocanor.com\/wp-content\/uploads\/2015\/05\/portada-rejas.jpg\" alt=\"rejas\" width=\"960\" height=\"324\" srcset=\"https:\/\/ferrocanor.com\/wp-content\/uploads\/2015\/05\/portada-rejas.jpg 960w, https:\/\/ferrocanor.com\/wp-content\/uploads\/2015\/05\/portada-rejas-300x101.jpg 300w, https:\/\/ferrocanor.com\/wp-content\/uploads\/2015\/05\/portada-rejas-250x84.jpg 250w\" sizes=\"(max-width: 960px) 100vw, 960px\" \/><\/a><\/p>\n<h2>Rejas y puertas reja<\/h2>\n<hr \/>\n<p>\u00bfPor qu\u00e9 instalar una reja\u00a0en tu hogar? Las rejas y puertas de protecci\u00f3n nos pueden hacer sentir m\u00e1s seguros a la par que se lo ponen mucho m\u00e1s dif\u00edcil a los ladrones.\u00a0Aunque una reja parece que nos est\u00e9 privando de libertad\u00a0 podemos fabricar una reja\u00a0decorativa al gusto siendo un elemento diferenciador de su fachada y de sus ventanas.<\/p>\n<ul>\n<li><strong>Rejas de forja:<\/strong> Proteja su vivienda instalando\u00a0una reja\u00a0en sus ventanas y puertas con dise\u00f1os a elegir.<\/li>\n<\/ul>\n<ol>\n<li>Dise\u00f1o a medida combinando multitud de elementos decorativos.<\/li>\n<li>Podemos fabricar rejas con dise\u00f1os de forja art\u00edstica.<\/li>\n<li>Lacado colores RAL, forja y metalizados.<\/li>\n<\/ol>\n<ul>\n<li><strong>Rejas de ballesta:<\/strong> Reja extensible de hierro pudi\u00e9ndose dejar plegada a uno o ambos lados dejando libre el paso.\u00a0Acabado colores RAL.<\/li>\n<li><strong>Puertas reja:<\/strong>\u00a0fabricamos puertas a medida combinando multitud de elementos decorativos., barrotes, etc.\u00a0Tambi\u00e9n podemos fabricar su puerta con dise\u00f1os de forja art\u00edstica.<\/li>\n<\/ul>\n<hr \/>\n\n\t\t<style type=\"text\/css\">\n\t\t\t#gallery-2 {\n\t\t\t\tmargin: auto;\n\t\t\t}\n\t\t\t#gallery-2 .gallery-item {\n\t\t\t\tfloat: left;\n\t\t\t\tmargin-top: 10px;\n\t\t\t\ttext-align: center;\n\t\t\t\twidth: 33%;\n\t\t\t}\n\t\t\t#gallery-2 img {\n\t\t\t\tborder: 2px solid #cfcfcf;\n\t\t\t}\n\t\t\t#gallery-2 .gallery-caption {\n\t\t\t\tmargin-left: 0;\n\t\t\t}\n\t\t\t\/* see gallery_shortcode() in wp-includes\/media.php *\/\n\t\t<\/style>\n\t\t<div id='gallery-2' class='gallery galleryid-3925 gallery-columns-3 gallery-size-medium'><dl class='gallery-item'>\n\t\t\t<dt class='gallery-icon landscape'>\n\t\t\t\t<a href=\"http:\/\/ferrocanor.com\/es\/productos\/rejas\/rejas-de-forja\/\" title=\"\" data-rl_title=\"\" class=\"rl-gallery-link no-lightbox\" data-rl_caption=\"\" data-rel=\"lightbox-gallery-2\"><img loading=\"lazy\" decoding=\"async\" width=\"165\" height=\"165\" src=\"https:\/\/ferrocanor.com\/wp-content\/uploads\/2015\/05\/reixa_forja_portada1-300x300.jpg\" class=\"attachment-medium size-medium\" alt=\"\" aria-describedby=\"gallery-2-3932\" srcset=\"https:\/\/ferrocanor.com\/wp-content\/uploads\/2015\/05\/reixa_forja_portada1-300x300.jpg 300w, https:\/\/ferrocanor.com\/wp-content\/uploads\/2015\/05\/reixa_forja_portada1-150x150.jpg 150w, https:\/\/ferrocanor.com\/wp-content\/uploads\/2015\/05\/reixa_forja_portada1-200x200.jpg 200w, https:\/\/ferrocanor.com\/wp-content\/uploads\/2015\/05\/reixa_forja_portada1-100x100.jpg 100w, https:\/\/ferrocanor.com\/wp-content\/uploads\/2015\/05\/reixa_forja_portada1.jpg 750w\" sizes=\"(max-width: 165px) 100vw, 165px\" \/><\/a>\n\t\t\t<\/dt>\n\t\t\t\t<dd class='wp-caption-text gallery-caption' id='gallery-2-3932'>\n\t\t\t\tRejas de forja\n\t\t\t\t<\/dd><\/dl><dl class='gallery-item'>\n\t\t\t<dt class='gallery-icon landscape'>\n\t\t\t\t<a href=\"http:\/\/ferrocanor.com\/es\/productos\/rejas\/rejas-de-ballesta\/\" title=\"\" data-rl_title=\"\" class=\"rl-gallery-link no-lightbox\" data-rl_caption=\"\" data-rel=\"lightbox-gallery-2\"><img loading=\"lazy\" decoding=\"async\" width=\"165\" height=\"165\" src=\"https:\/\/ferrocanor.com\/wp-content\/uploads\/2015\/05\/ballesta_portada5-300x300.jpg\" class=\"attachment-medium size-medium\" alt=\"\" aria-describedby=\"gallery-2-3929\" srcset=\"https:\/\/ferrocanor.com\/wp-content\/uploads\/2015\/05\/ballesta_portada5-300x300.jpg 300w, https:\/\/ferrocanor.com\/wp-content\/uploads\/2015\/05\/ballesta_portada5-150x150.jpg 150w, https:\/\/ferrocanor.com\/wp-content\/uploads\/2015\/05\/ballesta_portada5-200x200.jpg 200w, https:\/\/ferrocanor.com\/wp-content\/uploads\/2015\/05\/ballesta_portada5-100x100.jpg 100w, https:\/\/ferrocanor.com\/wp-content\/uploads\/2015\/05\/ballesta_portada5.jpg 750w\" sizes=\"(max-width: 165px) 100vw, 165px\" \/><\/a>\n\t\t\t<\/dt>\n\t\t\t\t<dd class='wp-caption-text gallery-caption' id='gallery-2-3929'>\n\t\t\t\tRejas de ballesta\n\t\t\t\t<\/dd><\/dl><dl class='gallery-item'>\n\t\t\t<dt class='gallery-icon landscape'>\n\t\t\t\t<a href=\"http:\/\/ferrocanor.com\/es\/productos\/rejas\/puertas-reja\/\" title=\"\" data-rl_title=\"\" class=\"rl-gallery-link no-lightbox\" data-rl_caption=\"\" data-rel=\"lightbox-gallery-2\"><img loading=\"lazy\" decoding=\"async\" width=\"165\" height=\"165\" src=\"https:\/\/ferrocanor.com\/wp-content\/uploads\/2015\/05\/puertas_reja_portada3-300x300.jpg\" class=\"attachment-medium size-medium\" alt=\"\" aria-describedby=\"gallery-2-4141\" srcset=\"https:\/\/ferrocanor.com\/wp-content\/uploads\/2015\/05\/puertas_reja_portada3-300x300.jpg 300w, https:\/\/ferrocanor.com\/wp-content\/uploads\/2015\/05\/puertas_reja_portada3-150x150.jpg 150w, https:\/\/ferrocanor.com\/wp-content\/uploads\/2015\/05\/puertas_reja_portada3-200x200.jpg 200w, https:\/\/ferrocanor.com\/wp-content\/uploads\/2015\/05\/puertas_reja_portada3-100x100.jpg 100w, https:\/\/ferrocanor.com\/wp-content\/uploads\/2015\/05\/puertas_reja_portada3.jpg 750w\" sizes=\"(max-width: 165px) 100vw, 165px\" \/><\/a>\n\t\t\t<\/dt>\n\t\t\t\t<dd class='wp-caption-text gallery-caption' id='gallery-2-4141'>\n\t\t\t\tPuertas reja\n\t\t\t\t<\/dd><\/dl><br style=\"clear: both\" \/>\n\t\t<\/div>\n\n","protected":false},"excerpt":{"rendered":"<p>Rejas y puertas reja \u00bfPor qu\u00e9 instalar una reja\u00a0en tu hogar? Las rejas y puertas de protecci\u00f3n nos pueden hacer sentir m\u00e1s seguros a la par que se lo ponen mucho m\u00e1s dif\u00edcil a los ladrones.\u00a0Aunque una reja parece que nos est\u00e9 privando de libertad\u00a0 podemos fabricar una reja\u00a0decorativa al gusto siendo un elemento diferenciador [&hellip;]<\/p>\n","protected":false},"author":3,"featured_media":0,"parent":317,"menu_order":0,"comment_status":"open","ping_status":"open","template":"","meta":{"_monsterinsights_skip_tracking":false,"_monsterinsights_sitenote_active":false,"_monsterinsights_sitenote_note":"","_monsterinsights_sitenote_category":0,"footnotes":""},"yoast_head":"<!-- This site is optimized with the Yoast SEO plugin v22.9 - https:\/\/yoast.com\/wordpress\/plugins\/seo\/ -->\n<title>Rejas y puertas rejas personalizadas<\/title>\n<meta name=\"description\" content=\"Fabricamos rejas decorativas al gusto siendo un elemento diferenciador de su fachada y de sus ventanas. Con la forma y color que desee.\" \/>\n<meta name=\"robots\" content=\"index, follow, max-snippet:-1, max-image-preview:large, max-video-preview:-1\" \/>\n<link rel=\"canonical\" href=\"https:\/\/ferrocanor.com\/es\/productos\/rejas\/\" \/>\n<meta property=\"og:locale\" content=\"es_ES\" \/>\n<meta property=\"og:type\" content=\"article\" \/>\n<meta property=\"og:title\" content=\"Rejas y puertas rejas personalizadas\" \/>\n<meta property=\"og:description\" content=\"Fabricamos rejas decorativas al gusto siendo un elemento diferenciador de su fachada y de sus ventanas. Con la forma y color que desee.\" \/>\n<meta property=\"og:url\" content=\"https:\/\/ferrocanor.com\/es\/productos\/rejas\/\" \/>\n<meta property=\"og:site_name\" content=\"ferrocanor.com\" \/>\n<meta property=\"article:publisher\" content=\"https:\/\/www.facebook.com\/Canor-ferro-alumini-i-PVC-171451982903235\" \/>\n<meta property=\"article:modified_time\" content=\"2017-04-10T14:46:41+00:00\" \/>\n<meta property=\"og:image\" content=\"https:\/\/ferrocanor.com\/wp-content\/uploads\/2015\/05\/reixa_forja_portada1-300x300.jpg\" \/>\n<meta name=\"twitter:label1\" content=\"Est. reading time\" \/>\n\t<meta name=\"twitter:data1\" content=\"1 minute\" \/>\n<script type=\"application\/ld+json\" class=\"yoast-schema-graph\">{\"@context\":\"https:\/\/schema.org\",\"@graph\":[{\"@type\":\"WebPage\",\"@id\":\"https:\/\/ferrocanor.com\/es\/productos\/rejas\/\",\"url\":\"https:\/\/ferrocanor.com\/es\/productos\/rejas\/\",\"name\":\"Rejas y puertas rejas personalizadas\",\"isPartOf\":{\"@id\":\"http:\/\/ferrocanor.com\/#website\"},\"primaryImageOfPage\":{\"@id\":\"https:\/\/ferrocanor.com\/es\/productos\/rejas\/#primaryimage\"},\"image\":{\"@id\":\"https:\/\/ferrocanor.com\/es\/productos\/rejas\/#primaryimage\"},\"thumbnailUrl\":\"https:\/\/ferrocanor.com\/wp-content\/uploads\/2015\/05\/portada-rejas.jpg\",\"datePublished\":\"2015-05-20T17:17:22+00:00\",\"dateModified\":\"2017-04-10T14:46:41+00:00\",\"description\":\"Fabricamos rejas decorativas al gusto siendo un elemento diferenciador de su fachada y de sus ventanas. Con la forma y color que desee.\",\"breadcrumb\":{\"@id\":\"https:\/\/ferrocanor.com\/es\/productos\/rejas\/#breadcrumb\"},\"inLanguage\":\"es-ES\",\"potentialAction\":[{\"@type\":\"ReadAction\",\"target\":[\"https:\/\/ferrocanor.com\/es\/productos\/rejas\/\"]}]},{\"@type\":\"ImageObject\",\"inLanguage\":\"es-ES\",\"@id\":\"https:\/\/ferrocanor.com\/es\/productos\/rejas\/#primaryimage\",\"url\":\"https:\/\/ferrocanor.com\/wp-content\/uploads\/2015\/05\/portada-rejas.jpg\",\"contentUrl\":\"https:\/\/ferrocanor.com\/wp-content\/uploads\/2015\/05\/portada-rejas.jpg\"},{\"@type\":\"BreadcrumbList\",\"@id\":\"https:\/\/ferrocanor.com\/es\/productos\/rejas\/#breadcrumb\",\"itemListElement\":[{\"@type\":\"ListItem\",\"position\":1,\"name\":\"Home\",\"item\":\"http:\/\/ferrocanor.com\/es\/\"},{\"@type\":\"ListItem\",\"position\":2,\"name\":\"Productos\",\"item\":\"http:\/\/ferrocanor.com\/es\/productos\/\"},{\"@type\":\"ListItem\",\"position\":3,\"name\":\"Rejas y puertas reja\"}]},{\"@type\":\"WebSite\",\"@id\":\"http:\/\/ferrocanor.com\/#website\",\"url\":\"http:\/\/ferrocanor.com\/\",\"name\":\"ferrocanor.com\",\"description\":\"Hierro - Aluminio - PVC\",\"publisher\":{\"@id\":\"http:\/\/ferrocanor.com\/#organization\"},\"potentialAction\":[{\"@type\":\"SearchAction\",\"target\":{\"@type\":\"EntryPoint\",\"urlTemplate\":\"http:\/\/ferrocanor.com\/?s={search_term_string}\"},\"query-input\":\"required name=search_term_string\"}],\"inLanguage\":\"es-ES\"},{\"@type\":\"Organization\",\"@id\":\"http:\/\/ferrocanor.com\/#organization\",\"name\":\"ferrocanor.com\",\"url\":\"http:\/\/ferrocanor.com\/\",\"logo\":{\"@type\":\"ImageObject\",\"inLanguage\":\"es-ES\",\"@id\":\"http:\/\/ferrocanor.com\/#\/schema\/logo\/image\/\",\"url\":\"https:\/\/ferrocanor.com\/wp-content\/uploads\/2022\/02\/logo-ferrocanor-horizontal-web-01.png\",\"contentUrl\":\"https:\/\/ferrocanor.com\/wp-content\/uploads\/2022\/02\/logo-ferrocanor-horizontal-web-01.png\",\"width\":357,\"height\":143,\"caption\":\"ferrocanor.com\"},\"image\":{\"@id\":\"http:\/\/ferrocanor.com\/#\/schema\/logo\/image\/\"},\"sameAs\":[\"https:\/\/www.facebook.com\/Canor-ferro-alumini-i-PVC-171451982903235\"]}]}<\/script>\n<!-- \/ Yoast SEO plugin. -->","yoast_head_json":{"title":"Rejas y puertas rejas personalizadas","description":"Fabricamos rejas decorativas al gusto siendo un elemento diferenciador de su fachada y de sus ventanas. Con la forma y color que desee.","robots":{"index":"index","follow":"follow","max-snippet":"max-snippet:-1","max-image-preview":"max-image-preview:large","max-video-preview":"max-video-preview:-1"},"canonical":"https:\/\/ferrocanor.com\/es\/productos\/rejas\/","og_locale":"es_ES","og_type":"article","og_title":"Rejas y puertas rejas personalizadas","og_description":"Fabricamos rejas decorativas al gusto siendo un elemento diferenciador de su fachada y de sus ventanas. Con la forma y color que desee.","og_url":"https:\/\/ferrocanor.com\/es\/productos\/rejas\/","og_site_name":"ferrocanor.com","article_publisher":"https:\/\/www.facebook.com\/Canor-ferro-alumini-i-PVC-171451982903235","article_modified_time":"2017-04-10T14:46:41+00:00","og_image":[{"url":"https:\/\/ferrocanor.com\/wp-content\/uploads\/2015\/05\/reixa_forja_portada1-300x300.jpg"}],"twitter_misc":{"Est. reading time":"1 minute"},"schema":{"@context":"https:\/\/schema.org","@graph":[{"@type":"WebPage","@id":"https:\/\/ferrocanor.com\/es\/productos\/rejas\/","url":"https:\/\/ferrocanor.com\/es\/productos\/rejas\/","name":"Rejas y puertas rejas personalizadas","isPartOf":{"@id":"http:\/\/ferrocanor.com\/#website"},"primaryImageOfPage":{"@id":"https:\/\/ferrocanor.com\/es\/productos\/rejas\/#primaryimage"},"image":{"@id":"https:\/\/ferrocanor.com\/es\/productos\/rejas\/#primaryimage"},"thumbnailUrl":"https:\/\/ferrocanor.com\/wp-content\/uploads\/2015\/05\/portada-rejas.jpg","datePublished":"2015-05-20T17:17:22+00:00","dateModified":"2017-04-10T14:46:41+00:00","description":"Fabricamos rejas decorativas al gusto siendo un elemento diferenciador de su fachada y de sus ventanas. Con la forma y color que desee.","breadcrumb":{"@id":"https:\/\/ferrocanor.com\/es\/productos\/rejas\/#breadcrumb"},"inLanguage":"es-ES","potentialAction":[{"@type":"ReadAction","target":["https:\/\/ferrocanor.com\/es\/productos\/rejas\/"]}]},{"@type":"ImageObject","inLanguage":"es-ES","@id":"https:\/\/ferrocanor.com\/es\/productos\/rejas\/#primaryimage","url":"https:\/\/ferrocanor.com\/wp-content\/uploads\/2015\/05\/portada-rejas.jpg","contentUrl":"https:\/\/ferrocanor.com\/wp-content\/uploads\/2015\/05\/portada-rejas.jpg"},{"@type":"BreadcrumbList","@id":"https:\/\/ferrocanor.com\/es\/productos\/rejas\/#breadcrumb","itemListElement":[{"@type":"ListItem","position":1,"name":"Home","item":"http:\/\/ferrocanor.com\/es\/"},{"@type":"ListItem","position":2,"name":"Productos","item":"http:\/\/ferrocanor.com\/es\/productos\/"},{"@type":"ListItem","position":3,"name":"Rejas y puertas reja"}]},{"@type":"WebSite","@id":"http:\/\/ferrocanor.com\/#website","url":"http:\/\/ferrocanor.com\/","name":"ferrocanor.com","description":"Hierro - Aluminio - PVC","publisher":{"@id":"http:\/\/ferrocanor.com\/#organization"},"potentialAction":[{"@type":"SearchAction","target":{"@type":"EntryPoint","urlTemplate":"http:\/\/ferrocanor.com\/?s={search_term_string}"},"query-input":"required name=search_term_string"}],"inLanguage":"es-ES"},{"@type":"Organization","@id":"http:\/\/ferrocanor.com\/#organization","name":"ferrocanor.com","url":"http:\/\/ferrocanor.com\/","logo":{"@type":"ImageObject","inLanguage":"es-ES","@id":"http:\/\/ferrocanor.com\/#\/schema\/logo\/image\/","url":"https:\/\/ferrocanor.com\/wp-content\/uploads\/2022\/02\/logo-ferrocanor-horizontal-web-01.png","contentUrl":"https:\/\/ferrocanor.com\/wp-content\/uploads\/2022\/02\/logo-ferrocanor-horizontal-web-01.png","width":357,"height":143,"caption":"ferrocanor.com"},"image":{"@id":"http:\/\/ferrocanor.com\/#\/schema\/logo\/image\/"},"sameAs":["https:\/\/www.facebook.com\/Canor-ferro-alumini-i-PVC-171451982903235"]}]}},"_links":{"self":[{"href":"https:\/\/ferrocanor.com\/es\/wp-json\/wp\/v2\/pages\/3925"}],"collection":[{"href":"https:\/\/ferrocanor.com\/es\/wp-json\/wp\/v2\/pages"}],"about":[{"href":"https:\/\/ferrocanor.com\/es\/wp-json\/wp\/v2\/types\/page"}],"author":[{"embeddable":true,"href":"https:\/\/ferrocanor.com\/es\/wp-json\/wp\/v2\/users\/3"}],"replies":[{"embeddable":true,"href":"https:\/\/ferrocanor.com\/es\/wp-json\/wp\/v2\/comments?post=3925"}],"version-history":[{"count":11,"href":"https:\/\/ferrocanor.com\/es\/wp-json\/wp\/v2\/pages\/3925\/revisions"}],"predecessor-version":[{"id":7525,"href":"https:\/\/ferrocanor.com\/es\/wp-json\/wp\/v2\/pages\/3925\/revisions\/7525"}],"up":[{"embeddable":true,"href":"https:\/\/ferrocanor.com\/es\/wp-json\/wp\/v2\/pages\/317"}],"wp:attachment":[{"href":"https:\/\/ferrocanor.com\/es\/wp-json\/wp\/v2\/media?parent=3925"}],"curies":[{"name":"wp","href":"https:\/\/api.w.org\/{rel}","templated":true}]}}