{"id":4282,"date":"2015-06-18T11:00:06","date_gmt":"2015-06-18T09:00:06","guid":{"rendered":"https:\/\/ferrocanor.com\/empresa-2\/"},"modified":"2022-01-09T19:47:19","modified_gmt":"2022-01-09T18:47:19","slug":"empresa","status":"publish","type":"page","link":"https:\/\/ferrocanor.com\/es\/empresa\/","title":{"rendered":"Empresa"},"content":{"rendered":"<h2>Quienes somos<\/h2>\n<p>Ferrocanor Aluminis, S.L es una empresa familiar dedicada tanto a la cerrajer\u00eda como a la carpinter\u00eda met\u00e1lica de aluminio, fundada en 2016 por relevo generacional y con una dilatada experiencia y trayectoria en el sector desde 1986.<\/p>\n<p>Tenemos como principal objetivo la satisfacci\u00f3n del cliente, y por eso contamos con un equipo de profesionales con gran experiencia y materiales de m\u00e1xima calidad de las mejores marcas.<\/p>\n<h2>\u00bfQu\u00e9 hacemos?<\/h2>\n<p>Contamos\u00a0 con una amplia gama de sistemas y soluciones para la arquitectura y la construcci\u00f3n.<\/p>\n<ul>\n<li>Realizamos trabajos y proyectos a medida tanto para reforma, rehabilitaci\u00f3n u obra nueva.<\/li>\n<li>Fabricamos todo tipo de cerramientos como pueden ser rejas, balcones, barandillas, escaleras,\u00a0 ventanas, puertas, cubiertas, p\u00e9rgolas, vallados, etc.<\/li>\n<li>Instalamos cortinas de cristal, techos fijos y m\u00f3viles, toldos o puertas de garaje.<\/li>\n<\/ul>\n<p>&nbsp;<\/p>\n\n\t\t<style type=\"text\/css\">\n\t\t\t#gallery-2 {\n\t\t\t\tmargin: auto;\n\t\t\t}\n\t\t\t#gallery-2 .gallery-item {\n\t\t\t\tfloat: left;\n\t\t\t\tmargin-top: 10px;\n\t\t\t\ttext-align: center;\n\t\t\t\twidth: 33%;\n\t\t\t}\n\t\t\t#gallery-2 img {\n\t\t\t\tborder: 2px solid #cfcfcf;\n\t\t\t}\n\t\t\t#gallery-2 .gallery-caption {\n\t\t\t\tmargin-left: 0;\n\t\t\t}\n\t\t\t\/* see gallery_shortcode() in wp-includes\/media.php *\/\n\t\t<\/style>\n\t\t<div id='gallery-2' class='gallery galleryid-4282 gallery-columns-3 gallery-size-medium'><dl class='gallery-item'>\n\t\t\t<dt class='gallery-icon landscape'>\n\t\t\t\t<a href='https:\/\/ferrocanor.com\/wp-content\/uploads\/2015\/06\/quienes-somo-13.jpg' title=\"\" data-rl_title=\"\" class=\"rl-gallery-link\" data-rl_caption=\"\" data-rel=\"lightbox-gallery-2\"><img loading=\"lazy\" decoding=\"async\" width=\"165\" height=\"165\" src=\"https:\/\/ferrocanor.com\/wp-content\/uploads\/2015\/06\/quienes-somo-13-300x300.jpg\" class=\"attachment-medium size-medium\" alt=\"\" srcset=\"https:\/\/ferrocanor.com\/wp-content\/uploads\/2015\/06\/quienes-somo-13-300x300.jpg 300w, https:\/\/ferrocanor.com\/wp-content\/uploads\/2015\/06\/quienes-somo-13-150x150.jpg 150w, https:\/\/ferrocanor.com\/wp-content\/uploads\/2015\/06\/quienes-somo-13-200x200.jpg 200w, https:\/\/ferrocanor.com\/wp-content\/uploads\/2015\/06\/quienes-somo-13-100x100.jpg 100w, https:\/\/ferrocanor.com\/wp-content\/uploads\/2015\/06\/quienes-somo-13.jpg 750w\" sizes=\"(max-width: 165px) 100vw, 165px\" \/><\/a>\n\t\t\t<\/dt><\/dl><dl class='gallery-item'>\n\t\t\t<dt class='gallery-icon landscape'>\n\t\t\t\t<a href='https:\/\/ferrocanor.com\/wp-content\/uploads\/2015\/06\/quienes-somo-21.jpg' title=\"\" data-rl_title=\"\" class=\"rl-gallery-link\" data-rl_caption=\"\" data-rel=\"lightbox-gallery-2\"><img loading=\"lazy\" decoding=\"async\" width=\"165\" height=\"165\" src=\"https:\/\/ferrocanor.com\/wp-content\/uploads\/2015\/06\/quienes-somo-21-300x300.jpg\" class=\"attachment-medium size-medium\" alt=\"\" srcset=\"https:\/\/ferrocanor.com\/wp-content\/uploads\/2015\/06\/quienes-somo-21-300x300.jpg 300w, https:\/\/ferrocanor.com\/wp-content\/uploads\/2015\/06\/quienes-somo-21-150x150.jpg 150w, https:\/\/ferrocanor.com\/wp-content\/uploads\/2015\/06\/quienes-somo-21-200x200.jpg 200w, https:\/\/ferrocanor.com\/wp-content\/uploads\/2015\/06\/quienes-somo-21-100x100.jpg 100w, https:\/\/ferrocanor.com\/wp-content\/uploads\/2015\/06\/quienes-somo-21.jpg 750w\" sizes=\"(max-width: 165px) 100vw, 165px\" \/><\/a>\n\t\t\t<\/dt><\/dl><dl class='gallery-item'>\n\t\t\t<dt class='gallery-icon landscape'>\n\t\t\t\t<a href='https:\/\/ferrocanor.com\/wp-content\/uploads\/2015\/06\/quienes-somo-31.jpg' title=\"\" data-rl_title=\"\" class=\"rl-gallery-link\" data-rl_caption=\"\" data-rel=\"lightbox-gallery-2\"><img loading=\"lazy\" decoding=\"async\" width=\"165\" height=\"165\" src=\"https:\/\/ferrocanor.com\/wp-content\/uploads\/2015\/06\/quienes-somo-31-300x300.jpg\" class=\"attachment-medium size-medium\" alt=\"\" srcset=\"https:\/\/ferrocanor.com\/wp-content\/uploads\/2015\/06\/quienes-somo-31-300x300.jpg 300w, https:\/\/ferrocanor.com\/wp-content\/uploads\/2015\/06\/quienes-somo-31-150x150.jpg 150w, https:\/\/ferrocanor.com\/wp-content\/uploads\/2015\/06\/quienes-somo-31-200x200.jpg 200w, https:\/\/ferrocanor.com\/wp-content\/uploads\/2015\/06\/quienes-somo-31-100x100.jpg 100w, https:\/\/ferrocanor.com\/wp-content\/uploads\/2015\/06\/quienes-somo-31.jpg 750w\" sizes=\"(max-width: 165px) 100vw, 165px\" \/><\/a>\n\t\t\t<\/dt><\/dl><br style=\"clear: both\" \/>\n\t\t<\/div>\n\n<hr \/>\n<h2>Trabajamos con las mejores marcas:<\/h2>\n<ul>\n<li><span style=\"color: #0000ff;\"><strong>REYNAERS:<\/strong><\/span>\n<p>Reynaers Aluminium es un especialista europeo l\u00edder en el desarrollo y la comercializaci\u00f3n de soluciones de aluminio innovadoras y sostenibles para ventanas, puertas, muros cortina, correderas, protecciones solares y verandas. El objetivo de la compa\u00f1\u00eda es la eficiencia energ\u00e9tica y la voluntad por la responsabilidad medioambiental.<\/li>\n<\/ul>\n<p style=\"padding-left: 40px;\">Adem\u00e1s de una amplia gama de soluciones est\u00e1ndar, tambi\u00e9n desarrollamos soluciones a medida para todos los sectores del mercado, desde proyectos residenciales a comerciales e industriales. Nuestros sistemas de alta calidad cumplen las demandas m\u00e1s exigentes en t\u00e9rminos de comodidad, seguridad, dise\u00f1o arquitect\u00f3nico y eficiencia energ\u00e9tica.<\/p>\n<p style=\"padding-left: 40px;\">Reynaers Aluminum se fund\u00f3 en 1965 y forma parte del Grupo Reynaers, que actualmente emplea a m\u00e1s de 2322 trabajadores en m\u00e1s de 40 pa\u00edses de todo el mundo y exporta a m\u00e1s de 70 pa\u00edses en los 5 continentes. La compa\u00f1\u00eda, con sede en Duffel, B\u00e9lgica, alcanz\u00f3 una facturaci\u00f3n anual de 580 millones de euros en 2019.<\/p>\n<p style=\"text-align: right;\"><em>Fuente: www.reynaers.es<\/em><\/p>\n<p>&nbsp;<\/p>\n<ul>\n<li><span style=\"color: #0000ff;\"><strong>ALUMED Aluminium Systems:\u00a0<\/strong><\/span><\/li>\n<\/ul>\n<div class=\"fusion-text fusion-text-2\">\n<p style=\"padding-left: 40px;\">Alumed dise\u00f1a y desarrolla sistemas en aluminio de primera calidad para una amplia gama de industrias, ya se trate de ventanas y puertas, sistemas comerciales o de extrusi\u00f3n de aluminio especializada para proyectos concretos y est\u00e1ndares dentro de su cat\u00e1logo de productos.<\/p>\n<\/div>\n<div class=\"fusion-sep-clear\" style=\"padding-left: 40px;\">La empresa fue fundada en 1980 bajo el nombre ALUMINIO Y ACCESORIOS DEL MEDITERRANEO y no ha dejado de ofrecer la m\u00e1s alta calidad en los sistemas de aluminio para la construcci\u00f3n, superando los est\u00e1ndares actuales y desafiando los futuros de eficiencia, seguridad y rendimiento.<\/div>\n<div><\/div>\n<div class=\"fusion-sep-clear\" style=\"padding-left: 40px;\">En Alumed contamos con la experiencia, el conocimiento y la innovaci\u00f3n de productos para proporcionar una gama completa de soluciones de construcci\u00f3n, directamente desde nuestra sede en Alicante y tambi\u00e9n desde nuestras delegaciones ubicadas en Valencia y Mallorca.<\/div>\n<div>\n<p style=\"padding-left: 40px;\">Con un equipo comercial y t\u00e9cnico muy experto se constituyen como uno de los principales, si no el principal fabricante de sistemas de construcci\u00f3n de aluminio de la Comunidad Valenciana y en uno de los m\u00e1s importantes de Espa\u00f1a.<\/p>\n<p style=\"padding-left: 40px;\">Sus productos innovadores los han colocado a la vanguardia en el sector de sistemas de construcci\u00f3n de aluminio, continuando con el desarrollo de productos l\u00edderes en el mercado que proporcionan alto rendimiento, est\u00e9tica y relaci\u00f3n calidad\u00ad-precio.<\/p>\n<p style=\"text-align: right;\"><em><span style=\"text-align: right;\">Fuente: www.alumed.com<\/span><\/em><\/p>\n<\/div>\n<ul>\n<li><span style=\"color: #0000ff;\"><strong>EXTRUAL:<\/strong>\u00a0<\/span><\/li>\n<\/ul>\n<p style=\"padding-left: 40px;\">EXTRUIDOS DEL ALUMINIO S.A. (EXTRUAL)\u00a0es una empresa consolidada en la\u00a0fabricaci\u00f3n y comercializaci\u00f3n de perfiles de aluminio\u00a0mediante el proceso de extrusi\u00f3n, con amplias soluciones de aplicaci\u00f3n tanto en el \u00e1mbito industrial como en sistemas de edificaci\u00f3n.<\/p>\n<p style=\"padding-left: 40px;\">La versatilidad de sus modernas instalaciones industriales, con el m\u00e1ximo nivel de automatizaci\u00f3n en todos los procesos, permite a\u00a0EXTRUAL\u00a0disponer de\u00a0una de las gamas de perfiles m\u00e1s completas del mercado, tanto normalizados como fabricados a medida para el cliente.<\/p>\n<p style=\"padding-left: 40px;\">La calidad, el servicio, la innovaci\u00f3n y la apertura a nuevos mercados son algunas de las se\u00f1as de identidad que marcan la actividad de\u00a0EXTRUAL.\u00a0Con m\u00e1s de 35 a\u00f1os de experiencia, acapara gran parte de la producci\u00f3n nacional con 5 prensas de extrusi\u00f3n, una planta de lacado vertical, dos plantas de anodizado, una de efecto madera y otra de Rotura de Puente T\u00e9rmico. Todo ello en unas instalaciones de m\u00e1s de 40.000 metros cuadrados.<\/p>\n<p style=\"text-align: left; padding-left: 40px;\">Contamos con GALSA (General de Aluminios SA), quien distribuye los sistemas EXTRUAL con un servicio diario de entrega.<\/p>\n<p style=\"text-align: right;\"><em>Fuente: www.extrual.com<\/em><\/p>\n<p>&nbsp;<\/p>\n<ul>\n<li><span style=\"color: #0000ff;\"><strong>ALUPLAST Y CORTIZO PVC:<\/strong>\u00a0<\/span><\/li>\n<\/ul>\n<p style=\"padding-left: 40px;\">ALUPLAST con sede en Alemania\u00a0 y CORTIZO PVC como producto nacional nos aportan sistemas de PVC de alta calidad para la fabricaci\u00f3n de ventanas.<\/p>\n<ul>\n<li><span style=\"color: #0000ff;\"><strong>C3 SYSTEMS:<\/strong><\/span><\/li>\n<\/ul>\n<p style=\"padding-left: 40px;\">c3 Systems desarrolla, fabrica y comercializa sistemas de cerramientos acristalados verticales y horizontales, sistema de p\u00e9rgola bioclim\u00e1tica de aluminio, y elementos de protecci\u00f3n solar.<\/p>\n<p style=\"padding-left: 40px;\">Todos los componentes son dise\u00f1ados por el equipo de ingenieros y fabricados bajo los m\u00e1s estrictos controles de calidad en sus instalaciones centrales.<\/p>\n<p style=\"padding-left: 40px;\">C3 Systems ya lleva a cabo exportaci\u00f3n directa de sus productos a m\u00e1s de 30 pa\u00edses con sus marcas Seeglass One, Seeglass Big, Seglass Lux, Seeglass Run, Seeglass Pro, Seesky Bio, Seesky Bio open, Seesky Taf, Seesky Luz, y Habitat<\/p>\n<p style=\"text-align: right;\"><em>Fuente: www.c3systems.es<\/em><\/p>\n<p style=\"padding-left: 40px;\">\n<ul>\n<li><span style=\"color: #0000ff;\"><strong>GUARDIAN SELECT:<\/strong>\u00a0<\/span><\/li>\n<\/ul>\n<p style=\"padding-left: 40px;\">con guardian Select encontramos toda una gama de vidrios de \u00faltima generaci\u00f3n que refuerzan las prestaciones del doble acristalamiento mejorando el confort.<\/p>\n<p style=\"padding-left: 40px;\">Doble acristalamiento, triple acristalamiento, control solar, baja emisividad, laminados.<\/p>\n<p>&nbsp;<\/p>\n<hr \/>\n<h2>Calidad<\/h2>\n<p>Nuestros materiales cumplen las garant\u00edas de calidad con los siguientes certificados.<\/p>\n\n\t\t<style type=\"text\/css\">\n\t\t\t#gallery-4 {\n\t\t\t\tmargin: auto;\n\t\t\t}\n\t\t\t#gallery-4 .gallery-item {\n\t\t\t\tfloat: left;\n\t\t\t\tmargin-top: 10px;\n\t\t\t\ttext-align: center;\n\t\t\t\twidth: 33%;\n\t\t\t}\n\t\t\t#gallery-4 img {\n\t\t\t\tborder: 2px solid #cfcfcf;\n\t\t\t}\n\t\t\t#gallery-4 .gallery-caption {\n\t\t\t\tmargin-left: 0;\n\t\t\t}\n\t\t\t\/* see gallery_shortcode() in wp-includes\/media.php *\/\n\t\t<\/style>\n\t\t<div id='gallery-4' class='gallery galleryid-4282 gallery-columns-3 gallery-size-thumbnail'><dl class='gallery-item'>\n\t\t\t<dt class='gallery-icon landscape'>\n\t\t\t\t<a href='https:\/\/ferrocanor.com\/wp-content\/uploads\/2015\/06\/Sellos-calidad-Qualanod-v21.png' title=\"\" data-rl_title=\"\" class=\"rl-gallery-link\" data-rl_caption=\"\" data-rel=\"lightbox-gallery-4\"><img loading=\"lazy\" decoding=\"async\" width=\"150\" height=\"150\" src=\"https:\/\/ferrocanor.com\/wp-content\/uploads\/2015\/06\/Sellos-calidad-Qualanod-v21-150x150.png\" class=\"attachment-thumbnail size-thumbnail\" alt=\"\" srcset=\"https:\/\/ferrocanor.com\/wp-content\/uploads\/2015\/06\/Sellos-calidad-Qualanod-v21-150x150.png 150w, https:\/\/ferrocanor.com\/wp-content\/uploads\/2015\/06\/Sellos-calidad-Qualanod-v21-300x300.png 300w, https:\/\/ferrocanor.com\/wp-content\/uploads\/2015\/06\/Sellos-calidad-Qualanod-v21-200x200.png 200w, https:\/\/ferrocanor.com\/wp-content\/uploads\/2015\/06\/Sellos-calidad-Qualanod-v21-100x100.png 100w, https:\/\/ferrocanor.com\/wp-content\/uploads\/2015\/06\/Sellos-calidad-Qualanod-v21.png 750w\" sizes=\"(max-width: 150px) 100vw, 150px\" \/><\/a>\n\t\t\t<\/dt><\/dl><dl class='gallery-item'>\n\t\t\t<dt class='gallery-icon landscape'>\n\t\t\t\t<a href='https:\/\/ferrocanor.com\/wp-content\/uploads\/2015\/06\/Sellos-calidad-Qualicoat1.png' title=\"\" data-rl_title=\"\" class=\"rl-gallery-link\" data-rl_caption=\"\" data-rel=\"lightbox-gallery-4\"><img loading=\"lazy\" decoding=\"async\" width=\"150\" height=\"150\" src=\"https:\/\/ferrocanor.com\/wp-content\/uploads\/2015\/06\/Sellos-calidad-Qualicoat1-150x150.png\" class=\"attachment-thumbnail size-thumbnail\" alt=\"\" srcset=\"https:\/\/ferrocanor.com\/wp-content\/uploads\/2015\/06\/Sellos-calidad-Qualicoat1-150x150.png 150w, https:\/\/ferrocanor.com\/wp-content\/uploads\/2015\/06\/Sellos-calidad-Qualicoat1-300x300.png 300w, https:\/\/ferrocanor.com\/wp-content\/uploads\/2015\/06\/Sellos-calidad-Qualicoat1-200x200.png 200w, https:\/\/ferrocanor.com\/wp-content\/uploads\/2015\/06\/Sellos-calidad-Qualicoat1-100x100.png 100w, https:\/\/ferrocanor.com\/wp-content\/uploads\/2015\/06\/Sellos-calidad-Qualicoat1.png 750w\" sizes=\"(max-width: 150px) 100vw, 150px\" \/><\/a>\n\t\t\t<\/dt><\/dl><dl class='gallery-item'>\n\t\t\t<dt class='gallery-icon landscape'>\n\t\t\t\t<a href='https:\/\/ferrocanor.com\/wp-content\/uploads\/2015\/06\/Sellos-calidad-Qualideco-v21.png' title=\"\" data-rl_title=\"\" class=\"rl-gallery-link\" data-rl_caption=\"\" data-rel=\"lightbox-gallery-4\"><img loading=\"lazy\" decoding=\"async\" width=\"150\" height=\"150\" src=\"https:\/\/ferrocanor.com\/wp-content\/uploads\/2015\/06\/Sellos-calidad-Qualideco-v21-150x150.png\" class=\"attachment-thumbnail size-thumbnail\" alt=\"\" srcset=\"https:\/\/ferrocanor.com\/wp-content\/uploads\/2015\/06\/Sellos-calidad-Qualideco-v21-150x150.png 150w, https:\/\/ferrocanor.com\/wp-content\/uploads\/2015\/06\/Sellos-calidad-Qualideco-v21-300x300.png 300w, https:\/\/ferrocanor.com\/wp-content\/uploads\/2015\/06\/Sellos-calidad-Qualideco-v21-200x200.png 200w, https:\/\/ferrocanor.com\/wp-content\/uploads\/2015\/06\/Sellos-calidad-Qualideco-v21-100x100.png 100w, https:\/\/ferrocanor.com\/wp-content\/uploads\/2015\/06\/Sellos-calidad-Qualideco-v21.png 750w\" sizes=\"(max-width: 150px) 100vw, 150px\" \/><\/a>\n\t\t\t<\/dt><\/dl><br style=\"clear: both\" \/>\n\t\t<\/div>\n\n","protected":false},"excerpt":{"rendered":"<p>Quienes somos Ferrocanor Aluminis, S.L es una empresa familiar dedicada tanto a la cerrajer\u00eda como a la carpinter\u00eda met\u00e1lica de aluminio, fundada en 2016 por relevo generacional y con una dilatada experiencia y trayectoria en el sector desde 1986. Tenemos como principal objetivo la satisfacci\u00f3n del cliente, y por eso contamos con un equipo de [&hellip;]<\/p>\n","protected":false},"author":3,"featured_media":0,"parent":0,"menu_order":0,"comment_status":"open","ping_status":"open","template":"","meta":{"_monsterinsights_skip_tracking":false,"_monsterinsights_sitenote_active":false,"_monsterinsights_sitenote_note":"","_monsterinsights_sitenote_category":0,"footnotes":""},"yoast_head":"<!-- This site is optimized with the Yoast SEO plugin v22.9 - https:\/\/yoast.com\/wordpress\/plugins\/seo\/ -->\n<title>Empresa - ferrocanor.com<\/title>\n<meta name=\"description\" content=\"Canor se fund\u00f3 en 1986, con la cerrajer\u00eda como actividad principal. Fu\u00e9 en 1991 cuando se incorpor\u00f3 el aluminio para fabricaci\u00f3n de ventanas i puertas.\" \/>\n<meta name=\"robots\" content=\"index, follow, max-snippet:-1, max-image-preview:large, max-video-preview:-1\" \/>\n<link rel=\"canonical\" href=\"https:\/\/ferrocanor.com\/es\/empresa\/\" \/>\n<meta property=\"og:locale\" content=\"es_ES\" \/>\n<meta property=\"og:type\" content=\"article\" \/>\n<meta property=\"og:title\" content=\"Empresa - ferrocanor.com\" \/>\n<meta property=\"og:description\" content=\"Canor se fund\u00f3 en 1986, con la cerrajer\u00eda como actividad principal. Fu\u00e9 en 1991 cuando se incorpor\u00f3 el aluminio para fabricaci\u00f3n de ventanas i puertas.\" \/>\n<meta property=\"og:url\" content=\"https:\/\/ferrocanor.com\/es\/empresa\/\" \/>\n<meta property=\"og:site_name\" content=\"ferrocanor.com\" \/>\n<meta property=\"article:publisher\" content=\"https:\/\/www.facebook.com\/Canor-ferro-alumini-i-PVC-171451982903235\" \/>\n<meta property=\"article:modified_time\" content=\"2022-01-09T18:47:19+00:00\" \/>\n<meta property=\"og:image\" content=\"http:\/\/ferrocanor.com\/wp-content\/uploads\/2015\/06\/quienes-somo-13-300x300.jpg\" \/>\n<meta name=\"twitter:label1\" content=\"Est. reading time\" \/>\n\t<meta name=\"twitter:data1\" content=\"5 minutes\" \/>\n<script type=\"application\/ld+json\" class=\"yoast-schema-graph\">{\"@context\":\"https:\/\/schema.org\",\"@graph\":[{\"@type\":\"WebPage\",\"@id\":\"https:\/\/ferrocanor.com\/es\/empresa\/\",\"url\":\"https:\/\/ferrocanor.com\/es\/empresa\/\",\"name\":\"Empresa - ferrocanor.com\",\"isPartOf\":{\"@id\":\"http:\/\/ferrocanor.com\/#website\"},\"datePublished\":\"2015-06-18T09:00:06+00:00\",\"dateModified\":\"2022-01-09T18:47:19+00:00\",\"description\":\"Canor se fund\u00f3 en 1986, con la cerrajer\u00eda como actividad principal. Fu\u00e9 en 1991 cuando se incorpor\u00f3 el aluminio para fabricaci\u00f3n de ventanas i puertas.\",\"breadcrumb\":{\"@id\":\"https:\/\/ferrocanor.com\/es\/empresa\/#breadcrumb\"},\"inLanguage\":\"es-ES\",\"potentialAction\":[{\"@type\":\"ReadAction\",\"target\":[\"https:\/\/ferrocanor.com\/es\/empresa\/\"]}]},{\"@type\":\"BreadcrumbList\",\"@id\":\"https:\/\/ferrocanor.com\/es\/empresa\/#breadcrumb\",\"itemListElement\":[{\"@type\":\"ListItem\",\"position\":1,\"name\":\"Home\",\"item\":\"http:\/\/ferrocanor.com\/es\/\"},{\"@type\":\"ListItem\",\"position\":2,\"name\":\"Empresa\"}]},{\"@type\":\"WebSite\",\"@id\":\"http:\/\/ferrocanor.com\/#website\",\"url\":\"http:\/\/ferrocanor.com\/\",\"name\":\"ferrocanor.com\",\"description\":\"Hierro - Aluminio - PVC\",\"publisher\":{\"@id\":\"http:\/\/ferrocanor.com\/#organization\"},\"potentialAction\":[{\"@type\":\"SearchAction\",\"target\":{\"@type\":\"EntryPoint\",\"urlTemplate\":\"http:\/\/ferrocanor.com\/?s={search_term_string}\"},\"query-input\":\"required name=search_term_string\"}],\"inLanguage\":\"es-ES\"},{\"@type\":\"Organization\",\"@id\":\"http:\/\/ferrocanor.com\/#organization\",\"name\":\"ferrocanor.com\",\"url\":\"http:\/\/ferrocanor.com\/\",\"logo\":{\"@type\":\"ImageObject\",\"inLanguage\":\"es-ES\",\"@id\":\"http:\/\/ferrocanor.com\/#\/schema\/logo\/image\/\",\"url\":\"https:\/\/ferrocanor.com\/wp-content\/uploads\/2022\/02\/logo-ferrocanor-horizontal-web-01.png\",\"contentUrl\":\"https:\/\/ferrocanor.com\/wp-content\/uploads\/2022\/02\/logo-ferrocanor-horizontal-web-01.png\",\"width\":357,\"height\":143,\"caption\":\"ferrocanor.com\"},\"image\":{\"@id\":\"http:\/\/ferrocanor.com\/#\/schema\/logo\/image\/\"},\"sameAs\":[\"https:\/\/www.facebook.com\/Canor-ferro-alumini-i-PVC-171451982903235\"]}]}<\/script>\n<!-- \/ Yoast SEO plugin. -->","yoast_head_json":{"title":"Empresa - ferrocanor.com","description":"Canor se fund\u00f3 en 1986, con la cerrajer\u00eda como actividad principal. Fu\u00e9 en 1991 cuando se incorpor\u00f3 el aluminio para fabricaci\u00f3n de ventanas i puertas.","robots":{"index":"index","follow":"follow","max-snippet":"max-snippet:-1","max-image-preview":"max-image-preview:large","max-video-preview":"max-video-preview:-1"},"canonical":"https:\/\/ferrocanor.com\/es\/empresa\/","og_locale":"es_ES","og_type":"article","og_title":"Empresa - ferrocanor.com","og_description":"Canor se fund\u00f3 en 1986, con la cerrajer\u00eda como actividad principal. Fu\u00e9 en 1991 cuando se incorpor\u00f3 el aluminio para fabricaci\u00f3n de ventanas i puertas.","og_url":"https:\/\/ferrocanor.com\/es\/empresa\/","og_site_name":"ferrocanor.com","article_publisher":"https:\/\/www.facebook.com\/Canor-ferro-alumini-i-PVC-171451982903235","article_modified_time":"2022-01-09T18:47:19+00:00","og_image":[{"url":"http:\/\/ferrocanor.com\/wp-content\/uploads\/2015\/06\/quienes-somo-13-300x300.jpg"}],"twitter_misc":{"Est. reading time":"5 minutes"},"schema":{"@context":"https:\/\/schema.org","@graph":[{"@type":"WebPage","@id":"https:\/\/ferrocanor.com\/es\/empresa\/","url":"https:\/\/ferrocanor.com\/es\/empresa\/","name":"Empresa - ferrocanor.com","isPartOf":{"@id":"http:\/\/ferrocanor.com\/#website"},"datePublished":"2015-06-18T09:00:06+00:00","dateModified":"2022-01-09T18:47:19+00:00","description":"Canor se fund\u00f3 en 1986, con la cerrajer\u00eda como actividad principal. Fu\u00e9 en 1991 cuando se incorpor\u00f3 el aluminio para fabricaci\u00f3n de ventanas i puertas.","breadcrumb":{"@id":"https:\/\/ferrocanor.com\/es\/empresa\/#breadcrumb"},"inLanguage":"es-ES","potentialAction":[{"@type":"ReadAction","target":["https:\/\/ferrocanor.com\/es\/empresa\/"]}]},{"@type":"BreadcrumbList","@id":"https:\/\/ferrocanor.com\/es\/empresa\/#breadcrumb","itemListElement":[{"@type":"ListItem","position":1,"name":"Home","item":"http:\/\/ferrocanor.com\/es\/"},{"@type":"ListItem","position":2,"name":"Empresa"}]},{"@type":"WebSite","@id":"http:\/\/ferrocanor.com\/#website","url":"http:\/\/ferrocanor.com\/","name":"ferrocanor.com","description":"Hierro - Aluminio - PVC","publisher":{"@id":"http:\/\/ferrocanor.com\/#organization"},"potentialAction":[{"@type":"SearchAction","target":{"@type":"EntryPoint","urlTemplate":"http:\/\/ferrocanor.com\/?s={search_term_string}"},"query-input":"required name=search_term_string"}],"inLanguage":"es-ES"},{"@type":"Organization","@id":"http:\/\/ferrocanor.com\/#organization","name":"ferrocanor.com","url":"http:\/\/ferrocanor.com\/","logo":{"@type":"ImageObject","inLanguage":"es-ES","@id":"http:\/\/ferrocanor.com\/#\/schema\/logo\/image\/","url":"https:\/\/ferrocanor.com\/wp-content\/uploads\/2022\/02\/logo-ferrocanor-horizontal-web-01.png","contentUrl":"https:\/\/ferrocanor.com\/wp-content\/uploads\/2022\/02\/logo-ferrocanor-horizontal-web-01.png","width":357,"height":143,"caption":"ferrocanor.com"},"image":{"@id":"http:\/\/ferrocanor.com\/#\/schema\/logo\/image\/"},"sameAs":["https:\/\/www.facebook.com\/Canor-ferro-alumini-i-PVC-171451982903235"]}]}},"_links":{"self":[{"href":"https:\/\/ferrocanor.com\/es\/wp-json\/wp\/v2\/pages\/4282"}],"collection":[{"href":"https:\/\/ferrocanor.com\/es\/wp-json\/wp\/v2\/pages"}],"about":[{"href":"https:\/\/ferrocanor.com\/es\/wp-json\/wp\/v2\/types\/page"}],"author":[{"embeddable":true,"href":"https:\/\/ferrocanor.com\/es\/wp-json\/wp\/v2\/users\/3"}],"replies":[{"embeddable":true,"href":"https:\/\/ferrocanor.com\/es\/wp-json\/wp\/v2\/comments?post=4282"}],"version-history":[{"count":15,"href":"https:\/\/ferrocanor.com\/es\/wp-json\/wp\/v2\/pages\/4282\/revisions"}],"predecessor-version":[{"id":8341,"href":"https:\/\/ferrocanor.com\/es\/wp-json\/wp\/v2\/pages\/4282\/revisions\/8341"}],"wp:attachment":[{"href":"https:\/\/ferrocanor.com\/es\/wp-json\/wp\/v2\/media?parent=4282"}],"curies":[{"name":"wp","href":"https:\/\/api.w.org\/{rel}","templated":true}]}}