{"id":504,"date":"2015-05-04T16:26:18","date_gmt":"2015-05-04T14:26:18","guid":{"rendered":"https:\/\/ferrocanor.com\/productos\/escales\/"},"modified":"2020-04-25T20:39:52","modified_gmt":"2020-04-25T18:39:52","slug":"escaleras","status":"publish","type":"page","link":"https:\/\/ferrocanor.com\/es\/productos\/escaleras\/","title":{"rendered":"Escaleras"},"content":{"rendered":"<p><a href=\"https:\/\/ferrocanor.com\/wp-content\/uploads\/2015\/05\/escaleras-portada.jpg\" data-rel=\"lightbox-image-0\" data-rl_title=\"\" data-rl_caption=\"\" title=\"\"><img loading=\"lazy\" decoding=\"async\" class=\"portada-producte alignnone wp-image-469 size-full\" src=\"https:\/\/ferrocanor.com\/wp-content\/uploads\/2015\/05\/escaleras-portada.jpg\" alt=\"escaleras\" width=\"960\" height=\"324\" srcset=\"https:\/\/ferrocanor.com\/wp-content\/uploads\/2015\/05\/escaleras-portada.jpg 960w, https:\/\/ferrocanor.com\/wp-content\/uploads\/2015\/05\/escaleras-portada-300x101.jpg 300w, https:\/\/ferrocanor.com\/wp-content\/uploads\/2015\/05\/escaleras-portada-250x84.jpg 250w\" sizes=\"(max-width: 960px) 100vw, 960px\" \/><\/a><\/p>\n<h2>Escaleras<\/h2>\n<hr \/>\n<p>Fabricaci\u00f3n a medida de escaleras de hierro rectas y en espiral (tambi\u00e9n llamadas de caracol)<\/p>\n<ul>\n<li>Pelda\u00f1os de chapa de hierro<\/li>\n<li>Pelda\u00f1os con emparrillado<\/li>\n<li>Preparadas para colocar pelda\u00f1os de madera<\/li>\n<li>Dise\u00f1o de la barandilla a elegir (ver barandillas)<\/li>\n<\/ul>\n<p>Hay diferentes opciones, dependiendo del tipo de escalera o necesidades del cliente,\u00a0se puede servir\u00a0 pintada con una capa de imprimaci\u00f3n, con material galvanizado, galvanizada por inmersi\u00f3n y lacada color a elegir.<\/p>\n<p>Tambi\u00e9n existe la posibilidad de fabricar escaleras extensibles para aquellas zonas dif\u00edciles y que se necesita.<\/p>\n<p>En la siguiente galer\u00eda pod\u00e9is ver unos ejemplos de trabajos acabados y\u00a0as\u00ed hacerse una idea de lo que podemos hacer.<\/p>\n<hr \/>\n<h5>Galer\u00eda fotogr\u00e1fica<\/h5>\n\n\t\t<style type=\"text\/css\">\n\t\t\t#gallery-2 {\n\t\t\t\tmargin: auto;\n\t\t\t}\n\t\t\t#gallery-2 .gallery-item {\n\t\t\t\tfloat: left;\n\t\t\t\tmargin-top: 10px;\n\t\t\t\ttext-align: center;\n\t\t\t\twidth: 25%;\n\t\t\t}\n\t\t\t#gallery-2 img {\n\t\t\t\tborder: 2px solid #cfcfcf;\n\t\t\t}\n\t\t\t#gallery-2 .gallery-caption {\n\t\t\t\tmargin-left: 0;\n\t\t\t}\n\t\t\t\/* see gallery_shortcode() in wp-includes\/media.php *\/\n\t\t<\/style>\n\t\t<div id='gallery-2' class='gallery galleryid-504 gallery-columns-4 gallery-size-thumbnail'><dl class='gallery-item'>\n\t\t\t<dt class='gallery-icon portrait'>\n\t\t\t\t<a href='https:\/\/ferrocanor.com\/wp-content\/uploads\/2015\/05\/Escalera_85.jpg' title=\"\" data-rl_title=\"\" class=\"rl-gallery-link\" data-rl_caption=\"\" data-rel=\"lightbox-gallery-2\"><img loading=\"lazy\" decoding=\"async\" width=\"150\" height=\"150\" src=\"https:\/\/ferrocanor.com\/wp-content\/uploads\/2015\/05\/Escalera_85-150x150.jpg\" class=\"attachment-thumbnail size-thumbnail\" alt=\"\" srcset=\"https:\/\/ferrocanor.com\/wp-content\/uploads\/2015\/05\/Escalera_85-150x150.jpg 150w, https:\/\/ferrocanor.com\/wp-content\/uploads\/2015\/05\/Escalera_85-100x100.jpg 100w\" sizes=\"(max-width: 150px) 100vw, 150px\" \/><\/a>\n\t\t\t<\/dt><\/dl><dl class='gallery-item'>\n\t\t\t<dt class='gallery-icon portrait'>\n\t\t\t\t<a href='https:\/\/ferrocanor.com\/wp-content\/uploads\/2015\/05\/Escalera_95.jpg' title=\"\" data-rl_title=\"\" class=\"rl-gallery-link\" data-rl_caption=\"\" data-rel=\"lightbox-gallery-2\"><img loading=\"lazy\" decoding=\"async\" width=\"150\" height=\"150\" src=\"https:\/\/ferrocanor.com\/wp-content\/uploads\/2015\/05\/Escalera_95-150x150.jpg\" class=\"attachment-thumbnail size-thumbnail\" alt=\"\" srcset=\"https:\/\/ferrocanor.com\/wp-content\/uploads\/2015\/05\/Escalera_95-150x150.jpg 150w, https:\/\/ferrocanor.com\/wp-content\/uploads\/2015\/05\/Escalera_95-100x100.jpg 100w\" sizes=\"(max-width: 150px) 100vw, 150px\" \/><\/a>\n\t\t\t<\/dt><\/dl><dl class='gallery-item'>\n\t\t\t<dt class='gallery-icon landscape'>\n\t\t\t\t<a href='https:\/\/ferrocanor.com\/wp-content\/uploads\/2015\/05\/Escalera-con-2-zancas-de-tubo-de-hierro-lacado-al-horno-con-barandilla-de-vidrio-templado-c.p.-fijado-con-anclajes-de-bot\u00f3n-en-acero-inoxidable-1.jpg' title=\"\" data-rl_title=\"\" class=\"rl-gallery-link\" data-rl_caption=\"\" data-rel=\"lightbox-gallery-2\"><img loading=\"lazy\" decoding=\"async\" width=\"150\" height=\"150\" src=\"https:\/\/ferrocanor.com\/wp-content\/uploads\/2015\/05\/Escalera-con-2-zancas-de-tubo-de-hierro-lacado-al-horno-con-barandilla-de-vidrio-templado-c.p.-fijado-con-anclajes-de-bot\u00f3n-en-acero-inoxidable-1-150x150.jpg\" class=\"attachment-thumbnail size-thumbnail\" alt=\"\" srcset=\"https:\/\/ferrocanor.com\/wp-content\/uploads\/2015\/05\/Escalera-con-2-zancas-de-tubo-de-hierro-lacado-al-horno-con-barandilla-de-vidrio-templado-c.p.-fijado-con-anclajes-de-bot\u00f3n-en-acero-inoxidable-1-150x150.jpg 150w, https:\/\/ferrocanor.com\/wp-content\/uploads\/2015\/05\/Escalera-con-2-zancas-de-tubo-de-hierro-lacado-al-horno-con-barandilla-de-vidrio-templado-c.p.-fijado-con-anclajes-de-bot\u00f3n-en-acero-inoxidable-1-100x100.jpg 100w\" sizes=\"(max-width: 150px) 100vw, 150px\" \/><\/a>\n\t\t\t<\/dt><\/dl><dl class='gallery-item'>\n\t\t\t<dt class='gallery-icon landscape'>\n\t\t\t\t<a href='https:\/\/ferrocanor.com\/wp-content\/uploads\/2015\/05\/Detalle-anclajes-de-bot\u00f3n-en-acero-inox.-para-el-vidrio-1.jpg' title=\"\" data-rl_title=\"\" class=\"rl-gallery-link\" data-rl_caption=\"\" data-rel=\"lightbox-gallery-2\"><img loading=\"lazy\" decoding=\"async\" width=\"150\" height=\"150\" src=\"https:\/\/ferrocanor.com\/wp-content\/uploads\/2015\/05\/Detalle-anclajes-de-bot\u00f3n-en-acero-inox.-para-el-vidrio-1-150x150.jpg\" class=\"attachment-thumbnail size-thumbnail\" alt=\"\" srcset=\"https:\/\/ferrocanor.com\/wp-content\/uploads\/2015\/05\/Detalle-anclajes-de-bot\u00f3n-en-acero-inox.-para-el-vidrio-1-150x150.jpg 150w, https:\/\/ferrocanor.com\/wp-content\/uploads\/2015\/05\/Detalle-anclajes-de-bot\u00f3n-en-acero-inox.-para-el-vidrio-1-100x100.jpg 100w\" sizes=\"(max-width: 150px) 100vw, 150px\" \/><\/a>\n\t\t\t<\/dt><\/dl><br style=\"clear: both\" \/><dl class='gallery-item'>\n\t\t\t<dt class='gallery-icon portrait'>\n\t\t\t\t<a href='https:\/\/ferrocanor.com\/wp-content\/uploads\/2015\/05\/Escalera_75.jpg' title=\"\" data-rl_title=\"\" class=\"rl-gallery-link\" data-rl_caption=\"\" data-rel=\"lightbox-gallery-2\"><img loading=\"lazy\" decoding=\"async\" width=\"150\" height=\"150\" src=\"https:\/\/ferrocanor.com\/wp-content\/uploads\/2015\/05\/Escalera_75-150x150.jpg\" class=\"attachment-thumbnail size-thumbnail\" alt=\"\" srcset=\"https:\/\/ferrocanor.com\/wp-content\/uploads\/2015\/05\/Escalera_75-150x150.jpg 150w, https:\/\/ferrocanor.com\/wp-content\/uploads\/2015\/05\/Escalera_75-100x100.jpg 100w\" sizes=\"(max-width: 150px) 100vw, 150px\" \/><\/a>\n\t\t\t<\/dt><\/dl><dl class='gallery-item'>\n\t\t\t<dt class='gallery-icon portrait'>\n\t\t\t\t<a href='https:\/\/ferrocanor.com\/wp-content\/uploads\/2015\/05\/Escalera_55.jpg' title=\"\" data-rl_title=\"\" class=\"rl-gallery-link\" data-rl_caption=\"\" data-rel=\"lightbox-gallery-2\"><img loading=\"lazy\" decoding=\"async\" width=\"150\" height=\"150\" src=\"https:\/\/ferrocanor.com\/wp-content\/uploads\/2015\/05\/Escalera_55-150x150.jpg\" class=\"attachment-thumbnail size-thumbnail\" alt=\"\" srcset=\"https:\/\/ferrocanor.com\/wp-content\/uploads\/2015\/05\/Escalera_55-150x150.jpg 150w, https:\/\/ferrocanor.com\/wp-content\/uploads\/2015\/05\/Escalera_55-100x100.jpg 100w\" sizes=\"(max-width: 150px) 100vw, 150px\" \/><\/a>\n\t\t\t<\/dt><\/dl><dl class='gallery-item'>\n\t\t\t<dt class='gallery-icon portrait'>\n\t\t\t\t<a href='https:\/\/ferrocanor.com\/wp-content\/uploads\/2020\/04\/Detalle-zanca-de-hierro-y-barandilla-de-vidrio-en-escalera-scaled.jpg' title=\"\" data-rl_title=\"\" class=\"rl-gallery-link\" data-rl_caption=\"\" data-rel=\"lightbox-gallery-2\"><img loading=\"lazy\" decoding=\"async\" width=\"150\" height=\"150\" src=\"https:\/\/ferrocanor.com\/wp-content\/uploads\/2020\/04\/Detalle-zanca-de-hierro-y-barandilla-de-vidrio-en-escalera-150x150.jpg\" class=\"attachment-thumbnail size-thumbnail\" alt=\"Detalle zanca de hierro y barandilla de vidrio en escalera\" srcset=\"https:\/\/ferrocanor.com\/wp-content\/uploads\/2020\/04\/Detalle-zanca-de-hierro-y-barandilla-de-vidrio-en-escalera-150x150.jpg 150w, https:\/\/ferrocanor.com\/wp-content\/uploads\/2020\/04\/Detalle-zanca-de-hierro-y-barandilla-de-vidrio-en-escalera-100x100.jpg 100w\" sizes=\"(max-width: 150px) 100vw, 150px\" \/><\/a>\n\t\t\t<\/dt><\/dl><dl class='gallery-item'>\n\t\t\t<dt class='gallery-icon landscape'>\n\t\t\t\t<a href='https:\/\/ferrocanor.com\/wp-content\/uploads\/2020\/04\/Escalera-dos-zancas-de-hierro-y-barandilla-hierro-y-vidrio-scaled.jpg' title=\"\" data-rl_title=\"\" class=\"rl-gallery-link\" data-rl_caption=\"\" data-rel=\"lightbox-gallery-2\"><img loading=\"lazy\" decoding=\"async\" width=\"150\" height=\"150\" src=\"https:\/\/ferrocanor.com\/wp-content\/uploads\/2020\/04\/Escalera-dos-zancas-de-hierro-y-barandilla-hierro-y-vidrio-150x150.jpg\" class=\"attachment-thumbnail size-thumbnail\" alt=\"Escalera dos zancas de hierro y barandilla hierro y vidrio\" srcset=\"https:\/\/ferrocanor.com\/wp-content\/uploads\/2020\/04\/Escalera-dos-zancas-de-hierro-y-barandilla-hierro-y-vidrio-150x150.jpg 150w, https:\/\/ferrocanor.com\/wp-content\/uploads\/2020\/04\/Escalera-dos-zancas-de-hierro-y-barandilla-hierro-y-vidrio-100x100.jpg 100w\" sizes=\"(max-width: 150px) 100vw, 150px\" \/><\/a>\n\t\t\t<\/dt><\/dl><br style=\"clear: both\" \/><dl class='gallery-item'>\n\t\t\t<dt class='gallery-icon portrait'>\n\t\t\t\t<a href='https:\/\/ferrocanor.com\/wp-content\/uploads\/2015\/05\/escala-ferro-robellat-31.jpg' title=\"\" data-rl_title=\"\" class=\"rl-gallery-link\" data-rl_caption=\"\" data-rel=\"lightbox-gallery-2\"><img loading=\"lazy\" decoding=\"async\" width=\"150\" height=\"150\" src=\"https:\/\/ferrocanor.com\/wp-content\/uploads\/2015\/05\/escala-ferro-robellat-31-150x150.jpg\" class=\"attachment-thumbnail size-thumbnail\" alt=\"\" srcset=\"https:\/\/ferrocanor.com\/wp-content\/uploads\/2015\/05\/escala-ferro-robellat-31-150x150.jpg 150w, https:\/\/ferrocanor.com\/wp-content\/uploads\/2015\/05\/escala-ferro-robellat-31-100x100.jpg 100w\" sizes=\"(max-width: 150px) 100vw, 150px\" \/><\/a>\n\t\t\t<\/dt><\/dl><dl class='gallery-item'>\n\t\t\t<dt class='gallery-icon landscape'>\n\t\t\t\t<a href='https:\/\/ferrocanor.com\/wp-content\/uploads\/2015\/05\/escala-ferro-robellat-61.jpg' title=\"\" data-rl_title=\"\" class=\"rl-gallery-link\" data-rl_caption=\"\" data-rel=\"lightbox-gallery-2\"><img loading=\"lazy\" decoding=\"async\" width=\"150\" height=\"150\" src=\"https:\/\/ferrocanor.com\/wp-content\/uploads\/2015\/05\/escala-ferro-robellat-61-150x150.jpg\" class=\"attachment-thumbnail size-thumbnail\" alt=\"hierro oxidado\" srcset=\"https:\/\/ferrocanor.com\/wp-content\/uploads\/2015\/05\/escala-ferro-robellat-61-150x150.jpg 150w, https:\/\/ferrocanor.com\/wp-content\/uploads\/2015\/05\/escala-ferro-robellat-61-100x100.jpg 100w\" sizes=\"(max-width: 150px) 100vw, 150px\" \/><\/a>\n\t\t\t<\/dt><\/dl><dl class='gallery-item'>\n\t\t\t<dt class='gallery-icon portrait'>\n\t\t\t\t<a href='https:\/\/ferrocanor.com\/wp-content\/uploads\/2015\/05\/escala-ferro-robellat-11.jpg' title=\"\" data-rl_title=\"\" class=\"rl-gallery-link\" data-rl_caption=\"\" data-rel=\"lightbox-gallery-2\"><img loading=\"lazy\" decoding=\"async\" width=\"150\" height=\"150\" src=\"https:\/\/ferrocanor.com\/wp-content\/uploads\/2015\/05\/escala-ferro-robellat-11-150x150.jpg\" class=\"attachment-thumbnail size-thumbnail\" alt=\"\" srcset=\"https:\/\/ferrocanor.com\/wp-content\/uploads\/2015\/05\/escala-ferro-robellat-11-150x150.jpg 150w, https:\/\/ferrocanor.com\/wp-content\/uploads\/2015\/05\/escala-ferro-robellat-11-100x100.jpg 100w\" sizes=\"(max-width: 150px) 100vw, 150px\" \/><\/a>\n\t\t\t<\/dt><\/dl><dl class='gallery-item'>\n\t\t\t<dt class='gallery-icon portrait'>\n\t\t\t\t<a href='https:\/\/ferrocanor.com\/wp-content\/uploads\/2015\/05\/Escalera_65.jpg' title=\"\" data-rl_title=\"\" class=\"rl-gallery-link\" data-rl_caption=\"\" data-rel=\"lightbox-gallery-2\"><img loading=\"lazy\" decoding=\"async\" width=\"150\" height=\"150\" src=\"https:\/\/ferrocanor.com\/wp-content\/uploads\/2015\/05\/Escalera_65-150x150.jpg\" class=\"attachment-thumbnail size-thumbnail\" alt=\"\" srcset=\"https:\/\/ferrocanor.com\/wp-content\/uploads\/2015\/05\/Escalera_65-150x150.jpg 150w, https:\/\/ferrocanor.com\/wp-content\/uploads\/2015\/05\/Escalera_65-100x100.jpg 100w\" sizes=\"(max-width: 150px) 100vw, 150px\" \/><\/a>\n\t\t\t<\/dt><\/dl><br style=\"clear: both\" \/><dl class='gallery-item'>\n\t\t\t<dt class='gallery-icon portrait'>\n\t\t\t\t<a href='https:\/\/ferrocanor.com\/wp-content\/uploads\/2015\/05\/Escalera_25.jpg' title=\"\" data-rl_title=\"\" class=\"rl-gallery-link\" data-rl_caption=\"\" data-rel=\"lightbox-gallery-2\"><img loading=\"lazy\" decoding=\"async\" width=\"150\" height=\"150\" src=\"https:\/\/ferrocanor.com\/wp-content\/uploads\/2015\/05\/Escalera_25-150x150.jpg\" class=\"attachment-thumbnail size-thumbnail\" alt=\"\" srcset=\"https:\/\/ferrocanor.com\/wp-content\/uploads\/2015\/05\/Escalera_25-150x150.jpg 150w, https:\/\/ferrocanor.com\/wp-content\/uploads\/2015\/05\/Escalera_25-100x100.jpg 100w\" sizes=\"(max-width: 150px) 100vw, 150px\" \/><\/a>\n\t\t\t<\/dt><\/dl><dl class='gallery-item'>\n\t\t\t<dt class='gallery-icon portrait'>\n\t\t\t\t<a href='https:\/\/ferrocanor.com\/wp-content\/uploads\/2015\/05\/Escalera_35.jpg' title=\"\" data-rl_title=\"\" class=\"rl-gallery-link\" data-rl_caption=\"\" data-rel=\"lightbox-gallery-2\"><img loading=\"lazy\" decoding=\"async\" width=\"150\" height=\"150\" src=\"https:\/\/ferrocanor.com\/wp-content\/uploads\/2015\/05\/Escalera_35-150x150.jpg\" class=\"attachment-thumbnail size-thumbnail\" alt=\"\" srcset=\"https:\/\/ferrocanor.com\/wp-content\/uploads\/2015\/05\/Escalera_35-150x150.jpg 150w, https:\/\/ferrocanor.com\/wp-content\/uploads\/2015\/05\/Escalera_35-100x100.jpg 100w\" sizes=\"(max-width: 150px) 100vw, 150px\" \/><\/a>\n\t\t\t<\/dt><\/dl><dl class='gallery-item'>\n\t\t\t<dt class='gallery-icon portrait'>\n\t\t\t\t<a href='https:\/\/ferrocanor.com\/wp-content\/uploads\/2015\/05\/Escalera_15.jpg' title=\"\" data-rl_title=\"\" class=\"rl-gallery-link\" data-rl_caption=\"\" data-rel=\"lightbox-gallery-2\"><img loading=\"lazy\" decoding=\"async\" width=\"150\" height=\"150\" src=\"https:\/\/ferrocanor.com\/wp-content\/uploads\/2015\/05\/Escalera_15-150x150.jpg\" class=\"attachment-thumbnail size-thumbnail\" alt=\"\" srcset=\"https:\/\/ferrocanor.com\/wp-content\/uploads\/2015\/05\/Escalera_15-150x150.jpg 150w, https:\/\/ferrocanor.com\/wp-content\/uploads\/2015\/05\/Escalera_15-100x100.jpg 100w\" sizes=\"(max-width: 150px) 100vw, 150px\" \/><\/a>\n\t\t\t<\/dt><\/dl><dl class='gallery-item'>\n\t\t\t<dt class='gallery-icon portrait'>\n\t\t\t\t<a href='https:\/\/ferrocanor.com\/wp-content\/uploads\/2015\/05\/Escalera_45.jpg' title=\"\" data-rl_title=\"\" class=\"rl-gallery-link\" data-rl_caption=\"\" data-rel=\"lightbox-gallery-2\"><img loading=\"lazy\" decoding=\"async\" width=\"150\" height=\"150\" src=\"https:\/\/ferrocanor.com\/wp-content\/uploads\/2015\/05\/Escalera_45-150x150.jpg\" class=\"attachment-thumbnail size-thumbnail\" alt=\"\" srcset=\"https:\/\/ferrocanor.com\/wp-content\/uploads\/2015\/05\/Escalera_45-150x150.jpg 150w, https:\/\/ferrocanor.com\/wp-content\/uploads\/2015\/05\/Escalera_45-100x100.jpg 100w\" sizes=\"(max-width: 150px) 100vw, 150px\" \/><\/a>\n\t\t\t<\/dt><\/dl><br style=\"clear: both\" \/><dl class='gallery-item'>\n\t\t\t<dt class='gallery-icon portrait'>\n\t\t\t\t<a href='https:\/\/ferrocanor.com\/wp-content\/uploads\/2015\/05\/Escalera_105.jpg' title=\"\" data-rl_title=\"\" class=\"rl-gallery-link\" data-rl_caption=\"\" data-rel=\"lightbox-gallery-2\"><img loading=\"lazy\" decoding=\"async\" width=\"150\" height=\"150\" src=\"https:\/\/ferrocanor.com\/wp-content\/uploads\/2015\/05\/Escalera_105-150x150.jpg\" class=\"attachment-thumbnail size-thumbnail\" alt=\"\" srcset=\"https:\/\/ferrocanor.com\/wp-content\/uploads\/2015\/05\/Escalera_105-150x150.jpg 150w, https:\/\/ferrocanor.com\/wp-content\/uploads\/2015\/05\/Escalera_105-100x100.jpg 100w\" sizes=\"(max-width: 150px) 100vw, 150px\" \/><\/a>\n\t\t\t<\/dt><\/dl><dl class='gallery-item'>\n\t\t\t<dt class='gallery-icon portrait'>\n\t\t\t\t<a href='https:\/\/ferrocanor.com\/wp-content\/uploads\/2015\/05\/escalera-de-hierro-2-1.jpg' title=\"\" data-rl_title=\"\" class=\"rl-gallery-link\" data-rl_caption=\"\" data-rel=\"lightbox-gallery-2\"><img loading=\"lazy\" decoding=\"async\" width=\"150\" height=\"150\" src=\"https:\/\/ferrocanor.com\/wp-content\/uploads\/2015\/05\/escalera-de-hierro-2-1-150x150.jpg\" class=\"attachment-thumbnail size-thumbnail\" alt=\"\" srcset=\"https:\/\/ferrocanor.com\/wp-content\/uploads\/2015\/05\/escalera-de-hierro-2-1-150x150.jpg 150w, https:\/\/ferrocanor.com\/wp-content\/uploads\/2015\/05\/escalera-de-hierro-2-1-100x100.jpg 100w\" sizes=\"(max-width: 150px) 100vw, 150px\" \/><\/a>\n\t\t\t<\/dt><\/dl><dl class='gallery-item'>\n\t\t\t<dt class='gallery-icon landscape'>\n\t\t\t\t<a href='https:\/\/ferrocanor.com\/wp-content\/uploads\/2015\/05\/escalera-de-hierro-1.jpg' title=\"\" data-rl_title=\"\" class=\"rl-gallery-link\" data-rl_caption=\"\" data-rel=\"lightbox-gallery-2\"><img loading=\"lazy\" decoding=\"async\" width=\"150\" height=\"150\" src=\"https:\/\/ferrocanor.com\/wp-content\/uploads\/2015\/05\/escalera-de-hierro-1-150x150.jpg\" class=\"attachment-thumbnail size-thumbnail\" alt=\"\" srcset=\"https:\/\/ferrocanor.com\/wp-content\/uploads\/2015\/05\/escalera-de-hierro-1-150x150.jpg 150w, https:\/\/ferrocanor.com\/wp-content\/uploads\/2015\/05\/escalera-de-hierro-1-100x100.jpg 100w\" sizes=\"(max-width: 150px) 100vw, 150px\" \/><\/a>\n\t\t\t<\/dt><\/dl><dl class='gallery-item'>\n\t\t\t<dt class='gallery-icon landscape'>\n\t\t\t\t<a href='https:\/\/ferrocanor.com\/wp-content\/uploads\/2015\/05\/detall_escalera_ferro-1.jpg' title=\"\" data-rl_title=\"\" class=\"rl-gallery-link\" data-rl_caption=\"\" data-rel=\"lightbox-gallery-2\"><img loading=\"lazy\" decoding=\"async\" width=\"150\" height=\"150\" src=\"https:\/\/ferrocanor.com\/wp-content\/uploads\/2015\/05\/detall_escalera_ferro-1-150x150.jpg\" class=\"attachment-thumbnail size-thumbnail\" alt=\"\" srcset=\"https:\/\/ferrocanor.com\/wp-content\/uploads\/2015\/05\/detall_escalera_ferro-1-150x150.jpg 150w, https:\/\/ferrocanor.com\/wp-content\/uploads\/2015\/05\/detall_escalera_ferro-1-100x100.jpg 100w\" sizes=\"(max-width: 150px) 100vw, 150px\" \/><\/a>\n\t\t\t<\/dt><\/dl><br style=\"clear: both\" \/><dl class='gallery-item'>\n\t\t\t<dt class='gallery-icon portrait'>\n\t\t\t\t<a href='https:\/\/ferrocanor.com\/wp-content\/uploads\/2017\/03\/escalera-con-chapa-de-hierro-10mm.jpg' title=\"\" data-rl_title=\"\" class=\"rl-gallery-link\" data-rl_caption=\"\" data-rel=\"lightbox-gallery-2\"><img loading=\"lazy\" decoding=\"async\" width=\"150\" height=\"150\" src=\"https:\/\/ferrocanor.com\/wp-content\/uploads\/2017\/03\/escalera-con-chapa-de-hierro-10mm-150x150.jpg\" class=\"attachment-thumbnail size-thumbnail\" alt=\"\" srcset=\"https:\/\/ferrocanor.com\/wp-content\/uploads\/2017\/03\/escalera-con-chapa-de-hierro-10mm-150x150.jpg 150w, https:\/\/ferrocanor.com\/wp-content\/uploads\/2017\/03\/escalera-con-chapa-de-hierro-10mm-100x100.jpg 100w\" sizes=\"(max-width: 150px) 100vw, 150px\" \/><\/a>\n\t\t\t<\/dt><\/dl><dl class='gallery-item'>\n\t\t\t<dt class='gallery-icon landscape'>\n\t\t\t\t<a href='https:\/\/ferrocanor.com\/wp-content\/uploads\/2017\/03\/detalle-pelda\u00f1os-de-chapa-de-hierro-de-10mm.jpg' title=\"\" data-rl_title=\"\" class=\"rl-gallery-link\" data-rl_caption=\"\" data-rel=\"lightbox-gallery-2\"><img loading=\"lazy\" decoding=\"async\" width=\"150\" height=\"150\" src=\"https:\/\/ferrocanor.com\/wp-content\/uploads\/2017\/03\/detalle-pelda\u00f1os-de-chapa-de-hierro-de-10mm-150x150.jpg\" class=\"attachment-thumbnail size-thumbnail\" alt=\"\" srcset=\"https:\/\/ferrocanor.com\/wp-content\/uploads\/2017\/03\/detalle-pelda\u00f1os-de-chapa-de-hierro-de-10mm-150x150.jpg 150w, https:\/\/ferrocanor.com\/wp-content\/uploads\/2017\/03\/detalle-pelda\u00f1os-de-chapa-de-hierro-de-10mm-100x100.jpg 100w\" sizes=\"(max-width: 150px) 100vw, 150px\" \/><\/a>\n\t\t\t<\/dt><\/dl><dl class='gallery-item'>\n\t\t\t<dt class='gallery-icon landscape'>\n\t\t\t\t<a href='https:\/\/ferrocanor.com\/wp-content\/uploads\/2017\/03\/Escalera-de-chapa-de-hierro-y-barandilla-con-cristal.jpg' title=\"\" data-rl_title=\"\" class=\"rl-gallery-link\" data-rl_caption=\"\" data-rel=\"lightbox-gallery-2\"><img loading=\"lazy\" decoding=\"async\" width=\"150\" height=\"150\" src=\"https:\/\/ferrocanor.com\/wp-content\/uploads\/2017\/03\/Escalera-de-chapa-de-hierro-y-barandilla-con-cristal-150x150.jpg\" class=\"attachment-thumbnail size-thumbnail\" alt=\"Barandilla de hierro y cristal\" srcset=\"https:\/\/ferrocanor.com\/wp-content\/uploads\/2017\/03\/Escalera-de-chapa-de-hierro-y-barandilla-con-cristal-150x150.jpg 150w, https:\/\/ferrocanor.com\/wp-content\/uploads\/2017\/03\/Escalera-de-chapa-de-hierro-y-barandilla-con-cristal-100x100.jpg 100w\" sizes=\"(max-width: 150px) 100vw, 150px\" \/><\/a>\n\t\t\t<\/dt><\/dl><dl class='gallery-item'>\n\t\t\t<dt class='gallery-icon landscape'>\n\t\t\t\t<a href='https:\/\/ferrocanor.com\/wp-content\/uploads\/2020\/04\/Detalle-pelda\u00f1os-barandilla-mallazo-y-pasamano-scaled.jpg' title=\"\" data-rl_title=\"\" class=\"rl-gallery-link\" data-rl_caption=\"\" data-rel=\"lightbox-gallery-2\"><img loading=\"lazy\" decoding=\"async\" width=\"150\" height=\"150\" src=\"https:\/\/ferrocanor.com\/wp-content\/uploads\/2020\/04\/Detalle-pelda\u00f1os-barandilla-mallazo-y-pasamano-150x150.jpg\" class=\"attachment-thumbnail size-thumbnail\" alt=\"Detalle pelda\u00f1os, barandilla mallazo y pasamano\" srcset=\"https:\/\/ferrocanor.com\/wp-content\/uploads\/2020\/04\/Detalle-pelda\u00f1os-barandilla-mallazo-y-pasamano-150x150.jpg 150w, https:\/\/ferrocanor.com\/wp-content\/uploads\/2020\/04\/Detalle-pelda\u00f1os-barandilla-mallazo-y-pasamano-100x100.jpg 100w\" sizes=\"(max-width: 150px) 100vw, 150px\" \/><\/a>\n\t\t\t<\/dt><\/dl><br style=\"clear: both\" \/><dl class='gallery-item'>\n\t\t\t<dt class='gallery-icon landscape'>\n\t\t\t\t<a href='https:\/\/ferrocanor.com\/wp-content\/uploads\/2020\/04\/Escalera-de-hierro-con-barandilla-mallazo-scaled.jpg' title=\"\" data-rl_title=\"\" class=\"rl-gallery-link\" data-rl_caption=\"\" data-rel=\"lightbox-gallery-2\"><img loading=\"lazy\" decoding=\"async\" width=\"150\" height=\"150\" src=\"https:\/\/ferrocanor.com\/wp-content\/uploads\/2020\/04\/Escalera-de-hierro-con-barandilla-mallazo-150x150.jpg\" class=\"attachment-thumbnail size-thumbnail\" alt=\"Escalera de hierro con barandilla mallazo\" srcset=\"https:\/\/ferrocanor.com\/wp-content\/uploads\/2020\/04\/Escalera-de-hierro-con-barandilla-mallazo-150x150.jpg 150w, https:\/\/ferrocanor.com\/wp-content\/uploads\/2020\/04\/Escalera-de-hierro-con-barandilla-mallazo-100x100.jpg 100w\" sizes=\"(max-width: 150px) 100vw, 150px\" \/><\/a>\n\t\t\t<\/dt><\/dl><dl class='gallery-item'>\n\t\t\t<dt class='gallery-icon portrait'>\n\t\t\t\t<a href='https:\/\/ferrocanor.com\/wp-content\/uploads\/2015\/05\/Escalera-de-hierro-con-pelda\u00f1os-de-chapa-repujada-y-lacada-color-negro.jpg' title=\"\" data-rl_title=\"\" class=\"rl-gallery-link\" data-rl_caption=\"\" data-rel=\"lightbox-gallery-2\"><img loading=\"lazy\" decoding=\"async\" width=\"150\" height=\"150\" src=\"https:\/\/ferrocanor.com\/wp-content\/uploads\/2015\/05\/Escalera-de-hierro-con-pelda\u00f1os-de-chapa-repujada-y-lacada-color-negro-150x150.jpg\" class=\"attachment-thumbnail size-thumbnail\" alt=\"\" srcset=\"https:\/\/ferrocanor.com\/wp-content\/uploads\/2015\/05\/Escalera-de-hierro-con-pelda\u00f1os-de-chapa-repujada-y-lacada-color-negro-150x150.jpg 150w, https:\/\/ferrocanor.com\/wp-content\/uploads\/2015\/05\/Escalera-de-hierro-con-pelda\u00f1os-de-chapa-repujada-y-lacada-color-negro-100x100.jpg 100w\" sizes=\"(max-width: 150px) 100vw, 150px\" \/><\/a>\n\t\t\t<\/dt><\/dl><dl class='gallery-item'>\n\t\t\t<dt class='gallery-icon landscape'>\n\t\t\t\t<a href='https:\/\/ferrocanor.com\/wp-content\/uploads\/2020\/04\/Barandilla-de-hierro-de-tres-tramos-scaled.jpg' title=\"\" data-rl_title=\"\" class=\"rl-gallery-link\" data-rl_caption=\"\" data-rel=\"lightbox-gallery-2\"><img loading=\"lazy\" decoding=\"async\" width=\"150\" height=\"150\" src=\"https:\/\/ferrocanor.com\/wp-content\/uploads\/2020\/04\/Barandilla-de-hierro-de-tres-tramos-150x150.jpg\" class=\"attachment-thumbnail size-thumbnail\" alt=\"Barandilla de hierro de tres tramos\" srcset=\"https:\/\/ferrocanor.com\/wp-content\/uploads\/2020\/04\/Barandilla-de-hierro-de-tres-tramos-150x150.jpg 150w, https:\/\/ferrocanor.com\/wp-content\/uploads\/2020\/04\/Barandilla-de-hierro-de-tres-tramos-100x100.jpg 100w\" sizes=\"(max-width: 150px) 100vw, 150px\" \/><\/a>\n\t\t\t<\/dt><\/dl><dl class='gallery-item'>\n\t\t\t<dt class='gallery-icon landscape'>\n\t\t\t\t<a href='https:\/\/ferrocanor.com\/wp-content\/uploads\/2020\/04\/Detalle-pelda\u00f1os-chapa-repujada-scaled.jpg' title=\"\" data-rl_title=\"\" class=\"rl-gallery-link\" data-rl_caption=\"\" data-rel=\"lightbox-gallery-2\"><img loading=\"lazy\" decoding=\"async\" width=\"150\" height=\"150\" src=\"https:\/\/ferrocanor.com\/wp-content\/uploads\/2020\/04\/Detalle-pelda\u00f1os-chapa-repujada-150x150.jpg\" class=\"attachment-thumbnail size-thumbnail\" alt=\"Detalle pelda\u00f1os chapa repujada\" srcset=\"https:\/\/ferrocanor.com\/wp-content\/uploads\/2020\/04\/Detalle-pelda\u00f1os-chapa-repujada-150x150.jpg 150w, https:\/\/ferrocanor.com\/wp-content\/uploads\/2020\/04\/Detalle-pelda\u00f1os-chapa-repujada-100x100.jpg 100w\" sizes=\"(max-width: 150px) 100vw, 150px\" \/><\/a>\n\t\t\t<\/dt><\/dl><br style=\"clear: both\" \/>\n\t\t<\/div>\n\n","protected":false},"excerpt":{"rendered":"<p>Escaleras Fabricaci\u00f3n a medida de escaleras de hierro rectas y en espiral (tambi\u00e9n llamadas de caracol) Pelda\u00f1os de chapa de hierro Pelda\u00f1os con emparrillado Preparadas para colocar pelda\u00f1os de madera Dise\u00f1o de la barandilla a elegir (ver barandillas) Hay diferentes opciones, dependiendo del tipo de escalera o necesidades del cliente,\u00a0se puede servir\u00a0 pintada con una [&hellip;]<\/p>\n","protected":false},"author":3,"featured_media":0,"parent":317,"menu_order":0,"comment_status":"open","ping_status":"open","template":"","meta":{"_monsterinsights_skip_tracking":false,"_monsterinsights_sitenote_active":false,"_monsterinsights_sitenote_note":"","_monsterinsights_sitenote_category":0,"footnotes":""},"yoast_head":"<!-- This site is optimized with the Yoast SEO plugin v22.9 - https:\/\/yoast.com\/wordpress\/plugins\/seo\/ -->\n<title>Escaleras personalizadas<\/title>\n<meta name=\"description\" content=\"Fabricaci\u00f3n a medida de escaleras de hierro rectas y en espiral, personalizadas para cada tipo de cliente. Escogiendo entre diferentes acabados de color.\" \/>\n<meta name=\"robots\" content=\"index, follow, max-snippet:-1, max-image-preview:large, max-video-preview:-1\" \/>\n<link rel=\"canonical\" href=\"http:\/\/ferrocanor.com\/es\/productos\/escaleras\/\" \/>\n<meta property=\"og:locale\" content=\"es_ES\" \/>\n<meta property=\"og:type\" content=\"article\" \/>\n<meta property=\"og:title\" content=\"Escaleras personalizadas\" \/>\n<meta property=\"og:description\" content=\"Fabricaci\u00f3n a medida de escaleras de hierro rectas y en espiral, personalizadas para cada tipo de cliente. Escogiendo entre diferentes acabados de color.\" \/>\n<meta property=\"og:url\" content=\"http:\/\/ferrocanor.com\/es\/productos\/escaleras\/\" \/>\n<meta property=\"og:site_name\" content=\"ferrocanor.com\" \/>\n<meta property=\"article:publisher\" content=\"https:\/\/www.facebook.com\/Canor-ferro-alumini-i-PVC-171451982903235\" \/>\n<meta property=\"article:modified_time\" content=\"2020-04-25T18:39:52+00:00\" \/>\n<meta property=\"og:image\" content=\"http:\/\/ferrocanor.com\/wp-content\/uploads\/2015\/05\/Escalera_85-150x150.jpg\" \/>\n<meta name=\"twitter:label1\" content=\"Est. reading time\" \/>\n\t<meta name=\"twitter:data1\" content=\"1 minute\" \/>\n<script type=\"application\/ld+json\" class=\"yoast-schema-graph\">{\"@context\":\"https:\/\/schema.org\",\"@graph\":[{\"@type\":\"WebPage\",\"@id\":\"http:\/\/ferrocanor.com\/es\/productos\/escaleras\/\",\"url\":\"http:\/\/ferrocanor.com\/es\/productos\/escaleras\/\",\"name\":\"Escaleras personalizadas\",\"isPartOf\":{\"@id\":\"http:\/\/ferrocanor.com\/#website\"},\"primaryImageOfPage\":{\"@id\":\"http:\/\/ferrocanor.com\/es\/productos\/escaleras\/#primaryimage\"},\"image\":{\"@id\":\"http:\/\/ferrocanor.com\/es\/productos\/escaleras\/#primaryimage\"},\"thumbnailUrl\":\"https:\/\/ferrocanor.com\/wp-content\/uploads\/2015\/05\/escaleras-portada.jpg\",\"datePublished\":\"2015-05-04T14:26:18+00:00\",\"dateModified\":\"2020-04-25T18:39:52+00:00\",\"description\":\"Fabricaci\u00f3n a medida de escaleras de hierro rectas y en espiral, personalizadas para cada tipo de cliente. Escogiendo entre diferentes acabados de color.\",\"breadcrumb\":{\"@id\":\"http:\/\/ferrocanor.com\/es\/productos\/escaleras\/#breadcrumb\"},\"inLanguage\":\"es-ES\",\"potentialAction\":[{\"@type\":\"ReadAction\",\"target\":[\"http:\/\/ferrocanor.com\/es\/productos\/escaleras\/\"]}]},{\"@type\":\"ImageObject\",\"inLanguage\":\"es-ES\",\"@id\":\"http:\/\/ferrocanor.com\/es\/productos\/escaleras\/#primaryimage\",\"url\":\"https:\/\/ferrocanor.com\/wp-content\/uploads\/2015\/05\/escaleras-portada.jpg\",\"contentUrl\":\"https:\/\/ferrocanor.com\/wp-content\/uploads\/2015\/05\/escaleras-portada.jpg\"},{\"@type\":\"BreadcrumbList\",\"@id\":\"http:\/\/ferrocanor.com\/es\/productos\/escaleras\/#breadcrumb\",\"itemListElement\":[{\"@type\":\"ListItem\",\"position\":1,\"name\":\"Home\",\"item\":\"http:\/\/ferrocanor.com\/es\/\"},{\"@type\":\"ListItem\",\"position\":2,\"name\":\"Productos\",\"item\":\"http:\/\/ferrocanor.com\/es\/productos\/\"},{\"@type\":\"ListItem\",\"position\":3,\"name\":\"Escaleras\"}]},{\"@type\":\"WebSite\",\"@id\":\"http:\/\/ferrocanor.com\/#website\",\"url\":\"http:\/\/ferrocanor.com\/\",\"name\":\"ferrocanor.com\",\"description\":\"Hierro - Aluminio - PVC\",\"publisher\":{\"@id\":\"http:\/\/ferrocanor.com\/#organization\"},\"potentialAction\":[{\"@type\":\"SearchAction\",\"target\":{\"@type\":\"EntryPoint\",\"urlTemplate\":\"http:\/\/ferrocanor.com\/?s={search_term_string}\"},\"query-input\":\"required name=search_term_string\"}],\"inLanguage\":\"es-ES\"},{\"@type\":\"Organization\",\"@id\":\"http:\/\/ferrocanor.com\/#organization\",\"name\":\"ferrocanor.com\",\"url\":\"http:\/\/ferrocanor.com\/\",\"logo\":{\"@type\":\"ImageObject\",\"inLanguage\":\"es-ES\",\"@id\":\"http:\/\/ferrocanor.com\/#\/schema\/logo\/image\/\",\"url\":\"https:\/\/ferrocanor.com\/wp-content\/uploads\/2022\/02\/logo-ferrocanor-horizontal-web-01.png\",\"contentUrl\":\"https:\/\/ferrocanor.com\/wp-content\/uploads\/2022\/02\/logo-ferrocanor-horizontal-web-01.png\",\"width\":357,\"height\":143,\"caption\":\"ferrocanor.com\"},\"image\":{\"@id\":\"http:\/\/ferrocanor.com\/#\/schema\/logo\/image\/\"},\"sameAs\":[\"https:\/\/www.facebook.com\/Canor-ferro-alumini-i-PVC-171451982903235\"]}]}<\/script>\n<!-- \/ Yoast SEO plugin. -->","yoast_head_json":{"title":"Escaleras personalizadas","description":"Fabricaci\u00f3n a medida de escaleras de hierro rectas y en espiral, personalizadas para cada tipo de cliente. Escogiendo entre diferentes acabados de color.","robots":{"index":"index","follow":"follow","max-snippet":"max-snippet:-1","max-image-preview":"max-image-preview:large","max-video-preview":"max-video-preview:-1"},"canonical":"http:\/\/ferrocanor.com\/es\/productos\/escaleras\/","og_locale":"es_ES","og_type":"article","og_title":"Escaleras personalizadas","og_description":"Fabricaci\u00f3n a medida de escaleras de hierro rectas y en espiral, personalizadas para cada tipo de cliente. Escogiendo entre diferentes acabados de color.","og_url":"http:\/\/ferrocanor.com\/es\/productos\/escaleras\/","og_site_name":"ferrocanor.com","article_publisher":"https:\/\/www.facebook.com\/Canor-ferro-alumini-i-PVC-171451982903235","article_modified_time":"2020-04-25T18:39:52+00:00","og_image":[{"url":"http:\/\/ferrocanor.com\/wp-content\/uploads\/2015\/05\/Escalera_85-150x150.jpg"}],"twitter_misc":{"Est. reading time":"1 minute"},"schema":{"@context":"https:\/\/schema.org","@graph":[{"@type":"WebPage","@id":"http:\/\/ferrocanor.com\/es\/productos\/escaleras\/","url":"http:\/\/ferrocanor.com\/es\/productos\/escaleras\/","name":"Escaleras personalizadas","isPartOf":{"@id":"http:\/\/ferrocanor.com\/#website"},"primaryImageOfPage":{"@id":"http:\/\/ferrocanor.com\/es\/productos\/escaleras\/#primaryimage"},"image":{"@id":"http:\/\/ferrocanor.com\/es\/productos\/escaleras\/#primaryimage"},"thumbnailUrl":"https:\/\/ferrocanor.com\/wp-content\/uploads\/2015\/05\/escaleras-portada.jpg","datePublished":"2015-05-04T14:26:18+00:00","dateModified":"2020-04-25T18:39:52+00:00","description":"Fabricaci\u00f3n a medida de escaleras de hierro rectas y en espiral, personalizadas para cada tipo de cliente. Escogiendo entre diferentes acabados de color.","breadcrumb":{"@id":"http:\/\/ferrocanor.com\/es\/productos\/escaleras\/#breadcrumb"},"inLanguage":"es-ES","potentialAction":[{"@type":"ReadAction","target":["http:\/\/ferrocanor.com\/es\/productos\/escaleras\/"]}]},{"@type":"ImageObject","inLanguage":"es-ES","@id":"http:\/\/ferrocanor.com\/es\/productos\/escaleras\/#primaryimage","url":"https:\/\/ferrocanor.com\/wp-content\/uploads\/2015\/05\/escaleras-portada.jpg","contentUrl":"https:\/\/ferrocanor.com\/wp-content\/uploads\/2015\/05\/escaleras-portada.jpg"},{"@type":"BreadcrumbList","@id":"http:\/\/ferrocanor.com\/es\/productos\/escaleras\/#breadcrumb","itemListElement":[{"@type":"ListItem","position":1,"name":"Home","item":"http:\/\/ferrocanor.com\/es\/"},{"@type":"ListItem","position":2,"name":"Productos","item":"http:\/\/ferrocanor.com\/es\/productos\/"},{"@type":"ListItem","position":3,"name":"Escaleras"}]},{"@type":"WebSite","@id":"http:\/\/ferrocanor.com\/#website","url":"http:\/\/ferrocanor.com\/","name":"ferrocanor.com","description":"Hierro - Aluminio - PVC","publisher":{"@id":"http:\/\/ferrocanor.com\/#organization"},"potentialAction":[{"@type":"SearchAction","target":{"@type":"EntryPoint","urlTemplate":"http:\/\/ferrocanor.com\/?s={search_term_string}"},"query-input":"required name=search_term_string"}],"inLanguage":"es-ES"},{"@type":"Organization","@id":"http:\/\/ferrocanor.com\/#organization","name":"ferrocanor.com","url":"http:\/\/ferrocanor.com\/","logo":{"@type":"ImageObject","inLanguage":"es-ES","@id":"http:\/\/ferrocanor.com\/#\/schema\/logo\/image\/","url":"https:\/\/ferrocanor.com\/wp-content\/uploads\/2022\/02\/logo-ferrocanor-horizontal-web-01.png","contentUrl":"https:\/\/ferrocanor.com\/wp-content\/uploads\/2022\/02\/logo-ferrocanor-horizontal-web-01.png","width":357,"height":143,"caption":"ferrocanor.com"},"image":{"@id":"http:\/\/ferrocanor.com\/#\/schema\/logo\/image\/"},"sameAs":["https:\/\/www.facebook.com\/Canor-ferro-alumini-i-PVC-171451982903235"]}]}},"_links":{"self":[{"href":"https:\/\/ferrocanor.com\/es\/wp-json\/wp\/v2\/pages\/504"}],"collection":[{"href":"https:\/\/ferrocanor.com\/es\/wp-json\/wp\/v2\/pages"}],"about":[{"href":"https:\/\/ferrocanor.com\/es\/wp-json\/wp\/v2\/types\/page"}],"author":[{"embeddable":true,"href":"https:\/\/ferrocanor.com\/es\/wp-json\/wp\/v2\/users\/3"}],"replies":[{"embeddable":true,"href":"https:\/\/ferrocanor.com\/es\/wp-json\/wp\/v2\/comments?post=504"}],"version-history":[{"count":26,"href":"https:\/\/ferrocanor.com\/es\/wp-json\/wp\/v2\/pages\/504\/revisions"}],"predecessor-version":[{"id":8270,"href":"https:\/\/ferrocanor.com\/es\/wp-json\/wp\/v2\/pages\/504\/revisions\/8270"}],"up":[{"embeddable":true,"href":"https:\/\/ferrocanor.com\/es\/wp-json\/wp\/v2\/pages\/317"}],"wp:attachment":[{"href":"https:\/\/ferrocanor.com\/es\/wp-json\/wp\/v2\/media?parent=504"}],"curies":[{"name":"wp","href":"https:\/\/api.w.org\/{rel}","templated":true}]}}