{"id":676,"date":"2015-05-05T12:43:50","date_gmt":"2015-05-05T10:43:50","guid":{"rendered":"https:\/\/ferrocanor.com\/productos\/tendals\/"},"modified":"2020-04-23T20:58:55","modified_gmt":"2020-04-23T18:58:55","slug":"toldos","status":"publish","type":"page","link":"https:\/\/ferrocanor.com\/es\/productos\/toldos\/","title":{"rendered":"Toldos"},"content":{"rendered":"<p><a href=\"https:\/\/ferrocanor.com\/wp-content\/uploads\/2015\/05\/portada-toldos.jpg\" data-rel=\"lightbox-image-0\" data-rl_title=\"\" data-rl_caption=\"\" title=\"\"><img loading=\"lazy\" decoding=\"async\" class=\"portada-producte alignnone wp-image-666 size-full\" src=\"https:\/\/ferrocanor.com\/wp-content\/uploads\/2015\/05\/portada-toldos.jpg\" alt=\"toldos\" width=\"960\" height=\"324\" srcset=\"https:\/\/ferrocanor.com\/wp-content\/uploads\/2015\/05\/portada-toldos.jpg 960w, https:\/\/ferrocanor.com\/wp-content\/uploads\/2015\/05\/portada-toldos-300x101.jpg 300w, https:\/\/ferrocanor.com\/wp-content\/uploads\/2015\/05\/portada-toldos-250x84.jpg 250w\" sizes=\"(max-width: 960px) 100vw, 960px\" \/><\/a><\/p>\n<h2>Toldos<\/h2>\n<hr \/>\n<p>Los toldos, adem\u00e1s de protecci\u00f3n solar, proporcionan espacios de sombra y regulaci\u00f3n de la luz natural aport\u00e1ndonos ventajas como disminuci\u00f3n de radiaci\u00f3n solar, ahorro en consumo de aire acondicionado y protecci\u00f3n contra los rayos UV y para eso disponemos de varios tipos de toldos como son los toldos extensibles de brazos, toldos o p\u00e9rgolas de paliller\u00eda y screens verticales.<\/p>\n<ul>\n<li><strong>Toldos extensibles de brazos:<\/strong> Los toldos de brazos articulados y telesc\u00f3picos pertenecen a los sistemas de protecci\u00f3n solar que se montan por lo general en la pared o techo quedando el toldo suspendido y pudiendo enrollarlo. Posibilidad de apertura manual o motorizada.\u00a0Elija entre una gran variedad de tejidos y colores.<\/li>\n<li><strong>Toldo o p\u00e9rgola de paliller\u00eda:<\/strong> La p\u00e9rgola de paliller\u00eda es un sistema de protecci\u00f3n solar deslizante en el que puede extender o recoger el tejido. Gran variedad de tejidos y colores.<\/li>\n<li><strong>Toldo vertical:<\/strong> Una muy buena opci\u00f3n para utilizar como paraviento. Posiblidad de ventana transparente. Pueden ser de lona acrilica, PVC o microperforados.<\/li>\n<\/ul>\n<hr \/>\n\n\t\t<style type=\"text\/css\">\n\t\t\t#gallery-2 {\n\t\t\t\tmargin: auto;\n\t\t\t}\n\t\t\t#gallery-2 .gallery-item {\n\t\t\t\tfloat: left;\n\t\t\t\tmargin-top: 10px;\n\t\t\t\ttext-align: center;\n\t\t\t\twidth: 50%;\n\t\t\t}\n\t\t\t#gallery-2 img {\n\t\t\t\tborder: 2px solid #cfcfcf;\n\t\t\t}\n\t\t\t#gallery-2 .gallery-caption {\n\t\t\t\tmargin-left: 0;\n\t\t\t}\n\t\t\t\/* see gallery_shortcode() in wp-includes\/media.php *\/\n\t\t<\/style>\n\t\t<div id='gallery-2' class='gallery galleryid-676 gallery-columns-2 gallery-size-medium'><dl class='gallery-item'>\n\t\t\t<dt class='gallery-icon landscape'>\n\t\t\t\t<a href=\"https:\/\/ferrocanor.com\/es\/productos\/toldos\/toldos-de-brazos\/\" title=\"\" data-rl_title=\"\" class=\"rl-gallery-link no-lightbox\" data-rl_caption=\"\" data-rel=\"lightbox-gallery-2\"><img loading=\"lazy\" decoding=\"async\" width=\"165\" height=\"165\" src=\"https:\/\/ferrocanor.com\/wp-content\/uploads\/2015\/05\/toldo_de_brazo_portada2-300x300.jpg\" class=\"attachment-medium size-medium\" alt=\"\" aria-describedby=\"gallery-2-1838\" srcset=\"https:\/\/ferrocanor.com\/wp-content\/uploads\/2015\/05\/toldo_de_brazo_portada2-300x300.jpg 300w, https:\/\/ferrocanor.com\/wp-content\/uploads\/2015\/05\/toldo_de_brazo_portada2-150x150.jpg 150w, https:\/\/ferrocanor.com\/wp-content\/uploads\/2015\/05\/toldo_de_brazo_portada2-200x200.jpg 200w, https:\/\/ferrocanor.com\/wp-content\/uploads\/2015\/05\/toldo_de_brazo_portada2-100x100.jpg 100w, https:\/\/ferrocanor.com\/wp-content\/uploads\/2015\/05\/toldo_de_brazo_portada2.jpg 750w\" sizes=\"(max-width: 165px) 100vw, 165px\" \/><\/a>\n\t\t\t<\/dt>\n\t\t\t\t<dd class='wp-caption-text gallery-caption' id='gallery-2-1838'>\n\t\t\t\tToldos extensible de brazos\n\t\t\t\t<\/dd><\/dl><dl class='gallery-item'>\n\t\t\t<dt class='gallery-icon landscape'>\n\t\t\t\t<a href=\"https:\/\/ferrocanor.com\/es\/productos\/toldos\/toldos-de-palilleria\/\" title=\"\" data-rl_title=\"\" class=\"rl-gallery-link no-lightbox\" data-rl_caption=\"\" data-rel=\"lightbox-gallery-2\"><img loading=\"lazy\" decoding=\"async\" width=\"165\" height=\"165\" src=\"https:\/\/ferrocanor.com\/wp-content\/uploads\/2015\/05\/toldo_palilleria_portada2-300x300.jpg\" class=\"attachment-medium size-medium\" alt=\"\" aria-describedby=\"gallery-2-1841\" srcset=\"https:\/\/ferrocanor.com\/wp-content\/uploads\/2015\/05\/toldo_palilleria_portada2-300x300.jpg 300w, https:\/\/ferrocanor.com\/wp-content\/uploads\/2015\/05\/toldo_palilleria_portada2-150x150.jpg 150w, https:\/\/ferrocanor.com\/wp-content\/uploads\/2015\/05\/toldo_palilleria_portada2-200x200.jpg 200w, https:\/\/ferrocanor.com\/wp-content\/uploads\/2015\/05\/toldo_palilleria_portada2-100x100.jpg 100w, https:\/\/ferrocanor.com\/wp-content\/uploads\/2015\/05\/toldo_palilleria_portada2.jpg 750w\" sizes=\"(max-width: 165px) 100vw, 165px\" \/><\/a>\n\t\t\t<\/dt>\n\t\t\t\t<dd class='wp-caption-text gallery-caption' id='gallery-2-1841'>\n\t\t\t\tToldos de paliller\u00eda\n\t\t\t\t<\/dd><\/dl><br style=\"clear: both\" \/>\n\t\t<\/div>\n\n","protected":false},"excerpt":{"rendered":"<p>Toldos Los toldos, adem\u00e1s de protecci\u00f3n solar, proporcionan espacios de sombra y regulaci\u00f3n de la luz natural aport\u00e1ndonos ventajas como disminuci\u00f3n de radiaci\u00f3n solar, ahorro en consumo de aire acondicionado y protecci\u00f3n contra los rayos UV y para eso disponemos de varios tipos de toldos como son los toldos extensibles de brazos, toldos o p\u00e9rgolas [&hellip;]<\/p>\n","protected":false},"author":3,"featured_media":0,"parent":317,"menu_order":0,"comment_status":"open","ping_status":"open","template":"","meta":{"_monsterinsights_skip_tracking":false,"_monsterinsights_sitenote_active":false,"_monsterinsights_sitenote_note":"","_monsterinsights_sitenote_category":0,"footnotes":""},"yoast_head":"<!-- This site is optimized with the Yoast SEO plugin v22.9 - https:\/\/yoast.com\/wordpress\/plugins\/seo\/ -->\n<title>Toldos extensibles, paliller\u00eda, verticales y screens de gran funcionalidad<\/title>\n<meta name=\"description\" content=\"Instalamos toldos extensibles, de paliller\u00eda, y screens verticales para proporcionar espacios de sombra y regulaci\u00f3n de luz natural para su terraza.\" \/>\n<meta name=\"robots\" content=\"index, follow, max-snippet:-1, max-image-preview:large, max-video-preview:-1\" \/>\n<link rel=\"canonical\" href=\"https:\/\/ferrocanor.com\/es\/productos\/toldos\/\" \/>\n<meta property=\"og:locale\" content=\"es_ES\" \/>\n<meta property=\"og:type\" content=\"article\" \/>\n<meta property=\"og:title\" content=\"Toldos extensibles, paliller\u00eda, verticales y screens de gran funcionalidad\" \/>\n<meta property=\"og:description\" content=\"Instalamos toldos extensibles, de paliller\u00eda, y screens verticales para proporcionar espacios de sombra y regulaci\u00f3n de luz natural para su terraza.\" \/>\n<meta property=\"og:url\" content=\"https:\/\/ferrocanor.com\/es\/productos\/toldos\/\" \/>\n<meta property=\"og:site_name\" content=\"ferrocanor.com\" \/>\n<meta property=\"article:publisher\" content=\"https:\/\/www.facebook.com\/Canor-ferro-alumini-i-PVC-171451982903235\" \/>\n<meta property=\"article:modified_time\" content=\"2020-04-23T18:58:55+00:00\" \/>\n<meta property=\"og:image\" content=\"https:\/\/ferrocanor.com\/wp-content\/uploads\/2015\/05\/toldo_de_brazo_portada2-300x300.jpg\" \/>\n<meta name=\"twitter:label1\" content=\"Est. reading time\" \/>\n\t<meta name=\"twitter:data1\" content=\"1 minute\" \/>\n<script type=\"application\/ld+json\" class=\"yoast-schema-graph\">{\"@context\":\"https:\/\/schema.org\",\"@graph\":[{\"@type\":\"WebPage\",\"@id\":\"https:\/\/ferrocanor.com\/es\/productos\/toldos\/\",\"url\":\"https:\/\/ferrocanor.com\/es\/productos\/toldos\/\",\"name\":\"Toldos extensibles, paliller\u00eda, verticales y screens de gran funcionalidad\",\"isPartOf\":{\"@id\":\"http:\/\/ferrocanor.com\/#website\"},\"primaryImageOfPage\":{\"@id\":\"https:\/\/ferrocanor.com\/es\/productos\/toldos\/#primaryimage\"},\"image\":{\"@id\":\"https:\/\/ferrocanor.com\/es\/productos\/toldos\/#primaryimage\"},\"thumbnailUrl\":\"https:\/\/ferrocanor.com\/wp-content\/uploads\/2015\/05\/portada-toldos.jpg\",\"datePublished\":\"2015-05-05T10:43:50+00:00\",\"dateModified\":\"2020-04-23T18:58:55+00:00\",\"description\":\"Instalamos toldos extensibles, de paliller\u00eda, y screens verticales para proporcionar espacios de sombra y regulaci\u00f3n de luz natural para su terraza.\",\"breadcrumb\":{\"@id\":\"https:\/\/ferrocanor.com\/es\/productos\/toldos\/#breadcrumb\"},\"inLanguage\":\"es-ES\",\"potentialAction\":[{\"@type\":\"ReadAction\",\"target\":[\"https:\/\/ferrocanor.com\/es\/productos\/toldos\/\"]}]},{\"@type\":\"ImageObject\",\"inLanguage\":\"es-ES\",\"@id\":\"https:\/\/ferrocanor.com\/es\/productos\/toldos\/#primaryimage\",\"url\":\"https:\/\/ferrocanor.com\/wp-content\/uploads\/2015\/05\/portada-toldos.jpg\",\"contentUrl\":\"https:\/\/ferrocanor.com\/wp-content\/uploads\/2015\/05\/portada-toldos.jpg\"},{\"@type\":\"BreadcrumbList\",\"@id\":\"https:\/\/ferrocanor.com\/es\/productos\/toldos\/#breadcrumb\",\"itemListElement\":[{\"@type\":\"ListItem\",\"position\":1,\"name\":\"Home\",\"item\":\"http:\/\/ferrocanor.com\/es\/\"},{\"@type\":\"ListItem\",\"position\":2,\"name\":\"Productos\",\"item\":\"http:\/\/ferrocanor.com\/es\/productos\/\"},{\"@type\":\"ListItem\",\"position\":3,\"name\":\"Toldos\"}]},{\"@type\":\"WebSite\",\"@id\":\"http:\/\/ferrocanor.com\/#website\",\"url\":\"http:\/\/ferrocanor.com\/\",\"name\":\"ferrocanor.com\",\"description\":\"Hierro - Aluminio - PVC\",\"publisher\":{\"@id\":\"http:\/\/ferrocanor.com\/#organization\"},\"potentialAction\":[{\"@type\":\"SearchAction\",\"target\":{\"@type\":\"EntryPoint\",\"urlTemplate\":\"http:\/\/ferrocanor.com\/?s={search_term_string}\"},\"query-input\":\"required name=search_term_string\"}],\"inLanguage\":\"es-ES\"},{\"@type\":\"Organization\",\"@id\":\"http:\/\/ferrocanor.com\/#organization\",\"name\":\"ferrocanor.com\",\"url\":\"http:\/\/ferrocanor.com\/\",\"logo\":{\"@type\":\"ImageObject\",\"inLanguage\":\"es-ES\",\"@id\":\"http:\/\/ferrocanor.com\/#\/schema\/logo\/image\/\",\"url\":\"https:\/\/ferrocanor.com\/wp-content\/uploads\/2022\/02\/logo-ferrocanor-horizontal-web-01.png\",\"contentUrl\":\"https:\/\/ferrocanor.com\/wp-content\/uploads\/2022\/02\/logo-ferrocanor-horizontal-web-01.png\",\"width\":357,\"height\":143,\"caption\":\"ferrocanor.com\"},\"image\":{\"@id\":\"http:\/\/ferrocanor.com\/#\/schema\/logo\/image\/\"},\"sameAs\":[\"https:\/\/www.facebook.com\/Canor-ferro-alumini-i-PVC-171451982903235\"]}]}<\/script>\n<!-- \/ Yoast SEO plugin. -->","yoast_head_json":{"title":"Toldos extensibles, paliller\u00eda, verticales y screens de gran funcionalidad","description":"Instalamos toldos extensibles, de paliller\u00eda, y screens verticales para proporcionar espacios de sombra y regulaci\u00f3n de luz natural para su terraza.","robots":{"index":"index","follow":"follow","max-snippet":"max-snippet:-1","max-image-preview":"max-image-preview:large","max-video-preview":"max-video-preview:-1"},"canonical":"https:\/\/ferrocanor.com\/es\/productos\/toldos\/","og_locale":"es_ES","og_type":"article","og_title":"Toldos extensibles, paliller\u00eda, verticales y screens de gran funcionalidad","og_description":"Instalamos toldos extensibles, de paliller\u00eda, y screens verticales para proporcionar espacios de sombra y regulaci\u00f3n de luz natural para su terraza.","og_url":"https:\/\/ferrocanor.com\/es\/productos\/toldos\/","og_site_name":"ferrocanor.com","article_publisher":"https:\/\/www.facebook.com\/Canor-ferro-alumini-i-PVC-171451982903235","article_modified_time":"2020-04-23T18:58:55+00:00","og_image":[{"url":"https:\/\/ferrocanor.com\/wp-content\/uploads\/2015\/05\/toldo_de_brazo_portada2-300x300.jpg"}],"twitter_misc":{"Est. reading time":"1 minute"},"schema":{"@context":"https:\/\/schema.org","@graph":[{"@type":"WebPage","@id":"https:\/\/ferrocanor.com\/es\/productos\/toldos\/","url":"https:\/\/ferrocanor.com\/es\/productos\/toldos\/","name":"Toldos extensibles, paliller\u00eda, verticales y screens de gran funcionalidad","isPartOf":{"@id":"http:\/\/ferrocanor.com\/#website"},"primaryImageOfPage":{"@id":"https:\/\/ferrocanor.com\/es\/productos\/toldos\/#primaryimage"},"image":{"@id":"https:\/\/ferrocanor.com\/es\/productos\/toldos\/#primaryimage"},"thumbnailUrl":"https:\/\/ferrocanor.com\/wp-content\/uploads\/2015\/05\/portada-toldos.jpg","datePublished":"2015-05-05T10:43:50+00:00","dateModified":"2020-04-23T18:58:55+00:00","description":"Instalamos toldos extensibles, de paliller\u00eda, y screens verticales para proporcionar espacios de sombra y regulaci\u00f3n de luz natural para su terraza.","breadcrumb":{"@id":"https:\/\/ferrocanor.com\/es\/productos\/toldos\/#breadcrumb"},"inLanguage":"es-ES","potentialAction":[{"@type":"ReadAction","target":["https:\/\/ferrocanor.com\/es\/productos\/toldos\/"]}]},{"@type":"ImageObject","inLanguage":"es-ES","@id":"https:\/\/ferrocanor.com\/es\/productos\/toldos\/#primaryimage","url":"https:\/\/ferrocanor.com\/wp-content\/uploads\/2015\/05\/portada-toldos.jpg","contentUrl":"https:\/\/ferrocanor.com\/wp-content\/uploads\/2015\/05\/portada-toldos.jpg"},{"@type":"BreadcrumbList","@id":"https:\/\/ferrocanor.com\/es\/productos\/toldos\/#breadcrumb","itemListElement":[{"@type":"ListItem","position":1,"name":"Home","item":"http:\/\/ferrocanor.com\/es\/"},{"@type":"ListItem","position":2,"name":"Productos","item":"http:\/\/ferrocanor.com\/es\/productos\/"},{"@type":"ListItem","position":3,"name":"Toldos"}]},{"@type":"WebSite","@id":"http:\/\/ferrocanor.com\/#website","url":"http:\/\/ferrocanor.com\/","name":"ferrocanor.com","description":"Hierro - Aluminio - PVC","publisher":{"@id":"http:\/\/ferrocanor.com\/#organization"},"potentialAction":[{"@type":"SearchAction","target":{"@type":"EntryPoint","urlTemplate":"http:\/\/ferrocanor.com\/?s={search_term_string}"},"query-input":"required name=search_term_string"}],"inLanguage":"es-ES"},{"@type":"Organization","@id":"http:\/\/ferrocanor.com\/#organization","name":"ferrocanor.com","url":"http:\/\/ferrocanor.com\/","logo":{"@type":"ImageObject","inLanguage":"es-ES","@id":"http:\/\/ferrocanor.com\/#\/schema\/logo\/image\/","url":"https:\/\/ferrocanor.com\/wp-content\/uploads\/2022\/02\/logo-ferrocanor-horizontal-web-01.png","contentUrl":"https:\/\/ferrocanor.com\/wp-content\/uploads\/2022\/02\/logo-ferrocanor-horizontal-web-01.png","width":357,"height":143,"caption":"ferrocanor.com"},"image":{"@id":"http:\/\/ferrocanor.com\/#\/schema\/logo\/image\/"},"sameAs":["https:\/\/www.facebook.com\/Canor-ferro-alumini-i-PVC-171451982903235"]}]}},"_links":{"self":[{"href":"https:\/\/ferrocanor.com\/es\/wp-json\/wp\/v2\/pages\/676"}],"collection":[{"href":"https:\/\/ferrocanor.com\/es\/wp-json\/wp\/v2\/pages"}],"about":[{"href":"https:\/\/ferrocanor.com\/es\/wp-json\/wp\/v2\/types\/page"}],"author":[{"embeddable":true,"href":"https:\/\/ferrocanor.com\/es\/wp-json\/wp\/v2\/users\/3"}],"replies":[{"embeddable":true,"href":"https:\/\/ferrocanor.com\/es\/wp-json\/wp\/v2\/comments?post=676"}],"version-history":[{"count":11,"href":"https:\/\/ferrocanor.com\/es\/wp-json\/wp\/v2\/pages\/676\/revisions"}],"predecessor-version":[{"id":8220,"href":"https:\/\/ferrocanor.com\/es\/wp-json\/wp\/v2\/pages\/676\/revisions\/8220"}],"up":[{"embeddable":true,"href":"https:\/\/ferrocanor.com\/es\/wp-json\/wp\/v2\/pages\/317"}],"wp:attachment":[{"href":"https:\/\/ferrocanor.com\/es\/wp-json\/wp\/v2\/media?parent=676"}],"curies":[{"name":"wp","href":"https:\/\/api.w.org\/{rel}","templated":true}]}}