{"id":890,"date":"2015-05-05T17:33:17","date_gmt":"2015-05-05T15:33:17","guid":{"rendered":"https:\/\/ferrocanor.com\/productos\/portes-de-garatge-i-comercials\/"},"modified":"2018-08-05T13:00:18","modified_gmt":"2018-08-05T11:00:18","slug":"puertas-de-garaje-y-comerciales","status":"publish","type":"page","link":"https:\/\/ferrocanor.com\/es\/productos\/puertas-de-garaje-y-comerciales\/","title":{"rendered":"Puertas de garaje y comerciales"},"content":{"rendered":"<p><a href=\"https:\/\/ferrocanor.com\/wp-content\/uploads\/2015\/05\/portada-puertas-de-garaje.jpg\" data-rel=\"lightbox-image-0\" data-rl_title=\"\" data-rl_caption=\"\" title=\"\"><img loading=\"lazy\" decoding=\"async\" class=\"portada-producte alignnone wp-image-871 size-full\" src=\"https:\/\/ferrocanor.com\/wp-content\/uploads\/2015\/05\/portada-puertas-de-garaje.jpg\" alt=\"puertas de garaje y comerciales\" width=\"960\" height=\"324\" srcset=\"https:\/\/ferrocanor.com\/wp-content\/uploads\/2015\/05\/portada-puertas-de-garaje.jpg 960w, https:\/\/ferrocanor.com\/wp-content\/uploads\/2015\/05\/portada-puertas-de-garaje-300x101.jpg 300w, https:\/\/ferrocanor.com\/wp-content\/uploads\/2015\/05\/portada-puertas-de-garaje-250x84.jpg 250w\" sizes=\"(max-width: 960px) 100vw, 960px\" \/><\/a><\/p>\n<h2>Puertas de garaje y comerciales<\/h2>\n<hr \/>\n<h4>Basculantes<\/h4>\n<p>Puertas basculantes de muelles. Una opci\u00f3n econ\u00f3mica para tu garaje. Acabados en blanco,\u00a0marr\u00f3n, verde o imitaci\u00f3n madera.<\/p>\n<h4>Seccionales<\/h4>\n<ul>\n<li>Fabricadas con paneles met\u00e1licos de 40mm de espesor que proporcionan seguridad y aislamiento.<\/li>\n<li>Las puertas seccionales se abren verticalmente y quedan por debajo del techo.<\/li>\n<li>Diferentes acabados de superficie. Dise\u00f1o con l\u00edneas horizontales o cuarterones.<\/li>\n<li>Gran variedad de colores.<\/li>\n<li>Posibilidad de integrar port\u00f3n.<\/li>\n<\/ul>\n<h4>Enrollables de hierro galvanitzado o acero inoxidable<\/h4>\n<ul>\n<li>Se pueden fabricar con lamas ciegas, lamas microperforadas, lamas troqueladas.<\/li>\n<li>Inox mate o brillo.<\/li>\n<li>Diferentes tipos de malla s\u00f3lo en hierro galva.<\/li>\n<\/ul>\n<h4>Enrollables de aluminio<\/h4>\n<ul>\n<li>Se pueden fabricar con lama ciega, microperforada y troquelada.<\/li>\n<li>Opci\u00f3n de lamas autoblocantes para mayor seguridad.<\/li>\n<li>Acabados color\u00a0 RAL, anodizados o imitaci\u00f3n madera.<\/li>\n<\/ul>\n<h4>Ballesta<\/h4>\n<ul>\n<li>Fabricadas en hierro y extensibles pudi\u00e9ndose dejar plegada a uno o ambos lados dejando libre el paso.<\/li>\n<li>Acabados colores RAL.<\/li>\n<\/ul>\n<hr \/>\n\n\t\t<style type=\"text\/css\">\n\t\t\t#gallery-2 {\n\t\t\t\tmargin: auto;\n\t\t\t}\n\t\t\t#gallery-2 .gallery-item {\n\t\t\t\tfloat: left;\n\t\t\t\tmargin-top: 10px;\n\t\t\t\ttext-align: center;\n\t\t\t\twidth: 33%;\n\t\t\t}\n\t\t\t#gallery-2 img {\n\t\t\t\tborder: 2px solid #cfcfcf;\n\t\t\t}\n\t\t\t#gallery-2 .gallery-caption {\n\t\t\t\tmargin-left: 0;\n\t\t\t}\n\t\t\t\/* see gallery_shortcode() in wp-includes\/media.php *\/\n\t\t<\/style>\n\t\t<div id='gallery-2' class='gallery galleryid-890 gallery-columns-3 gallery-size-medium'><dl class='gallery-item'>\n\t\t\t<dt class='gallery-icon landscape'>\n\t\t\t\t<a href=\"https:\/\/ferrocanor.com\/es\/productos\/puertas-de-garaje-y-comerciales\/puertas-basculantes\/\" title=\"\" data-rl_title=\"\" class=\"rl-gallery-link no-lightbox\" data-rl_caption=\"\" data-rel=\"lightbox-gallery-2\"><img loading=\"lazy\" decoding=\"async\" width=\"165\" height=\"165\" src=\"https:\/\/ferrocanor.com\/wp-content\/uploads\/2015\/05\/basculante_portada3-300x300.jpg\" class=\"attachment-medium size-medium\" alt=\"\" aria-describedby=\"gallery-2-3147\" srcset=\"https:\/\/ferrocanor.com\/wp-content\/uploads\/2015\/05\/basculante_portada3-300x300.jpg 300w, https:\/\/ferrocanor.com\/wp-content\/uploads\/2015\/05\/basculante_portada3-150x150.jpg 150w, https:\/\/ferrocanor.com\/wp-content\/uploads\/2015\/05\/basculante_portada3-200x200.jpg 200w, https:\/\/ferrocanor.com\/wp-content\/uploads\/2015\/05\/basculante_portada3-100x100.jpg 100w, https:\/\/ferrocanor.com\/wp-content\/uploads\/2015\/05\/basculante_portada3.jpg 450w\" sizes=\"(max-width: 165px) 100vw, 165px\" \/><\/a>\n\t\t\t<\/dt>\n\t\t\t\t<dd class='wp-caption-text gallery-caption' id='gallery-2-3147'>\n\t\t\t\tPuertas basculantes\n\t\t\t\t<\/dd><\/dl><dl class='gallery-item'>\n\t\t\t<dt class='gallery-icon landscape'>\n\t\t\t\t<a href=\"https:\/\/ferrocanor.com\/es\/productos\/puertas-de-garaje-y-comerciales\/puertas-seccionales\/\" title=\"\" data-rl_title=\"\" class=\"rl-gallery-link no-lightbox\" data-rl_caption=\"\" data-rel=\"lightbox-gallery-2\"><img loading=\"lazy\" decoding=\"async\" width=\"165\" height=\"165\" src=\"https:\/\/ferrocanor.com\/wp-content\/uploads\/2015\/05\/seccional_portada3-300x300.jpg\" class=\"attachment-medium size-medium\" alt=\"\" aria-describedby=\"gallery-2-3156\" srcset=\"https:\/\/ferrocanor.com\/wp-content\/uploads\/2015\/05\/seccional_portada3-300x300.jpg 300w, https:\/\/ferrocanor.com\/wp-content\/uploads\/2015\/05\/seccional_portada3-150x150.jpg 150w, https:\/\/ferrocanor.com\/wp-content\/uploads\/2015\/05\/seccional_portada3-200x200.jpg 200w, https:\/\/ferrocanor.com\/wp-content\/uploads\/2015\/05\/seccional_portada3-100x100.jpg 100w, https:\/\/ferrocanor.com\/wp-content\/uploads\/2015\/05\/seccional_portada3.jpg 750w\" sizes=\"(max-width: 165px) 100vw, 165px\" \/><\/a>\n\t\t\t<\/dt>\n\t\t\t\t<dd class='wp-caption-text gallery-caption' id='gallery-2-3156'>\n\t\t\t\tPuertas seccionales\n\t\t\t\t<\/dd><\/dl><dl class='gallery-item'>\n\t\t\t<dt class='gallery-icon landscape'>\n\t\t\t\t<a href=\" https:\/\/ferrocanor.com\/es\/productos\/puertas-de-garaje-y-comerciales\/puertas-enrollables-hierro\/\" title=\"\" data-rl_title=\"\" class=\"rl-gallery-link no-lightbox\" data-rl_caption=\"\" data-rel=\"lightbox-gallery-2\"><img loading=\"lazy\" decoding=\"async\" width=\"165\" height=\"165\" src=\"https:\/\/ferrocanor.com\/wp-content\/uploads\/2015\/05\/enrollable_hierro_portada3-300x300.jpg\" class=\"attachment-medium size-medium\" alt=\"\" aria-describedby=\"gallery-2-3153\" srcset=\"https:\/\/ferrocanor.com\/wp-content\/uploads\/2015\/05\/enrollable_hierro_portada3-300x300.jpg 300w, https:\/\/ferrocanor.com\/wp-content\/uploads\/2015\/05\/enrollable_hierro_portada3-150x150.jpg 150w, https:\/\/ferrocanor.com\/wp-content\/uploads\/2015\/05\/enrollable_hierro_portada3-200x200.jpg 200w, https:\/\/ferrocanor.com\/wp-content\/uploads\/2015\/05\/enrollable_hierro_portada3-100x100.jpg 100w, https:\/\/ferrocanor.com\/wp-content\/uploads\/2015\/05\/enrollable_hierro_portada3.jpg 750w\" sizes=\"(max-width: 165px) 100vw, 165px\" \/><\/a>\n\t\t\t<\/dt>\n\t\t\t\t<dd class='wp-caption-text gallery-caption' id='gallery-2-3153'>\n\t\t\t\tPuertas enrollables de hierro\n\t\t\t\t<\/dd><\/dl><br style=\"clear: both\" \/><dl class='gallery-item'>\n\t\t\t<dt class='gallery-icon landscape'>\n\t\t\t\t<a href=\"https:\/\/ferrocanor.com\/es\/productos\/puertas-de-garaje-y-comerciales\/puertas-enrollables-aluminio\/\" title=\"\" data-rl_title=\"\" class=\"rl-gallery-link no-lightbox\" data-rl_caption=\"\" data-rel=\"lightbox-gallery-2\"><img loading=\"lazy\" decoding=\"async\" width=\"165\" height=\"165\" src=\"https:\/\/ferrocanor.com\/wp-content\/uploads\/2015\/05\/enrollable_aluminio_portada3-300x300.jpg\" class=\"attachment-medium size-medium\" alt=\"\" aria-describedby=\"gallery-2-3150\" srcset=\"https:\/\/ferrocanor.com\/wp-content\/uploads\/2015\/05\/enrollable_aluminio_portada3-300x300.jpg 300w, https:\/\/ferrocanor.com\/wp-content\/uploads\/2015\/05\/enrollable_aluminio_portada3-150x150.jpg 150w, https:\/\/ferrocanor.com\/wp-content\/uploads\/2015\/05\/enrollable_aluminio_portada3-200x200.jpg 200w, https:\/\/ferrocanor.com\/wp-content\/uploads\/2015\/05\/enrollable_aluminio_portada3-100x100.jpg 100w, https:\/\/ferrocanor.com\/wp-content\/uploads\/2015\/05\/enrollable_aluminio_portada3.jpg 750w\" sizes=\"(max-width: 165px) 100vw, 165px\" \/><\/a>\n\t\t\t<\/dt>\n\t\t\t\t<dd class='wp-caption-text gallery-caption' id='gallery-2-3150'>\n\t\t\t\tPuertas enrollables de aluminio\n\t\t\t\t<\/dd><\/dl><dl class='gallery-item'>\n\t\t\t<dt class='gallery-icon landscape'>\n\t\t\t\t<a href=\"https:\/\/ferrocanor.com\/es\/productos\/puertas-de-garaje-y-comerciales\/rejas-de-ballesta\/\" title=\"\" data-rl_title=\"\" class=\"rl-gallery-link no-lightbox\" data-rl_caption=\"\" data-rel=\"lightbox-gallery-2\"><img loading=\"lazy\" decoding=\"async\" width=\"165\" height=\"165\" src=\"https:\/\/ferrocanor.com\/wp-content\/uploads\/2015\/05\/ballesta_portada4-300x300.jpg\" class=\"attachment-medium size-medium\" alt=\"\" aria-describedby=\"gallery-2-3144\" srcset=\"https:\/\/ferrocanor.com\/wp-content\/uploads\/2015\/05\/ballesta_portada4-300x300.jpg 300w, https:\/\/ferrocanor.com\/wp-content\/uploads\/2015\/05\/ballesta_portada4-150x150.jpg 150w, https:\/\/ferrocanor.com\/wp-content\/uploads\/2015\/05\/ballesta_portada4-200x200.jpg 200w, https:\/\/ferrocanor.com\/wp-content\/uploads\/2015\/05\/ballesta_portada4-100x100.jpg 100w, https:\/\/ferrocanor.com\/wp-content\/uploads\/2015\/05\/ballesta_portada4.jpg 750w\" sizes=\"(max-width: 165px) 100vw, 165px\" \/><\/a>\n\t\t\t<\/dt>\n\t\t\t\t<dd class='wp-caption-text gallery-caption' id='gallery-2-3144'>\n\t\t\t\tPuertas de ballesta\n\t\t\t\t<\/dd><\/dl>\n\t\t\t<br style='clear: both' \/>\n\t\t<\/div>\n\n","protected":false},"excerpt":{"rendered":"<p>Puertas de garaje y comerciales Basculantes Puertas basculantes de muelles. Una opci\u00f3n econ\u00f3mica para tu garaje. Acabados en blanco,\u00a0marr\u00f3n, verde o imitaci\u00f3n madera. Seccionales Fabricadas con paneles met\u00e1licos de 40mm de espesor que proporcionan seguridad y aislamiento. Las puertas seccionales se abren verticalmente y quedan por debajo del techo. Diferentes acabados de superficie. Dise\u00f1o con [&hellip;]<\/p>\n","protected":false},"author":3,"featured_media":0,"parent":317,"menu_order":0,"comment_status":"open","ping_status":"open","template":"","meta":{"_monsterinsights_skip_tracking":false,"_monsterinsights_sitenote_active":false,"_monsterinsights_sitenote_note":"","_monsterinsights_sitenote_category":0,"footnotes":""},"yoast_head":"<!-- This site is optimized with the Yoast SEO plugin v22.9 - https:\/\/yoast.com\/wordpress\/plugins\/seo\/ -->\n<title>Puertas de garaje y comerciales basculantes, seccionales y enrollables<\/title>\n<meta name=\"description\" content=\"Fabricamos e instalamos diferentes tipos de puertas de garaje y comerciales, seg\u00fan las necesidades del cliente y las caracter\u00edsticas del recinto.\" \/>\n<meta name=\"robots\" content=\"index, follow, max-snippet:-1, max-image-preview:large, max-video-preview:-1\" \/>\n<link rel=\"canonical\" href=\"https:\/\/ferrocanor.com\/es\/productos\/puertas-de-garaje-y-comerciales\/\" \/>\n<meta property=\"og:locale\" content=\"es_ES\" \/>\n<meta property=\"og:type\" content=\"article\" \/>\n<meta property=\"og:title\" content=\"Puertas de garaje y comerciales basculantes, seccionales y enrollables\" \/>\n<meta property=\"og:description\" content=\"Fabricamos e instalamos diferentes tipos de puertas de garaje y comerciales, seg\u00fan las necesidades del cliente y las caracter\u00edsticas del recinto.\" \/>\n<meta property=\"og:url\" content=\"https:\/\/ferrocanor.com\/es\/productos\/puertas-de-garaje-y-comerciales\/\" \/>\n<meta property=\"og:site_name\" content=\"ferrocanor.com\" \/>\n<meta property=\"article:publisher\" content=\"https:\/\/www.facebook.com\/Canor-ferro-alumini-i-PVC-171451982903235\" \/>\n<meta property=\"article:modified_time\" content=\"2018-08-05T11:00:18+00:00\" \/>\n<meta property=\"og:image\" content=\"https:\/\/ferrocanor.com\/wp-content\/uploads\/2015\/05\/basculante_portada3-300x300.jpg\" \/>\n<meta name=\"twitter:label1\" content=\"Est. reading time\" \/>\n\t<meta name=\"twitter:data1\" content=\"1 minute\" \/>\n<script type=\"application\/ld+json\" class=\"yoast-schema-graph\">{\"@context\":\"https:\/\/schema.org\",\"@graph\":[{\"@type\":\"WebPage\",\"@id\":\"https:\/\/ferrocanor.com\/es\/productos\/puertas-de-garaje-y-comerciales\/\",\"url\":\"https:\/\/ferrocanor.com\/es\/productos\/puertas-de-garaje-y-comerciales\/\",\"name\":\"Puertas de garaje y comerciales basculantes, seccionales y enrollables\",\"isPartOf\":{\"@id\":\"http:\/\/ferrocanor.com\/#website\"},\"primaryImageOfPage\":{\"@id\":\"https:\/\/ferrocanor.com\/es\/productos\/puertas-de-garaje-y-comerciales\/#primaryimage\"},\"image\":{\"@id\":\"https:\/\/ferrocanor.com\/es\/productos\/puertas-de-garaje-y-comerciales\/#primaryimage\"},\"thumbnailUrl\":\"https:\/\/ferrocanor.com\/wp-content\/uploads\/2015\/05\/portada-puertas-de-garaje.jpg\",\"datePublished\":\"2015-05-05T15:33:17+00:00\",\"dateModified\":\"2018-08-05T11:00:18+00:00\",\"description\":\"Fabricamos e instalamos diferentes tipos de puertas de garaje y comerciales, seg\u00fan las necesidades del cliente y las caracter\u00edsticas del recinto.\",\"breadcrumb\":{\"@id\":\"https:\/\/ferrocanor.com\/es\/productos\/puertas-de-garaje-y-comerciales\/#breadcrumb\"},\"inLanguage\":\"es-ES\",\"potentialAction\":[{\"@type\":\"ReadAction\",\"target\":[\"https:\/\/ferrocanor.com\/es\/productos\/puertas-de-garaje-y-comerciales\/\"]}]},{\"@type\":\"ImageObject\",\"inLanguage\":\"es-ES\",\"@id\":\"https:\/\/ferrocanor.com\/es\/productos\/puertas-de-garaje-y-comerciales\/#primaryimage\",\"url\":\"https:\/\/ferrocanor.com\/wp-content\/uploads\/2015\/05\/portada-puertas-de-garaje.jpg\",\"contentUrl\":\"https:\/\/ferrocanor.com\/wp-content\/uploads\/2015\/05\/portada-puertas-de-garaje.jpg\"},{\"@type\":\"BreadcrumbList\",\"@id\":\"https:\/\/ferrocanor.com\/es\/productos\/puertas-de-garaje-y-comerciales\/#breadcrumb\",\"itemListElement\":[{\"@type\":\"ListItem\",\"position\":1,\"name\":\"Home\",\"item\":\"http:\/\/ferrocanor.com\/es\/\"},{\"@type\":\"ListItem\",\"position\":2,\"name\":\"Productos\",\"item\":\"http:\/\/ferrocanor.com\/es\/productos\/\"},{\"@type\":\"ListItem\",\"position\":3,\"name\":\"Puertas de garaje y comerciales\"}]},{\"@type\":\"WebSite\",\"@id\":\"http:\/\/ferrocanor.com\/#website\",\"url\":\"http:\/\/ferrocanor.com\/\",\"name\":\"ferrocanor.com\",\"description\":\"Hierro - Aluminio - PVC\",\"publisher\":{\"@id\":\"http:\/\/ferrocanor.com\/#organization\"},\"potentialAction\":[{\"@type\":\"SearchAction\",\"target\":{\"@type\":\"EntryPoint\",\"urlTemplate\":\"http:\/\/ferrocanor.com\/?s={search_term_string}\"},\"query-input\":\"required name=search_term_string\"}],\"inLanguage\":\"es-ES\"},{\"@type\":\"Organization\",\"@id\":\"http:\/\/ferrocanor.com\/#organization\",\"name\":\"ferrocanor.com\",\"url\":\"http:\/\/ferrocanor.com\/\",\"logo\":{\"@type\":\"ImageObject\",\"inLanguage\":\"es-ES\",\"@id\":\"http:\/\/ferrocanor.com\/#\/schema\/logo\/image\/\",\"url\":\"https:\/\/ferrocanor.com\/wp-content\/uploads\/2022\/02\/logo-ferrocanor-horizontal-web-01.png\",\"contentUrl\":\"https:\/\/ferrocanor.com\/wp-content\/uploads\/2022\/02\/logo-ferrocanor-horizontal-web-01.png\",\"width\":357,\"height\":143,\"caption\":\"ferrocanor.com\"},\"image\":{\"@id\":\"http:\/\/ferrocanor.com\/#\/schema\/logo\/image\/\"},\"sameAs\":[\"https:\/\/www.facebook.com\/Canor-ferro-alumini-i-PVC-171451982903235\"]}]}<\/script>\n<!-- \/ Yoast SEO plugin. -->","yoast_head_json":{"title":"Puertas de garaje y comerciales basculantes, seccionales y enrollables","description":"Fabricamos e instalamos diferentes tipos de puertas de garaje y comerciales, seg\u00fan las necesidades del cliente y las caracter\u00edsticas del recinto.","robots":{"index":"index","follow":"follow","max-snippet":"max-snippet:-1","max-image-preview":"max-image-preview:large","max-video-preview":"max-video-preview:-1"},"canonical":"https:\/\/ferrocanor.com\/es\/productos\/puertas-de-garaje-y-comerciales\/","og_locale":"es_ES","og_type":"article","og_title":"Puertas de garaje y comerciales basculantes, seccionales y enrollables","og_description":"Fabricamos e instalamos diferentes tipos de puertas de garaje y comerciales, seg\u00fan las necesidades del cliente y las caracter\u00edsticas del recinto.","og_url":"https:\/\/ferrocanor.com\/es\/productos\/puertas-de-garaje-y-comerciales\/","og_site_name":"ferrocanor.com","article_publisher":"https:\/\/www.facebook.com\/Canor-ferro-alumini-i-PVC-171451982903235","article_modified_time":"2018-08-05T11:00:18+00:00","og_image":[{"url":"https:\/\/ferrocanor.com\/wp-content\/uploads\/2015\/05\/basculante_portada3-300x300.jpg"}],"twitter_misc":{"Est. reading time":"1 minute"},"schema":{"@context":"https:\/\/schema.org","@graph":[{"@type":"WebPage","@id":"https:\/\/ferrocanor.com\/es\/productos\/puertas-de-garaje-y-comerciales\/","url":"https:\/\/ferrocanor.com\/es\/productos\/puertas-de-garaje-y-comerciales\/","name":"Puertas de garaje y comerciales basculantes, seccionales y enrollables","isPartOf":{"@id":"http:\/\/ferrocanor.com\/#website"},"primaryImageOfPage":{"@id":"https:\/\/ferrocanor.com\/es\/productos\/puertas-de-garaje-y-comerciales\/#primaryimage"},"image":{"@id":"https:\/\/ferrocanor.com\/es\/productos\/puertas-de-garaje-y-comerciales\/#primaryimage"},"thumbnailUrl":"https:\/\/ferrocanor.com\/wp-content\/uploads\/2015\/05\/portada-puertas-de-garaje.jpg","datePublished":"2015-05-05T15:33:17+00:00","dateModified":"2018-08-05T11:00:18+00:00","description":"Fabricamos e instalamos diferentes tipos de puertas de garaje y comerciales, seg\u00fan las necesidades del cliente y las caracter\u00edsticas del recinto.","breadcrumb":{"@id":"https:\/\/ferrocanor.com\/es\/productos\/puertas-de-garaje-y-comerciales\/#breadcrumb"},"inLanguage":"es-ES","potentialAction":[{"@type":"ReadAction","target":["https:\/\/ferrocanor.com\/es\/productos\/puertas-de-garaje-y-comerciales\/"]}]},{"@type":"ImageObject","inLanguage":"es-ES","@id":"https:\/\/ferrocanor.com\/es\/productos\/puertas-de-garaje-y-comerciales\/#primaryimage","url":"https:\/\/ferrocanor.com\/wp-content\/uploads\/2015\/05\/portada-puertas-de-garaje.jpg","contentUrl":"https:\/\/ferrocanor.com\/wp-content\/uploads\/2015\/05\/portada-puertas-de-garaje.jpg"},{"@type":"BreadcrumbList","@id":"https:\/\/ferrocanor.com\/es\/productos\/puertas-de-garaje-y-comerciales\/#breadcrumb","itemListElement":[{"@type":"ListItem","position":1,"name":"Home","item":"http:\/\/ferrocanor.com\/es\/"},{"@type":"ListItem","position":2,"name":"Productos","item":"http:\/\/ferrocanor.com\/es\/productos\/"},{"@type":"ListItem","position":3,"name":"Puertas de garaje y comerciales"}]},{"@type":"WebSite","@id":"http:\/\/ferrocanor.com\/#website","url":"http:\/\/ferrocanor.com\/","name":"ferrocanor.com","description":"Hierro - Aluminio - PVC","publisher":{"@id":"http:\/\/ferrocanor.com\/#organization"},"potentialAction":[{"@type":"SearchAction","target":{"@type":"EntryPoint","urlTemplate":"http:\/\/ferrocanor.com\/?s={search_term_string}"},"query-input":"required name=search_term_string"}],"inLanguage":"es-ES"},{"@type":"Organization","@id":"http:\/\/ferrocanor.com\/#organization","name":"ferrocanor.com","url":"http:\/\/ferrocanor.com\/","logo":{"@type":"ImageObject","inLanguage":"es-ES","@id":"http:\/\/ferrocanor.com\/#\/schema\/logo\/image\/","url":"https:\/\/ferrocanor.com\/wp-content\/uploads\/2022\/02\/logo-ferrocanor-horizontal-web-01.png","contentUrl":"https:\/\/ferrocanor.com\/wp-content\/uploads\/2022\/02\/logo-ferrocanor-horizontal-web-01.png","width":357,"height":143,"caption":"ferrocanor.com"},"image":{"@id":"http:\/\/ferrocanor.com\/#\/schema\/logo\/image\/"},"sameAs":["https:\/\/www.facebook.com\/Canor-ferro-alumini-i-PVC-171451982903235"]}]}},"_links":{"self":[{"href":"https:\/\/ferrocanor.com\/es\/wp-json\/wp\/v2\/pages\/890"}],"collection":[{"href":"https:\/\/ferrocanor.com\/es\/wp-json\/wp\/v2\/pages"}],"about":[{"href":"https:\/\/ferrocanor.com\/es\/wp-json\/wp\/v2\/types\/page"}],"author":[{"embeddable":true,"href":"https:\/\/ferrocanor.com\/es\/wp-json\/wp\/v2\/users\/3"}],"replies":[{"embeddable":true,"href":"https:\/\/ferrocanor.com\/es\/wp-json\/wp\/v2\/comments?post=890"}],"version-history":[{"count":16,"href":"https:\/\/ferrocanor.com\/es\/wp-json\/wp\/v2\/pages\/890\/revisions"}],"predecessor-version":[{"id":8060,"href":"https:\/\/ferrocanor.com\/es\/wp-json\/wp\/v2\/pages\/890\/revisions\/8060"}],"up":[{"embeddable":true,"href":"https:\/\/ferrocanor.com\/es\/wp-json\/wp\/v2\/pages\/317"}],"wp:attachment":[{"href":"https:\/\/ferrocanor.com\/es\/wp-json\/wp\/v2\/media?parent=890"}],"curies":[{"name":"wp","href":"https:\/\/api.w.org\/{rel}","templated":true}]}}